{"id":32,"date":"2023-11-07T07:41:00","date_gmt":"2023-11-07T06:41:00","guid":{"rendered":"https:\/\/www.falkenair.com\/?page_id=32"},"modified":"2026-02-01T05:53:44","modified_gmt":"2026-02-01T04:53:44","slug":"piloten-team","status":"publish","type":"page","link":"https:\/\/www.falkenair.com\/en\/pilots-team\/","title":{"rendered":"Team"},"content":{"rendered":"<div data-elementor-type=\"wp-page\" data-elementor-id=\"32\" class=\"elementor elementor-32\" data-elementor-post-type=\"page\">\n\t\t\t\t<div class=\"elementor-element elementor-element-8c97858 e-con-full e-flex e-con e-parent\" data-id=\"8c97858\" data-element_type=\"container\" data-settings=\"{&quot;background_background&quot;:&quot;classic&quot;}\">\n\t\t\t\t<div class=\"elementor-element elementor-element-3f5da8a2 elementor-align-center elementor-widget elementor-widget-breadcrumbs\" data-id=\"3f5da8a2\" data-element_type=\"widget\" data-widget_type=\"breadcrumbs.default\">\n\t\t\t\t\t<p id=\"breadcrumbs\"><span><span><a href=\"https:\/\/www.falkenair.com\/en\/\">Falken Air<\/a><\/span><\/span><\/p>\t\t\t\t<\/div>\n\t\t\t\t<\/div>\n\t\t<div class=\"elementor-element elementor-element-18f5a01 e-flex e-con-boxed e-con e-parent\" data-id=\"18f5a01\" data-element_type=\"container\">\n\t\t\t\t\t<div class=\"e-con-inner\">\n\t\t<div class=\"elementor-element elementor-element-b396d93 e-con-full e-flex e-con e-child\" data-id=\"b396d93\" data-element_type=\"container\">\n\t\t\t\t<div class=\"elementor-element elementor-element-a3cf7c7 elementor-widget elementor-widget-heading\" data-id=\"a3cf7c7\" data-element_type=\"widget\" data-widget_type=\"heading.default\">\n\t\t\t\t\t<h1 class=\"elementor-heading-title elementor-size-default\">tandem paragliding pilots<\/h1>\t\t\t\t<\/div>\n\t\t\t\t<div class=\"elementor-element elementor-element-64f0e89 elementor-widget elementor-widget-heading\" data-id=\"64f0e89\" data-element_type=\"widget\" data-widget_type=\"heading.default\">\n\t\t\t\t\t<h2 class=\"elementor-heading-title elementor-size-default\">Paragliding with professionals!<\/h2>\t\t\t\t<\/div>\n\t\t\t\t<\/div>\n\t\t<div class=\"elementor-element elementor-element-da0bf14 e-con-full e-flex e-con e-child\" data-id=\"da0bf14\" data-element_type=\"container\">\n\t\t\t\t<div class=\"elementor-element elementor-element-bc84d7d elementor-widget elementor-widget-text-editor\" data-id=\"bc84d7d\" data-element_type=\"widget\" data-widget_type=\"text-editor.default\">\n\t\t\t\t\t\t\t\t\t<p>Falken Air consists of self-employed pilots who love to share their passion for flying with their guests.<\/p><p>A highly professional and friendly team of tested and <strong>certified tandem professionals and flight instructors<\/strong> make your flight a perfect experience.<\/p><p>We take our time for you, and your safety and trust in us are our top priority!<\/p><p>All our pilots have turned their passion into their profession. Each pilot not only has years of experience in various flying disciplines and with tandem paragliding, but each one also flies almost daily in their free time.<\/p>\t\t\t\t\t\t\t\t<\/div>\n\t\t\t\t<\/div>\n\t\t\t\t\t<\/div>\n\t\t\t\t<\/div>\n\t\t<div class=\"elementor-element elementor-element-165045a image-text e-flex e-con-boxed e-con e-parent\" data-id=\"165045a\" data-element_type=\"container\" data-settings=\"{&quot;background_background&quot;:&quot;classic&quot;}\">\n\t\t\t\t\t<div class=\"e-con-inner\">\n\t\t<div class=\"elementor-element elementor-element-9163a3a e-con-full e-flex e-con e-child\" data-id=\"9163a3a\" data-element_type=\"container\" data-settings=\"{&quot;motion_fx_motion_fx_scrolling&quot;:&quot;yes&quot;,&quot;background_background&quot;:&quot;classic&quot;,&quot;motion_fx_translateY_effect&quot;:&quot;yes&quot;,&quot;motion_fx_translateY_direction&quot;:&quot;negative&quot;,&quot;motion_fx_translateY_speed&quot;:{&quot;unit&quot;:&quot;px&quot;,&quot;size&quot;:1.5,&quot;sizes&quot;:[]},&quot;motion_fx_translateY_affectedRange&quot;:{&quot;unit&quot;:&quot;%&quot;,&quot;size&quot;:&quot;&quot;,&quot;sizes&quot;:{&quot;start&quot;:0,&quot;end&quot;:100}},&quot;motion_fx_devices&quot;:[&quot;desktop&quot;,&quot;tablet&quot;,&quot;mobile&quot;]}\">\n\t\t\t\t<\/div>\n\t\t<div class=\"elementor-element elementor-element-c681db5 e-con-full e-flex e-con e-child\" data-id=\"c681db5\" data-element_type=\"container\">\n\t\t\t\t<div class=\"elementor-element elementor-element-bed5cf3 elementor-widget elementor-widget-heading\" data-id=\"bed5cf3\" data-element_type=\"widget\" data-widget_type=\"heading.default\">\n\t\t\t\t\t<h2 class=\"elementor-heading-title elementor-size-default\">We&#039;ll get you safely to the valley!<\/h2>\t\t\t\t<\/div>\n\t\t\t\t<div class=\"elementor-element elementor-element-3dcc9b4 elementor-widget elementor-widget-text-editor\" data-id=\"3dcc9b4\" data-element_type=\"widget\" data-widget_type=\"text-editor.default\">\n\t\t\t\t\t\t\t\t\t<p>We glide safely with you from the Schmittenh\u00f6he and other mountain peaks down to the valley! You will discover popular ones <a href=\"https:\/\/tandem-paragliding-zellamsee.com\/sehenswuerdigkeiten-zell-am-see\/\" target=\"_blank\" rel=\"noopener\">sights &amp; attractions <\/a>of Zell am See and other regions from a bird&#039;s eye view.<\/p><p>Would you like to find out more about Falken Air? Then take a look at what it is <a href=\"https:\/\/www.zellamsee-kaprun.com\/de\/live\/blog\/da-liegt-dir-zell-am-see-kaprun-zu-fuessen_b-3171494\" target=\"_blank\" rel=\"noopener\">Zell am See-Kaprun Tourism Association <\/a>write about us like this...<\/p>\t\t\t\t\t\t\t\t<\/div>\n\t\t\t\t<\/div>\n\t\t\t\t\t<\/div>\n\t\t\t\t<\/div>\n\t\t<div class=\"elementor-element elementor-element-5be1bab5 text-image e-flex e-con-boxed e-con e-parent\" data-id=\"5be1bab5\" data-element_type=\"container\" data-settings=\"{&quot;background_background&quot;:&quot;classic&quot;}\">\n\t\t\t\t\t<div class=\"e-con-inner\">\n\t\t<div class=\"elementor-element elementor-element-24ffbe3a e-con-full e-flex e-con e-child\" data-id=\"24ffbe3a\" data-element_type=\"container\">\n\t\t\t\t<div class=\"elementor-element elementor-element-aa7bf68 elementor-widget elementor-widget-heading\" data-id=\"aa7bf68\" data-element_type=\"widget\" data-widget_type=\"heading.default\">\n\t\t\t\t\t<h3 class=\"elementor-heading-title elementor-size-default\">how it all began...<\/h3>\t\t\t\t<\/div>\n\t\t\t\t<div class=\"elementor-element elementor-element-7d44fee elementor-widget elementor-widget-heading\" data-id=\"7d44fee\" data-element_type=\"widget\" data-widget_type=\"heading.default\">\n\t\t\t\t\t<h2 class=\"elementor-heading-title elementor-size-default\">About Us<\/h2>\t\t\t\t<\/div>\n\t\t\t\t<div class=\"elementor-element elementor-element-6f4a1ce6 elementor-widget elementor-widget-text-editor\" data-id=\"6f4a1ce6\" data-element_type=\"widget\" data-widget_type=\"text-editor.default\">\n\t\t\t\t\t\t\t\t\t<p>Sepp started paragliding 23 years ago. His interest in flying actually began when he was a small child, as his father&#039;s &quot;co-pilot&quot; on countless flights in a propeller plane from Zell am See airfield. Sometimes he even missed school the next day because the planned flight took longer than expected, including an overnight stay. It quickly became clear that flying would be a lifelong passion.<\/p><p>At the age of 17, he began his own career: first solo on countless cross-country flights, acrobatic maneuvers, speed rides and more, and after a few years he was already flying tandems with many friends and relatives. During his studies, he also flew with numerous guests in Tyrol and Salzburg for many tandem companies.<\/p><p>When he took over his family business, &quot;Das Falkenstein \u2013 The Flying Hotel,&quot; in 2015, Falken Air was also founded. Since then, hundreds of regular guests, friends, and visitors from all over the world have flown with him and other pilots. Here&#039;s another one. <a href=\"https:\/\/www.falkenair.com\/wp-content\/uploads\/2024\/04\/platzhirsch-artikel-2024-nindl-paragleiten.pdf\" target=\"_blank\" rel=\"noopener\">Article from the top dog.<\/a><\/p>\t\t\t\t\t\t\t\t<\/div>\n\t\t\t\t<\/div>\n\t\t<div class=\"elementor-element elementor-element-3f42aec3 e-con-full e-flex e-con e-child\" data-id=\"3f42aec3\" data-element_type=\"container\" data-settings=\"{&quot;motion_fx_motion_fx_scrolling&quot;:&quot;yes&quot;,&quot;motion_fx_translateX_effect&quot;:&quot;yes&quot;,&quot;motion_fx_translateX_speed&quot;:{&quot;unit&quot;:&quot;px&quot;,&quot;size&quot;:1.1,&quot;sizes&quot;:[]},&quot;motion_fx_translateX_affectedRange&quot;:{&quot;unit&quot;:&quot;%&quot;,&quot;size&quot;:&quot;&quot;,&quot;sizes&quot;:{&quot;start&quot;:0,&quot;end&quot;:50}},&quot;motion_fx_devices&quot;:[&quot;desktop&quot;,&quot;tablet&quot;,&quot;mobile&quot;]}\">\n\t\t\t\t<div class=\"elementor-element elementor-element-4ccb0d02 elementor-widget elementor-widget-image\" data-id=\"4ccb0d02\" data-element_type=\"widget\" data-widget_type=\"image.default\">\n\t\t\t\t\t\t\t\t\t\t\t\t\t\t\t<img fetchpriority=\"high\" decoding=\"async\" width=\"800\" height=\"600\" src=\"https:\/\/www.falkenair.com\/wp-content\/uploads\/2023\/11\/paragliding-zellamsee-winter-falkenair-1024x768.webp\" class=\"attachment-large size-large wp-image-72\" alt=\"Tandem paragliding Zell am See in winter with snow\" srcset=\"https:\/\/www.falkenair.com\/wp-content\/uploads\/2023\/11\/paragliding-zellamsee-winter-falkenair-1024x768.webp 1024w, https:\/\/www.falkenair.com\/wp-content\/uploads\/2023\/11\/paragliding-zellamsee-winter-falkenair-300x225.webp 300w, https:\/\/www.falkenair.com\/wp-content\/uploads\/2023\/11\/paragliding-zellamsee-winter-falkenair-768x576.webp 768w, https:\/\/www.falkenair.com\/wp-content\/uploads\/2023\/11\/paragliding-zellamsee-winter-falkenair-1536x1152.webp 1536w, https:\/\/www.falkenair.com\/wp-content\/uploads\/2023\/11\/paragliding-zellamsee-winter-falkenair.webp 2048w\" sizes=\"(max-width: 800px) 100vw, 800px\" \/>\t\t\t\t\t\t\t\t\t\t\t\t\t\t\t<\/div>\n\t\t\t\t<\/div>\n\t\t\t\t\t<\/div>\n\t\t\t\t<\/div>\n\t\t<div class=\"elementor-element elementor-element-478109e image-text e-flex e-con-boxed e-con e-parent\" data-id=\"478109e\" data-element_type=\"container\" data-settings=\"{&quot;background_background&quot;:&quot;classic&quot;}\">\n\t\t\t\t\t<div class=\"e-con-inner\">\n\t\t<div class=\"elementor-element elementor-element-773bb74 e-con-full e-flex e-con e-child\" data-id=\"773bb74\" data-element_type=\"container\">\n\t\t\t\t<div class=\"elementor-element elementor-element-42bc444 elementor-widget elementor-widget-heading\" data-id=\"42bc444\" data-element_type=\"widget\" data-widget_type=\"heading.default\">\n\t\t\t\t\t<h2 class=\"elementor-heading-title elementor-size-default\">Sepp<\/h2>\t\t\t\t<\/div>\n\t\t\t\t<div class=\"elementor-element elementor-element-2e8be1f elementor-widget elementor-widget-text-editor\" data-id=\"2e8be1f\" data-element_type=\"widget\" data-widget_type=\"text-editor.default\">\n\t\t\t\t\t\t\t\t\t<p><strong>\u201cMan has dreamed of flying like a bird (or falcon ;)) for centuries. We would like to show you exactly this fascinating feeling for a few moments!\u201d<\/strong><\/p><p>Even outside of professional tandem flying, flying has been a part of Sepp&#039;s life for over 20 years: attempting new cross-country flight records in Brazil and the Alps, learning new aerobatic maneuvers (acrobatics) or climbing mountains and then flying from the highest peaks of the Alps.<\/p><p>In combination with skydiving and base jumping, he continuously trains his flying and free-fall skills. Even after the tandem flights, the motivation often doesn&#039;t stop and people still train diligently and fly with friends. Here are a few experiences:<\/p><ul><li>Large cross-country flights in the Alps (FAI triangles):<\/li><\/ul><ol><li>Stoderzinken with 285 km \u2013 personal record<\/li><li>Zillertal with 276 km<\/li><li>Antholz with 246 km<\/li><\/ol><ul><li>Numerous Alpine crossings with paragliders<\/li><li>Large cross-country flights <a href=\"https:\/\/www.instagram.com\/p\/CHXOQpEDgON\/?igshid=YmMyMTA2M2Y=\" target=\"_blank\" rel=\"noopener\">Brazil<\/a> (Personal Best: 441 and 425 km)<\/li><li><a href=\"https:\/\/www.instagram.com\/p\/BvPK-tQF3K2\/?igshid=YmMyMTA2M2Y=\" target=\"_blank\" rel=\"noopener\">Hike &amp; Fly<\/a> from the highest peaks of our Alps (Gro\u00dfglockner, Gro\u00dfes Wiesbachhorn, Hocheiser, Gro\u00dfvenediger, Kitzsteinhorn summit, Ortler, and much more.)<\/li><li><a href=\"https:\/\/www.instagram.com\/p\/CVGmPkRvaz3\/?igshid=YmMyMTA2M2Y=\" target=\"_blank\" rel=\"noopener\">adventure<\/a> and travel with the paraglider in South America, Australia, India, Nepal, Iceland, South Africa, Norway, ...<\/li><li><a href=\"https:\/\/www.instagram.com\/p\/CM9NSAdn1nf\/?igshid=YmMyMTA2M2Y=\" target=\"_blank\" rel=\"noopener\">Acrobatic flights<\/a> and constant training of new aerobatic maneuvers (Cork, Misty, McTwist, Helico, Infinity Tumbling)<\/li><li>Trained professional\u00a0<a href=\"https:\/\/www.instagram.com\/p\/BtoPP5nlG0c\/?igshid=YmMyMTA2M2Y=\" target=\"_blank\" rel=\"noopener\">photographer<\/a>, parachutist, <a href=\"https:\/\/www.instagram.com\/p\/CGzG19AD29U\/?igshid=YmMyMTA2M2Y=\" target=\"_blank\" rel=\"noopener\">Motor gliders<\/a> and <a href=\"https:\/\/www.instagram.com\/p\/Chw--qIj9kn\/?igshid=YmMyMTA2M2Y=\" target=\"_blank\" rel=\"noopener\">BASE jumper<\/a><\/li><\/ul>\t\t\t\t\t\t\t\t<\/div>\n\t\t\t\t<\/div>\n\t\t<div class=\"elementor-element elementor-element-0e9f0be e-con-full e-flex e-con e-child\" data-id=\"0e9f0be\" data-element_type=\"container\" data-settings=\"{&quot;motion_fx_motion_fx_scrolling&quot;:&quot;yes&quot;,&quot;motion_fx_translateX_speed&quot;:{&quot;unit&quot;:&quot;px&quot;,&quot;size&quot;:1.1,&quot;sizes&quot;:[]},&quot;motion_fx_translateX_affectedRange&quot;:{&quot;unit&quot;:&quot;%&quot;,&quot;size&quot;:&quot;&quot;,&quot;sizes&quot;:{&quot;start&quot;:0,&quot;end&quot;:50}},&quot;motion_fx_translateX_effect&quot;:&quot;yes&quot;,&quot;motion_fx_devices&quot;:[&quot;desktop&quot;,&quot;tablet&quot;,&quot;mobile&quot;]}\">\n\t\t\t\t<div class=\"elementor-element elementor-element-e037cc3 elementor-widget elementor-widget-image\" data-id=\"e037cc3\" data-element_type=\"widget\" data-widget_type=\"image.default\">\n\t\t\t\t\t\t\t\t\t\t\t\t\t\t\t<img decoding=\"async\" width=\"800\" height=\"800\" src=\"https:\/\/www.falkenair.com\/wp-content\/uploads\/2024\/09\/52207553879_6a90b8d158_o-1024x1024.jpg\" class=\"attachment-large size-large wp-image-6260\" alt=\"\" srcset=\"https:\/\/www.falkenair.com\/wp-content\/uploads\/2024\/09\/52207553879_6a90b8d158_o-1024x1024.jpg 1024w, https:\/\/www.falkenair.com\/wp-content\/uploads\/2024\/09\/52207553879_6a90b8d158_o-300x300.jpg 300w, https:\/\/www.falkenair.com\/wp-content\/uploads\/2024\/09\/52207553879_6a90b8d158_o-150x150.jpg 150w, https:\/\/www.falkenair.com\/wp-content\/uploads\/2024\/09\/52207553879_6a90b8d158_o-768x768.jpg 768w, https:\/\/www.falkenair.com\/wp-content\/uploads\/2024\/09\/52207553879_6a90b8d158_o-1536x1536.jpg 1536w, https:\/\/www.falkenair.com\/wp-content\/uploads\/2024\/09\/52207553879_6a90b8d158_o.jpg 2048w, https:\/\/www.falkenair.com\/wp-content\/uploads\/2024\/09\/52207553879_6a90b8d158_o-12x12.jpg 12w\" sizes=\"(max-width: 800px) 100vw, 800px\" \/>\t\t\t\t\t\t\t\t\t\t\t\t\t\t\t<\/div>\n\t\t\t\t<\/div>\n\t\t\t\t\t<\/div>\n\t\t\t\t<\/div>\n\t\t<div class=\"elementor-element elementor-element-c9b982f text-image e-flex e-con-boxed e-con e-parent\" data-id=\"c9b982f\" data-element_type=\"container\" data-settings=\"{&quot;background_background&quot;:&quot;classic&quot;}\">\n\t\t\t\t\t<div class=\"e-con-inner\">\n\t\t<div class=\"elementor-element elementor-element-f534f68 e-con-full e-flex e-con e-child\" data-id=\"f534f68\" data-element_type=\"container\">\n\t\t\t\t<div class=\"elementor-element elementor-element-74a4a56 elementor-widget elementor-widget-heading\" data-id=\"74a4a56\" data-element_type=\"widget\" data-widget_type=\"heading.default\">\n\t\t\t\t\t<h2 class=\"elementor-heading-title elementor-size-default\">Tom<\/h2>\t\t\t\t<\/div>\n\t\t\t\t<div class=\"elementor-element elementor-element-474f52b elementor-widget elementor-widget-text-editor\" data-id=\"474f52b\" data-element_type=\"widget\" data-widget_type=\"text-editor.default\">\n\t\t\t\t\t\t\t\t\t<section class=\"av_textblock_section\"><div class=\"avia_textblock\"><p>Short and sweet: \u201cI fly because I want to be free\u2026 and tandem because I want people to be happy\u2026\u201d<\/p><p>(That means: I fly because I want to be free \u2013 and tandem because I want to make people happy :)) \u2013 and our free spirit Tom always ensures a great mood!<\/p><\/div><\/section>\t\t\t\t\t\t\t\t<\/div>\n\t\t\t\t<\/div>\n\t\t<div class=\"elementor-element elementor-element-07c17a6 e-con-full e-flex e-con e-child\" data-id=\"07c17a6\" data-element_type=\"container\" data-settings=\"{&quot;motion_fx_motion_fx_scrolling&quot;:&quot;yes&quot;,&quot;motion_fx_translateX_effect&quot;:&quot;yes&quot;,&quot;motion_fx_translateX_speed&quot;:{&quot;unit&quot;:&quot;px&quot;,&quot;size&quot;:1.1,&quot;sizes&quot;:[]},&quot;motion_fx_translateX_affectedRange&quot;:{&quot;unit&quot;:&quot;%&quot;,&quot;size&quot;:&quot;&quot;,&quot;sizes&quot;:{&quot;start&quot;:0,&quot;end&quot;:50}},&quot;motion_fx_devices&quot;:[&quot;desktop&quot;,&quot;tablet&quot;,&quot;mobile&quot;]}\">\n\t\t\t\t<div class=\"elementor-element elementor-element-1e5ccb2 elementor-widget elementor-widget-image\" data-id=\"1e5ccb2\" data-element_type=\"widget\" data-widget_type=\"image.default\">\n\t\t\t\t\t\t\t\t\t\t\t\t\t\t\t<img decoding=\"async\" width=\"768\" height=\"1024\" src=\"https:\/\/www.falkenair.com\/wp-content\/uploads\/2023\/12\/53403853070_3146125a81_o.jpg\" class=\"attachment-large size-large wp-image-623\" alt=\"Tom Seeber tandem pilot\" srcset=\"https:\/\/www.falkenair.com\/wp-content\/uploads\/2023\/12\/53403853070_3146125a81_o.jpg 768w, https:\/\/www.falkenair.com\/wp-content\/uploads\/2023\/12\/53403853070_3146125a81_o-225x300.jpg 225w\" sizes=\"(max-width: 768px) 100vw, 768px\" \/>\t\t\t\t\t\t\t\t\t\t\t\t\t\t\t<\/div>\n\t\t\t\t<\/div>\n\t\t\t\t\t<\/div>\n\t\t\t\t<\/div>\n\t\t<div class=\"elementor-element elementor-element-1346953 image-text e-flex e-con-boxed e-con e-parent\" data-id=\"1346953\" data-element_type=\"container\" data-settings=\"{&quot;background_background&quot;:&quot;classic&quot;}\">\n\t\t\t\t\t<div class=\"e-con-inner\">\n\t\t<div class=\"elementor-element elementor-element-53a71fc e-con-full e-flex e-con e-child\" data-id=\"53a71fc\" data-element_type=\"container\" data-settings=\"{&quot;motion_fx_motion_fx_scrolling&quot;:&quot;yes&quot;,&quot;motion_fx_translateX_effect&quot;:&quot;yes&quot;,&quot;motion_fx_translateX_speed&quot;:{&quot;unit&quot;:&quot;px&quot;,&quot;size&quot;:1.1,&quot;sizes&quot;:[]},&quot;motion_fx_translateX_affectedRange&quot;:{&quot;unit&quot;:&quot;%&quot;,&quot;size&quot;:&quot;&quot;,&quot;sizes&quot;:{&quot;start&quot;:0,&quot;end&quot;:50}},&quot;motion_fx_translateX_direction&quot;:&quot;negative&quot;,&quot;motion_fx_devices&quot;:[&quot;desktop&quot;,&quot;tablet&quot;,&quot;mobile&quot;]}\">\n\t\t\t\t<div class=\"elementor-element elementor-element-9fca75e elementor-widget elementor-widget-image\" data-id=\"9fca75e\" data-element_type=\"widget\" data-widget_type=\"image.default\">\n\t\t\t\t\t\t\t\t\t\t\t\t\t\t\t<img loading=\"lazy\" decoding=\"async\" width=\"800\" height=\"700\" src=\"https:\/\/www.falkenair.com\/wp-content\/uploads\/2024\/04\/g0010808-1024x896.jpg\" class=\"attachment-large size-large wp-image-5084\" alt=\"Klemens tandem pilot\" srcset=\"https:\/\/www.falkenair.com\/wp-content\/uploads\/2024\/04\/g0010808-1024x896.jpg 1024w, https:\/\/www.falkenair.com\/wp-content\/uploads\/2024\/04\/g0010808-300x263.jpg 300w, https:\/\/www.falkenair.com\/wp-content\/uploads\/2024\/04\/g0010808-768x672.jpg 768w, https:\/\/www.falkenair.com\/wp-content\/uploads\/2024\/04\/g0010808-1536x1344.jpg 1536w, https:\/\/www.falkenair.com\/wp-content\/uploads\/2024\/04\/g0010808-scaled.jpg 2048w, https:\/\/www.falkenair.com\/wp-content\/uploads\/2024\/04\/g0010808-14x12.jpg 14w\" sizes=\"(max-width: 800px) 100vw, 800px\" \/>\t\t\t\t\t\t\t\t\t\t\t\t\t\t\t<\/div>\n\t\t\t\t<\/div>\n\t\t\t\t<div class=\"elementor-element elementor-element-cdd0e39 elementor-widget elementor-widget-menu-anchor\" data-id=\"cdd0e39\" data-element_type=\"widget\" data-widget_type=\"menu-anchor.default\">\n\t\t\t\t\t\t\t<div class=\"elementor-menu-anchor\" id=\"christina\"><\/div>\n\t\t\t\t\t\t<\/div>\n\t\t<div class=\"elementor-element elementor-element-69ae3ef e-con-full e-flex e-con e-child\" data-id=\"69ae3ef\" data-element_type=\"container\">\n\t\t\t\t<div class=\"elementor-element elementor-element-c0b872d elementor-widget elementor-widget-heading\" data-id=\"c0b872d\" data-element_type=\"widget\" data-widget_type=\"heading.default\">\n\t\t\t\t\t<h2 class=\"elementor-heading-title elementor-size-default\">Clement<\/h2>\t\t\t\t<\/div>\n\t\t\t\t<div class=\"elementor-element elementor-element-db7d821 elementor-widget elementor-widget-text-editor\" data-id=\"db7d821\" data-element_type=\"widget\" data-widget_type=\"text-editor.default\">\n\t\t\t\t\t\t\t\t\t<section class=\"av_textblock_section\"><div class=\"avia_textblock\"><p>Born in Graz and raised in the city, Klemens has now dedicated his life to nature and the mountains.\u00a0<\/p><p>Whether in winter as a snowboard guide in St. Anton am Arlberg or in summer as a paraglider pilot in Pinzgau, he loves spending his time outdoors in nature.<\/p><p>&quot;I&#039;m lucky to have turned my hobbies into my career. Of course, it&#039;s even better when I can share these moments of happiness with other people!&quot;<\/p><\/div><\/section>\t\t\t\t\t\t\t\t<\/div>\n\t\t\t\t<\/div>\n\t\t\t\t\t<\/div>\n\t\t\t\t<\/div>\n\t\t<div class=\"elementor-element elementor-element-75489b6 text-image e-flex e-con-boxed e-con e-parent\" data-id=\"75489b6\" data-element_type=\"container\" data-settings=\"{&quot;background_background&quot;:&quot;classic&quot;}\">\n\t\t\t\t\t<div class=\"e-con-inner\">\n\t\t<div class=\"elementor-element elementor-element-a339e0b e-con-full e-flex e-con e-child\" data-id=\"a339e0b\" data-element_type=\"container\">\n\t\t\t\t<div class=\"elementor-element elementor-element-b42536c elementor-widget elementor-widget-heading\" data-id=\"b42536c\" data-element_type=\"widget\" data-widget_type=\"heading.default\">\n\t\t\t\t\t<h2 class=\"elementor-heading-title elementor-size-default\">Harald<\/h2>\t\t\t\t<\/div>\n\t\t\t\t<\/div>\n\t\t<div class=\"elementor-element elementor-element-6ad498e e-con-full e-flex e-con e-child\" data-id=\"6ad498e\" data-element_type=\"container\" data-settings=\"{&quot;motion_fx_motion_fx_scrolling&quot;:&quot;yes&quot;,&quot;motion_fx_translateX_effect&quot;:&quot;yes&quot;,&quot;motion_fx_translateX_speed&quot;:{&quot;unit&quot;:&quot;px&quot;,&quot;size&quot;:1.1,&quot;sizes&quot;:[]},&quot;motion_fx_translateX_affectedRange&quot;:{&quot;unit&quot;:&quot;%&quot;,&quot;size&quot;:&quot;&quot;,&quot;sizes&quot;:{&quot;start&quot;:0,&quot;end&quot;:50}},&quot;motion_fx_devices&quot;:[&quot;desktop&quot;,&quot;tablet&quot;,&quot;mobile&quot;]}\">\n\t\t\t\t<div class=\"elementor-element elementor-element-71de496 elementor-widget elementor-widget-image\" data-id=\"71de496\" data-element_type=\"widget\" data-widget_type=\"image.default\">\n\t\t\t\t\t\t\t\t\t\t\t\t\t\t\t<img loading=\"lazy\" decoding=\"async\" width=\"800\" height=\"600\" src=\"https:\/\/www.falkenair.com\/wp-content\/uploads\/2024\/03\/superior-2-1024x768.jpg\" class=\"attachment-large size-large wp-image-4785\" alt=\"Flying in the \u00d6tztal\" srcset=\"https:\/\/www.falkenair.com\/wp-content\/uploads\/2024\/03\/superior-2-1024x768.jpg 1024w, https:\/\/www.falkenair.com\/wp-content\/uploads\/2024\/03\/superior-2-300x225.jpg 300w, https:\/\/www.falkenair.com\/wp-content\/uploads\/2024\/03\/superior-2-768x576.jpg 768w, https:\/\/www.falkenair.com\/wp-content\/uploads\/2024\/03\/superior-2-1536x1152.jpg 1536w, https:\/\/www.falkenair.com\/wp-content\/uploads\/2024\/03\/superior-2-scaled.jpg 2048w, https:\/\/www.falkenair.com\/wp-content\/uploads\/2024\/03\/superior-2-16x12.jpg 16w\" sizes=\"(max-width: 800px) 100vw, 800px\" \/>\t\t\t\t\t\t\t\t\t\t\t\t\t\t\t<\/div>\n\t\t\t\t<\/div>\n\t\t\t\t\t<\/div>\n\t\t\t\t<\/div>\n\t\t<div class=\"elementor-element elementor-element-b28460d image-text e-flex e-con-boxed e-con e-parent\" data-id=\"b28460d\" data-element_type=\"container\" data-settings=\"{&quot;background_background&quot;:&quot;classic&quot;}\">\n\t\t\t\t\t<div class=\"e-con-inner\">\n\t\t<div class=\"elementor-element elementor-element-f8a2c2a e-con-full e-flex e-con e-child\" data-id=\"f8a2c2a\" data-element_type=\"container\" data-settings=\"{&quot;motion_fx_motion_fx_scrolling&quot;:&quot;yes&quot;,&quot;motion_fx_translateX_effect&quot;:&quot;yes&quot;,&quot;motion_fx_translateX_speed&quot;:{&quot;unit&quot;:&quot;px&quot;,&quot;size&quot;:1.1,&quot;sizes&quot;:[]},&quot;motion_fx_translateX_affectedRange&quot;:{&quot;unit&quot;:&quot;%&quot;,&quot;size&quot;:&quot;&quot;,&quot;sizes&quot;:{&quot;start&quot;:0,&quot;end&quot;:50}},&quot;motion_fx_translateX_direction&quot;:&quot;negative&quot;,&quot;motion_fx_devices&quot;:[&quot;desktop&quot;,&quot;tablet&quot;,&quot;mobile&quot;]}\">\n\t\t\t\t<div class=\"elementor-element elementor-element-a10f31d elementor-widget elementor-widget-image\" data-id=\"a10f31d\" data-element_type=\"widget\" data-widget_type=\"image.default\">\n\t\t\t\t\t\t\t\t\t\t\t\t\t\t\t<img loading=\"lazy\" decoding=\"async\" width=\"800\" height=\"600\" src=\"https:\/\/www.falkenair.com\/wp-content\/uploads\/2024\/09\/53277847043_72fa025705_o-scaled-1-1024x768.jpg\" class=\"attachment-large size-large wp-image-6252\" alt=\"\" srcset=\"https:\/\/www.falkenair.com\/wp-content\/uploads\/2024\/09\/53277847043_72fa025705_o-scaled-1-1024x768.jpg 1024w, https:\/\/www.falkenair.com\/wp-content\/uploads\/2024\/09\/53277847043_72fa025705_o-scaled-1-300x225.jpg 300w, https:\/\/www.falkenair.com\/wp-content\/uploads\/2024\/09\/53277847043_72fa025705_o-scaled-1-768x576.jpg 768w, https:\/\/www.falkenair.com\/wp-content\/uploads\/2024\/09\/53277847043_72fa025705_o-scaled-1-1536x1152.jpg 1536w, https:\/\/www.falkenair.com\/wp-content\/uploads\/2024\/09\/53277847043_72fa025705_o-scaled-1.jpg 2048w, https:\/\/www.falkenair.com\/wp-content\/uploads\/2024\/09\/53277847043_72fa025705_o-scaled-1-16x12.jpg 16w\" sizes=\"(max-width: 800px) 100vw, 800px\" \/>\t\t\t\t\t\t\t\t\t\t\t\t\t\t\t<\/div>\n\t\t\t\t<\/div>\n\t\t\t\t<div class=\"elementor-element elementor-element-c213c93 elementor-widget elementor-widget-menu-anchor\" data-id=\"c213c93\" data-element_type=\"widget\" data-widget_type=\"menu-anchor.default\">\n\t\t\t\t\t\t\t<div class=\"elementor-menu-anchor\" id=\"christina\"><\/div>\n\t\t\t\t\t\t<\/div>\n\t\t<div class=\"elementor-element elementor-element-bd4bc7b e-con-full e-flex e-con e-child\" data-id=\"bd4bc7b\" data-element_type=\"container\">\n\t\t\t\t<div class=\"elementor-element elementor-element-b89fd38 elementor-widget elementor-widget-heading\" data-id=\"b89fd38\" data-element_type=\"widget\" data-widget_type=\"heading.default\">\n\t\t\t\t\t<h2 class=\"elementor-heading-title elementor-size-default\">Julia<\/h2>\t\t\t\t<\/div>\n\t\t\t\t<\/div>\n\t\t\t\t\t<\/div>\n\t\t\t\t<\/div>\n\t\t<div class=\"elementor-element elementor-element-427102b text-image e-flex e-con-boxed e-con e-parent\" data-id=\"427102b\" data-element_type=\"container\" data-settings=\"{&quot;background_background&quot;:&quot;classic&quot;}\">\n\t\t\t\t\t<div class=\"e-con-inner\">\n\t\t<div class=\"elementor-element elementor-element-34937b7 e-con-full e-flex e-con e-child\" data-id=\"34937b7\" data-element_type=\"container\">\n\t\t\t\t<div class=\"elementor-element elementor-element-0bfa863 elementor-widget elementor-widget-heading\" data-id=\"0bfa863\" data-element_type=\"widget\" data-widget_type=\"heading.default\">\n\t\t\t\t\t<h2 class=\"elementor-heading-title elementor-size-default\">Lorenz<\/h2>\t\t\t\t<\/div>\n\t\t\t\t<\/div>\n\t\t<div class=\"elementor-element elementor-element-a7ff2a6 e-con-full e-flex e-con e-child\" data-id=\"a7ff2a6\" data-element_type=\"container\" data-settings=\"{&quot;motion_fx_motion_fx_scrolling&quot;:&quot;yes&quot;,&quot;motion_fx_translateX_effect&quot;:&quot;yes&quot;,&quot;motion_fx_translateX_speed&quot;:{&quot;unit&quot;:&quot;px&quot;,&quot;size&quot;:1.1,&quot;sizes&quot;:[]},&quot;motion_fx_translateX_affectedRange&quot;:{&quot;unit&quot;:&quot;%&quot;,&quot;size&quot;:&quot;&quot;,&quot;sizes&quot;:{&quot;start&quot;:0,&quot;end&quot;:50}},&quot;motion_fx_devices&quot;:[&quot;desktop&quot;,&quot;tablet&quot;,&quot;mobile&quot;]}\">\n\t\t\t\t<div class=\"elementor-element elementor-element-3645b2b elementor-widget elementor-widget-image\" data-id=\"3645b2b\" data-element_type=\"widget\" data-widget_type=\"image.default\">\n\t\t\t\t\t\t\t\t\t\t\t\t\t\t\t<img loading=\"lazy\" decoding=\"async\" width=\"800\" height=\"600\" src=\"https:\/\/www.falkenair.com\/wp-content\/uploads\/2025\/12\/gp__0124-1024x768.jpg\" class=\"attachment-large size-large wp-image-8714\" alt=\"Paragliding in the Stubai Valley with Lorenz\" srcset=\"https:\/\/www.falkenair.com\/wp-content\/uploads\/2025\/12\/gp__0124-1024x768.jpg 1024w, https:\/\/www.falkenair.com\/wp-content\/uploads\/2025\/12\/gp__0124-300x225.jpg 300w, https:\/\/www.falkenair.com\/wp-content\/uploads\/2025\/12\/gp__0124-768x576.jpg 768w, https:\/\/www.falkenair.com\/wp-content\/uploads\/2025\/12\/gp__0124-1536x1152.jpg 1536w, https:\/\/www.falkenair.com\/wp-content\/uploads\/2025\/12\/gp__0124-scaled.jpg 2048w, https:\/\/www.falkenair.com\/wp-content\/uploads\/2025\/12\/gp__0124-16x12.jpg 16w\" sizes=\"(max-width: 800px) 100vw, 800px\" \/>\t\t\t\t\t\t\t\t\t\t\t\t\t\t\t<\/div>\n\t\t\t\t<\/div>\n\t\t\t\t\t<\/div>\n\t\t\t\t<\/div>\n\t\t<div class=\"elementor-element elementor-element-da43874 image-text e-flex e-con-boxed e-con e-parent\" data-id=\"da43874\" data-element_type=\"container\" data-settings=\"{&quot;background_background&quot;:&quot;classic&quot;}\">\n\t\t\t\t\t<div class=\"e-con-inner\">\n\t\t<div class=\"elementor-element elementor-element-0582ec7 e-con-full e-flex e-con e-child\" data-id=\"0582ec7\" data-element_type=\"container\" data-settings=\"{&quot;motion_fx_motion_fx_scrolling&quot;:&quot;yes&quot;,&quot;motion_fx_translateX_effect&quot;:&quot;yes&quot;,&quot;motion_fx_translateX_speed&quot;:{&quot;unit&quot;:&quot;px&quot;,&quot;size&quot;:1.1,&quot;sizes&quot;:[]},&quot;motion_fx_translateX_affectedRange&quot;:{&quot;unit&quot;:&quot;%&quot;,&quot;size&quot;:&quot;&quot;,&quot;sizes&quot;:{&quot;start&quot;:0,&quot;end&quot;:50}},&quot;motion_fx_translateX_direction&quot;:&quot;negative&quot;,&quot;motion_fx_devices&quot;:[&quot;desktop&quot;,&quot;tablet&quot;,&quot;mobile&quot;]}\">\n\t\t\t\t<div class=\"elementor-element elementor-element-80ed785 elementor-widget elementor-widget-image\" data-id=\"80ed785\" data-element_type=\"widget\" data-widget_type=\"image.default\">\n\t\t\t\t\t\t\t\t\t\t\t\t\t\t\t<img loading=\"lazy\" decoding=\"async\" width=\"682\" height=\"1024\" src=\"https:\/\/www.falkenair.com\/wp-content\/uploads\/2023\/12\/53402493632_00fa88210f_o-e1720680879885-682x1024.jpg\" class=\"attachment-large size-large wp-image-618\" alt=\"Fabian a tandem pilot\" srcset=\"https:\/\/www.falkenair.com\/wp-content\/uploads\/2023\/12\/53402493632_00fa88210f_o-e1720680879885-682x1024.jpg 682w, https:\/\/www.falkenair.com\/wp-content\/uploads\/2023\/12\/53402493632_00fa88210f_o-e1720680879885-200x300.jpg 200w, https:\/\/www.falkenair.com\/wp-content\/uploads\/2023\/12\/53402493632_00fa88210f_o-e1720680879885-768x1154.jpg 768w, https:\/\/www.falkenair.com\/wp-content\/uploads\/2023\/12\/53402493632_00fa88210f_o-e1720680879885-1023x1536.jpg 1023w, https:\/\/www.falkenair.com\/wp-content\/uploads\/2023\/12\/53402493632_00fa88210f_o-e1720680879885-1363x2048.jpg 1363w, https:\/\/www.falkenair.com\/wp-content\/uploads\/2023\/12\/53402493632_00fa88210f_o-e1720680879885-400x600.jpg 400w, https:\/\/www.falkenair.com\/wp-content\/uploads\/2023\/12\/53402493632_00fa88210f_o-e1720680879885-8x12.jpg 8w, https:\/\/www.falkenair.com\/wp-content\/uploads\/2023\/12\/53402493632_00fa88210f_o-e1720680879885.jpg 1440w\" sizes=\"(max-width: 682px) 100vw, 682px\" \/>\t\t\t\t\t\t\t\t\t\t\t\t\t\t\t<\/div>\n\t\t\t\t<\/div>\n\t\t<div class=\"elementor-element elementor-element-456fe08 e-con-full e-flex e-con e-child\" data-id=\"456fe08\" data-element_type=\"container\">\n\t\t\t\t<div class=\"elementor-element elementor-element-0ba67bb elementor-widget elementor-widget-heading\" data-id=\"0ba67bb\" data-element_type=\"widget\" data-widget_type=\"heading.default\">\n\t\t\t\t\t<h2 class=\"elementor-heading-title elementor-size-default\">Fabian<\/h2>\t\t\t\t<\/div>\n\t\t\t\t<div class=\"elementor-element elementor-element-601f98b elementor-widget elementor-widget-text-editor\" data-id=\"601f98b\" data-element_type=\"widget\" data-widget_type=\"text-editor.default\">\n\t\t\t\t\t\t\t\t\t<section class=\"av_textblock_section\"><div class=\"avia_textblock\"><p>\u201cFlying in all its diversity is freedom and life!\u201d<\/p><p>Whether it&#039;s a tandem flight, a quick hike&amp;fly or long-distance flights - every free minute is spent in the air with Fabian. The Oberpinzgauer loves nature, the mountains and passing on the indescribable feeling of flying to his passengers.<\/p><ul><li>Flying since 2014<\/li><li>260km FAI triangle through the Pinzgau<\/li><li>Victory in the overall ranking in the 33-hour \u201con-board air race\u201d competition<\/li><li>Numerous flights from the highest mountains in Austria<\/li><\/ul><\/div><\/section>\t\t\t\t\t\t\t\t<\/div>\n\t\t\t\t<\/div>\n\t\t\t\t\t<\/div>\n\t\t\t\t<\/div>\n\t\t<div class=\"elementor-element elementor-element-b5abce9 text-image e-flex e-con-boxed e-con e-parent\" data-id=\"b5abce9\" data-element_type=\"container\" data-settings=\"{&quot;background_background&quot;:&quot;classic&quot;}\">\n\t\t\t\t\t<div class=\"e-con-inner\">\n\t\t<div class=\"elementor-element elementor-element-28d4f1b e-con-full e-flex e-con e-child\" data-id=\"28d4f1b\" data-element_type=\"container\">\n\t\t\t\t<div class=\"elementor-element elementor-element-23a04a8 elementor-widget elementor-widget-heading\" data-id=\"23a04a8\" data-element_type=\"widget\" data-widget_type=\"heading.default\">\n\t\t\t\t\t<h2 class=\"elementor-heading-title elementor-size-default\">Max<\/h2>\t\t\t\t<\/div>\n\t\t\t\t<\/div>\n\t\t<div class=\"elementor-element elementor-element-af6b545 e-con-full e-flex e-con e-child\" data-id=\"af6b545\" data-element_type=\"container\" data-settings=\"{&quot;motion_fx_motion_fx_scrolling&quot;:&quot;yes&quot;,&quot;motion_fx_translateX_effect&quot;:&quot;yes&quot;,&quot;motion_fx_translateX_speed&quot;:{&quot;unit&quot;:&quot;px&quot;,&quot;size&quot;:1.1,&quot;sizes&quot;:[]},&quot;motion_fx_translateX_affectedRange&quot;:{&quot;unit&quot;:&quot;%&quot;,&quot;size&quot;:&quot;&quot;,&quot;sizes&quot;:{&quot;start&quot;:0,&quot;end&quot;:50}},&quot;motion_fx_devices&quot;:[&quot;desktop&quot;,&quot;tablet&quot;,&quot;mobile&quot;]}\">\n\t\t\t\t<div class=\"elementor-element elementor-element-dd0012e elementor-widget elementor-widget-image\" data-id=\"dd0012e\" data-element_type=\"widget\" data-widget_type=\"image.default\">\n\t\t\t\t\t\t\t\t\t\t\t\t\t\t\t<img loading=\"lazy\" decoding=\"async\" width=\"800\" height=\"700\" src=\"https:\/\/www.falkenair.com\/wp-content\/uploads\/2024\/09\/53277561446_d24ccb7336_o-scaled-1-1024x896.jpg\" class=\"attachment-large size-large wp-image-6240\" alt=\"\" srcset=\"https:\/\/www.falkenair.com\/wp-content\/uploads\/2024\/09\/53277561446_d24ccb7336_o-scaled-1-1024x896.jpg 1024w, https:\/\/www.falkenair.com\/wp-content\/uploads\/2024\/09\/53277561446_d24ccb7336_o-scaled-1-300x263.jpg 300w, https:\/\/www.falkenair.com\/wp-content\/uploads\/2024\/09\/53277561446_d24ccb7336_o-scaled-1-768x672.jpg 768w, https:\/\/www.falkenair.com\/wp-content\/uploads\/2024\/09\/53277561446_d24ccb7336_o-scaled-1-1536x1344.jpg 1536w, https:\/\/www.falkenair.com\/wp-content\/uploads\/2024\/09\/53277561446_d24ccb7336_o-scaled-1.jpg 2048w, https:\/\/www.falkenair.com\/wp-content\/uploads\/2024\/09\/53277561446_d24ccb7336_o-scaled-1-14x12.jpg 14w\" sizes=\"(max-width: 800px) 100vw, 800px\" \/>\t\t\t\t\t\t\t\t\t\t\t\t\t\t\t<\/div>\n\t\t\t\t<\/div>\n\t\t\t\t\t<\/div>\n\t\t\t\t<\/div>\n\t\t<div class=\"elementor-element elementor-element-bc6417d image-text e-flex e-con-boxed e-con e-parent\" data-id=\"bc6417d\" data-element_type=\"container\" data-settings=\"{&quot;background_background&quot;:&quot;classic&quot;}\">\n\t\t\t\t\t<div class=\"e-con-inner\">\n\t\t<div class=\"elementor-element elementor-element-58e3b46 e-con-full e-flex e-con e-child\" data-id=\"58e3b46\" data-element_type=\"container\" data-settings=\"{&quot;motion_fx_motion_fx_scrolling&quot;:&quot;yes&quot;,&quot;motion_fx_translateX_effect&quot;:&quot;yes&quot;,&quot;motion_fx_translateX_speed&quot;:{&quot;unit&quot;:&quot;px&quot;,&quot;size&quot;:1.1,&quot;sizes&quot;:[]},&quot;motion_fx_translateX_affectedRange&quot;:{&quot;unit&quot;:&quot;%&quot;,&quot;size&quot;:&quot;&quot;,&quot;sizes&quot;:{&quot;start&quot;:0,&quot;end&quot;:50}},&quot;motion_fx_translateX_direction&quot;:&quot;negative&quot;,&quot;motion_fx_devices&quot;:[&quot;desktop&quot;,&quot;tablet&quot;,&quot;mobile&quot;]}\">\n\t\t\t\t<div class=\"elementor-element elementor-element-a9b81b1 elementor-widget elementor-widget-image\" data-id=\"a9b81b1\" data-element_type=\"widget\" data-widget_type=\"image.default\">\n\t\t\t\t\t\t\t\t\t\t\t\t\t\t\t<img loading=\"lazy\" decoding=\"async\" width=\"800\" height=\"446\" src=\"https:\/\/www.falkenair.com\/wp-content\/uploads\/2026\/02\/photo-2026-01-30-19-56-05-e1769921043906-1024x571.jpg\" class=\"attachment-large size-large wp-image-9166\" alt=\"Tom the Pilot\" srcset=\"https:\/\/www.falkenair.com\/wp-content\/uploads\/2026\/02\/photo-2026-01-30-19-56-05-e1769921043906-1024x571.jpg 1024w, https:\/\/www.falkenair.com\/wp-content\/uploads\/2026\/02\/photo-2026-01-30-19-56-05-e1769921043906-300x167.jpg 300w, https:\/\/www.falkenair.com\/wp-content\/uploads\/2026\/02\/photo-2026-01-30-19-56-05-e1769921043906-768x428.jpg 768w, https:\/\/www.falkenair.com\/wp-content\/uploads\/2026\/02\/photo-2026-01-30-19-56-05-e1769921043906-18x10.jpg 18w, https:\/\/www.falkenair.com\/wp-content\/uploads\/2026\/02\/photo-2026-01-30-19-56-05-e1769921043906.jpg 1323w\" sizes=\"(max-width: 800px) 100vw, 800px\" \/>\t\t\t\t\t\t\t\t\t\t\t\t\t\t\t<\/div>\n\t\t\t\t<\/div>\n\t\t<div class=\"elementor-element elementor-element-04dd782 e-con-full e-flex e-con e-child\" data-id=\"04dd782\" data-element_type=\"container\">\n\t\t\t\t<div class=\"elementor-element elementor-element-ec34090 elementor-widget elementor-widget-heading\" data-id=\"ec34090\" data-element_type=\"widget\" data-widget_type=\"heading.default\">\n\t\t\t\t\t<h2 class=\"elementor-heading-title elementor-size-default\">Tom<\/h2>\t\t\t\t<\/div>\n\t\t\t\t<div class=\"elementor-element elementor-element-edaa568 elementor-widget elementor-widget-text-editor\" data-id=\"edaa568\" data-element_type=\"widget\" data-widget_type=\"text-editor.default\">\n\t\t\t\t\t\t\t\t\t<p>Pilot Tom, a true Pinzgauer with 40 years of flying experience.\u00a0<\/p>\t\t\t\t\t\t\t\t<\/div>\n\t\t\t\t<\/div>\n\t\t\t\t\t<\/div>\n\t\t\t\t<\/div>\n\t\t<div class=\"elementor-element elementor-element-67d3af8 text-image e-flex e-con-boxed e-con e-parent\" data-id=\"67d3af8\" data-element_type=\"container\" data-settings=\"{&quot;background_background&quot;:&quot;classic&quot;}\">\n\t\t\t\t\t<div class=\"e-con-inner\">\n\t\t<div class=\"elementor-element elementor-element-8bb293d e-con-full e-flex e-con e-child\" data-id=\"8bb293d\" data-element_type=\"container\">\n\t\t\t\t<div class=\"elementor-element elementor-element-e492edd elementor-widget elementor-widget-heading\" data-id=\"e492edd\" data-element_type=\"widget\" data-widget_type=\"heading.default\">\n\t\t\t\t\t<h2 class=\"elementor-heading-title elementor-size-default\">Peter<\/h2>\t\t\t\t<\/div>\n\t\t\t\t<div class=\"elementor-element elementor-element-30daa27 elementor-widget elementor-widget-text-editor\" data-id=\"30daa27\" data-element_type=\"widget\" data-widget_type=\"text-editor.default\">\n\t\t\t\t\t\t\t\t\t<p>Peter is a passionate paragliding pilot for whom flying is far more than just a hobby \u2013 it&#039;s his calling. As an experienced flight instructor, he knows how to pass on his knowledge calmly, competently, and with great empathy. Especially during tandem flights, he succeeds in making his passengers feel safe and giving them unforgettable moments in the air.<br \/><br \/>With his calm demeanor, professionalism, and palpable enthusiasm for paragliding, he is not only a reliable flight instructor but also someone who inspires others with his passion for flying. Anyone who takes off with him immediately senses that this is someone who loves the sky and is eager to share that fascination.<\/p>\t\t\t\t\t\t\t\t<\/div>\n\t\t\t\t<\/div>\n\t\t<div class=\"elementor-element elementor-element-3f4a062 e-con-full e-flex e-con e-child\" data-id=\"3f4a062\" data-element_type=\"container\" data-settings=\"{&quot;motion_fx_motion_fx_scrolling&quot;:&quot;yes&quot;,&quot;motion_fx_translateX_effect&quot;:&quot;yes&quot;,&quot;motion_fx_translateX_speed&quot;:{&quot;unit&quot;:&quot;px&quot;,&quot;size&quot;:1.1,&quot;sizes&quot;:[]},&quot;motion_fx_translateX_affectedRange&quot;:{&quot;unit&quot;:&quot;%&quot;,&quot;size&quot;:&quot;&quot;,&quot;sizes&quot;:{&quot;start&quot;:0,&quot;end&quot;:50}},&quot;motion_fx_devices&quot;:[&quot;desktop&quot;,&quot;tablet&quot;,&quot;mobile&quot;]}\">\n\t\t\t\t<div class=\"elementor-element elementor-element-515c98f elementor-widget elementor-widget-image\" data-id=\"515c98f\" data-element_type=\"widget\" data-widget_type=\"image.default\">\n\t\t\t\t\t\t\t\t\t\t\t\t\t\t\t<img loading=\"lazy\" decoding=\"async\" width=\"701\" height=\"1024\" src=\"https:\/\/www.falkenair.com\/wp-content\/uploads\/2026\/02\/photo-2026-01-31-07-20-48-e1769921149212-701x1024.jpg\" class=\"attachment-large size-large wp-image-9170\" alt=\"\" srcset=\"https:\/\/www.falkenair.com\/wp-content\/uploads\/2026\/02\/photo-2026-01-31-07-20-48-e1769921149212-701x1024.jpg 701w, https:\/\/www.falkenair.com\/wp-content\/uploads\/2026\/02\/photo-2026-01-31-07-20-48-e1769921149212-205x300.jpg 205w, https:\/\/www.falkenair.com\/wp-content\/uploads\/2026\/02\/photo-2026-01-31-07-20-48-e1769921149212-768x1123.jpg 768w, https:\/\/www.falkenair.com\/wp-content\/uploads\/2026\/02\/photo-2026-01-31-07-20-48-e1769921149212-8x12.jpg 8w, https:\/\/www.falkenair.com\/wp-content\/uploads\/2026\/02\/photo-2026-01-31-07-20-48-e1769921149212.jpg 1016w\" sizes=\"(max-width: 701px) 100vw, 701px\" \/>\t\t\t\t\t\t\t\t\t\t\t\t\t\t\t<\/div>\n\t\t\t\t<\/div>\n\t\t\t\t\t<\/div>\n\t\t\t\t<\/div>\n\t\t\t\t<\/div>","protected":false},"excerpt":{"rendered":"<p>Tandem Paragliding Pilots: Paragliding with professionals! Falken Air consists of independent pilots who love sharing their passion for flying with their guests. A highly professional and friendly team of certified tandem pilots and flight instructors will make your flight a perfect experience. We take our time for you and especially your [\u2026]<\/p>","protected":false},"author":1,"featured_media":0,"parent":0,"menu_order":22,"comment_status":"closed","ping_status":"closed","template":"","meta":{"footnotes":""},"class_list":["post-32","page","type-page","status-publish","hentry"],"yoast_head":"<!-- This site is optimized with the Yoast SEO plugin v26.1.1 - https:\/\/yoast.com\/wordpress\/plugins\/seo\/ -->\n<title>Unsere Tandempiloten - Falken Air Tandem Paragliding<\/title>\n<meta name=\"description\" content=\"Tandem Paragliding Piloten von Falken Air \u2713 Gleitschirmfliegen mit Profis \u2713 Piloten &amp; Pilotinnen \u2713 Bringen dich sicher ins Tal \u00bb Mehr \u00fcber uns!\" \/>\n<meta name=\"robots\" content=\"index, follow, max-snippet:-1, max-image-preview:large, max-video-preview:-1\" \/>\n<link rel=\"canonical\" href=\"https:\/\/www.falkenair.com\/en\/pilots-team\/\" \/>\n<meta property=\"og:locale\" content=\"en_US\" \/>\n<meta property=\"og:type\" content=\"article\" \/>\n<meta property=\"og:title\" content=\"Unsere Tandempiloten - Falken Air Tandem Paragliding\" \/>\n<meta property=\"og:description\" content=\"Tandem Paragliding Piloten von Falken Air \u2713 Gleitschirmfliegen mit Profis \u2713 Piloten &amp; Pilotinnen \u2713 Bringen dich sicher ins Tal \u00bb Mehr \u00fcber uns!\" \/>\n<meta property=\"og:url\" content=\"https:\/\/www.falkenair.com\/en\/pilots-team\/\" \/>\n<meta property=\"og:site_name\" content=\"Falken Air Tandem Paragliding\" \/>\n<meta property=\"article:publisher\" content=\"https:\/\/www.facebook.com\/Falkenair\/\" \/>\n<meta property=\"article:modified_time\" content=\"2026-02-01T04:53:44+00:00\" \/>\n<meta property=\"og:image\" content=\"https:\/\/www.falkenair.com\/wp-content\/uploads\/2023\/11\/paragliding-zellamsee-winter-falkenair.webp\" \/>\n\t<meta property=\"og:image:width\" content=\"2048\" \/>\n\t<meta property=\"og:image:height\" content=\"1536\" \/>\n\t<meta property=\"og:image:type\" content=\"image\/webp\" \/>\n<meta name=\"twitter:card\" content=\"summary_large_image\" \/>\n<meta name=\"twitter:label1\" content=\"Est. reading time\" \/>\n\t<meta name=\"twitter:data1\" content=\"5 minutes\" \/>\n<script type=\"application\/ld+json\" class=\"yoast-schema-graph\">{\"@context\":\"https:\/\/schema.org\",\"@graph\":[{\"@type\":\"WebPage\",\"@id\":\"https:\/\/www.falkenair.com\/piloten-team\/\",\"url\":\"https:\/\/www.falkenair.com\/piloten-team\/\",\"name\":\"Unsere Tandempiloten - Falken Air Tandem Paragliding\",\"isPartOf\":{\"@id\":\"https:\/\/www.falkenair.com\/#website\"},\"primaryImageOfPage\":{\"@id\":\"https:\/\/www.falkenair.com\/piloten-team\/#primaryimage\"},\"image\":{\"@id\":\"https:\/\/www.falkenair.com\/piloten-team\/#primaryimage\"},\"thumbnailUrl\":\"https:\/\/www.falkenair.com\/wp-content\/uploads\/2023\/11\/paragliding-zellamsee-winter-falkenair-1024x768.webp\",\"datePublished\":\"2023-11-07T06:41:00+00:00\",\"dateModified\":\"2026-02-01T04:53:44+00:00\",\"description\":\"Tandem Paragliding Piloten von Falken Air \u2713 Gleitschirmfliegen mit Profis \u2713 Piloten & Pilotinnen \u2713 Bringen dich sicher ins Tal \u00bb Mehr \u00fcber uns!\",\"breadcrumb\":{\"@id\":\"https:\/\/www.falkenair.com\/piloten-team\/#breadcrumb\"},\"inLanguage\":\"en-US\",\"potentialAction\":[{\"@type\":\"ReadAction\",\"target\":[\"https:\/\/www.falkenair.com\/piloten-team\/\"]}]},{\"@type\":\"ImageObject\",\"inLanguage\":\"en-US\",\"@id\":\"https:\/\/www.falkenair.com\/piloten-team\/#primaryimage\",\"url\":\"https:\/\/www.falkenair.com\/wp-content\/uploads\/2023\/11\/paragliding-zellamsee-winter-falkenair-1024x768.webp\",\"contentUrl\":\"https:\/\/www.falkenair.com\/wp-content\/uploads\/2023\/11\/paragliding-zellamsee-winter-falkenair-1024x768.webp\"},{\"@type\":\"BreadcrumbList\",\"@id\":\"https:\/\/www.falkenair.com\/piloten-team\/#breadcrumb\",\"itemListElement\":[{\"@type\":\"ListItem\",\"position\":1,\"name\":\"Falken Air\",\"item\":\"https:\/\/www.falkenair.com\/\"},{\"@type\":\"ListItem\",\"position\":2,\"name\":\"Team\"}]},{\"@type\":\"WebSite\",\"@id\":\"https:\/\/www.falkenair.com\/#website\",\"url\":\"https:\/\/www.falkenair.com\/\",\"name\":\"Falken Air\",\"description\":\"\",\"publisher\":{\"@id\":\"https:\/\/www.falkenair.com\/#organization\"},\"potentialAction\":[{\"@type\":\"SearchAction\",\"target\":{\"@type\":\"EntryPoint\",\"urlTemplate\":\"https:\/\/www.falkenair.com\/?s={search_term_string}\"},\"query-input\":{\"@type\":\"PropertyValueSpecification\",\"valueRequired\":true,\"valueName\":\"search_term_string\"}}],\"inLanguage\":\"en-US\"},{\"@type\":\"Organization\",\"@id\":\"https:\/\/www.falkenair.com\/#organization\",\"name\":\"Falken Air\",\"alternateName\":\"Falken Air Tandem Paragliding\",\"url\":\"https:\/\/www.falkenair.com\/\",\"logo\":{\"@type\":\"ImageObject\",\"inLanguage\":\"en-US\",\"@id\":\"https:\/\/www.falkenair.com\/#\/schema\/logo\/image\/\",\"url\":\"https:\/\/www.falkenair.com\/wp-content\/uploads\/2024\/09\/schriftzug-falkenair.svg\",\"contentUrl\":\"https:\/\/www.falkenair.com\/wp-content\/uploads\/2024\/09\/schriftzug-falkenair.svg\",\"width\":585.541,\"height\":91.215,\"caption\":\"Falken Air\"},\"image\":{\"@id\":\"https:\/\/www.falkenair.com\/#\/schema\/logo\/image\/\"},\"sameAs\":[\"https:\/\/www.facebook.com\/Falkenair\/\",\"https:\/\/www.youtube.com\/@falkenair675\",\"https:\/\/www.instagram.com\/falken_air\/\",\"https:\/\/www.tiktok.com\/@falkenair\"]}]}<\/script>\n<!-- \/ Yoast SEO plugin. -->","yoast_head_json":{"title":"Our tandem pilots - Falken Air Tandem Paragliding","description":"Tandem paragliding pilots from Falken Air \u2713 Paragliding with professionals \u2713 Male and female pilots \u2713 Bring you safely into the valley \u00bb More about us!","robots":{"index":"index","follow":"follow","max-snippet":"max-snippet:-1","max-image-preview":"max-image-preview:large","max-video-preview":"max-video-preview:-1"},"canonical":"https:\/\/www.falkenair.com\/en\/pilots-team\/","og_locale":"en_US","og_type":"article","og_title":"Unsere Tandempiloten - Falken Air Tandem Paragliding","og_description":"Tandem Paragliding Piloten von Falken Air \u2713 Gleitschirmfliegen mit Profis \u2713 Piloten & Pilotinnen \u2713 Bringen dich sicher ins Tal \u00bb Mehr \u00fcber uns!","og_url":"https:\/\/www.falkenair.com\/en\/pilots-team\/","og_site_name":"Falken Air Tandem Paragliding","article_publisher":"https:\/\/www.facebook.com\/Falkenair\/","article_modified_time":"2026-02-01T04:53:44+00:00","og_image":[{"width":2048,"height":1536,"url":"https:\/\/www.falkenair.com\/wp-content\/uploads\/2023\/11\/paragliding-zellamsee-winter-falkenair.webp","type":"image\/webp"}],"twitter_card":"summary_large_image","twitter_misc":{"Est. reading time":"5 minutes"},"schema":{"@context":"https:\/\/schema.org","@graph":[{"@type":"WebPage","@id":"https:\/\/www.falkenair.com\/piloten-team\/","url":"https:\/\/www.falkenair.com\/piloten-team\/","name":"Our tandem pilots - Falken Air Tandem Paragliding","isPartOf":{"@id":"https:\/\/www.falkenair.com\/#website"},"primaryImageOfPage":{"@id":"https:\/\/www.falkenair.com\/piloten-team\/#primaryimage"},"image":{"@id":"https:\/\/www.falkenair.com\/piloten-team\/#primaryimage"},"thumbnailUrl":"https:\/\/www.falkenair.com\/wp-content\/uploads\/2023\/11\/paragliding-zellamsee-winter-falkenair-1024x768.webp","datePublished":"2023-11-07T06:41:00+00:00","dateModified":"2026-02-01T04:53:44+00:00","description":"Tandem paragliding pilots from Falken Air \u2713 Paragliding with professionals \u2713 Male and female pilots \u2713 Bring you safely into the valley \u00bb More about us!","breadcrumb":{"@id":"https:\/\/www.falkenair.com\/piloten-team\/#breadcrumb"},"inLanguage":"en-US","potentialAction":[{"@type":"ReadAction","target":["https:\/\/www.falkenair.com\/piloten-team\/"]}]},{"@type":"ImageObject","inLanguage":"en-US","@id":"https:\/\/www.falkenair.com\/piloten-team\/#primaryimage","url":"https:\/\/www.falkenair.com\/wp-content\/uploads\/2023\/11\/paragliding-zellamsee-winter-falkenair-1024x768.webp","contentUrl":"https:\/\/www.falkenair.com\/wp-content\/uploads\/2023\/11\/paragliding-zellamsee-winter-falkenair-1024x768.webp"},{"@type":"BreadcrumbList","@id":"https:\/\/www.falkenair.com\/piloten-team\/#breadcrumb","itemListElement":[{"@type":"ListItem","position":1,"name":"Falken Air","item":"https:\/\/www.falkenair.com\/"},{"@type":"ListItem","position":2,"name":"Team"}]},{"@type":"WebSite","@id":"https:\/\/www.falkenair.com\/#website","url":"https:\/\/www.falkenair.com\/","name":"Falken Air","description":"","publisher":{"@id":"https:\/\/www.falkenair.com\/#organization"},"potentialAction":[{"@type":"SearchAction","target":{"@type":"EntryPoint","urlTemplate":"https:\/\/www.falkenair.com\/?s={search_term_string}"},"query-input":{"@type":"PropertyValueSpecification","valueRequired":true,"valueName":"search_term_string"}}],"inLanguage":"en-US"},{"@type":"Organization","@id":"https:\/\/www.falkenair.com\/#organization","name":"Falken Air","alternateName":"Falken Air Tandem Paragliding","url":"https:\/\/www.falkenair.com\/","logo":{"@type":"ImageObject","inLanguage":"en-US","@id":"https:\/\/www.falkenair.com\/#\/schema\/logo\/image\/","url":"https:\/\/www.falkenair.com\/wp-content\/uploads\/2024\/09\/schriftzug-falkenair.svg","contentUrl":"https:\/\/www.falkenair.com\/wp-content\/uploads\/2024\/09\/schriftzug-falkenair.svg","width":585.541,"height":91.215,"caption":"Falken Air"},"image":{"@id":"https:\/\/www.falkenair.com\/#\/schema\/logo\/image\/"},"sameAs":["https:\/\/www.facebook.com\/Falkenair\/","https:\/\/www.youtube.com\/@falkenair675","https:\/\/www.instagram.com\/falken_air\/","https:\/\/www.tiktok.com\/@falkenair"]}]}},"_links":{"self":[{"href":"https:\/\/www.falkenair.com\/en\/wp-json\/wp\/v2\/pages\/32","targetHints":{"allow":["GET"]}}],"collection":[{"href":"https:\/\/www.falkenair.com\/en\/wp-json\/wp\/v2\/pages"}],"about":[{"href":"https:\/\/www.falkenair.com\/en\/wp-json\/wp\/v2\/types\/page"}],"author":[{"embeddable":true,"href":"https:\/\/www.falkenair.com\/en\/wp-json\/wp\/v2\/users\/1"}],"replies":[{"embeddable":true,"href":"https:\/\/www.falkenair.com\/en\/wp-json\/wp\/v2\/comments?post=32"}],"version-history":[{"count":5,"href":"https:\/\/www.falkenair.com\/en\/wp-json\/wp\/v2\/pages\/32\/revisions"}],"predecessor-version":[{"id":9191,"href":"https:\/\/www.falkenair.com\/en\/wp-json\/wp\/v2\/pages\/32\/revisions\/9191"}],"wp:attachment":[{"href":"https:\/\/www.falkenair.com\/en\/wp-json\/wp\/v2\/media?parent=32"}],"curies":[{"name":"wp","href":"https:\/\/api.w.org\/{rel}","templated":true}]}}