{"id":3722,"date":"2024-01-30T17:10:35","date_gmt":"2024-01-30T16:10:35","guid":{"rendered":"https:\/\/www.falkenair.com\/?page_id=3722"},"modified":"2026-02-01T06:57:31","modified_gmt":"2026-02-01T05:57:31","slug":"partner","status":"publish","type":"page","link":"https:\/\/www.falkenair.com\/fr\/partner\/","title":{"rendered":"partenaire"},"content":{"rendered":"<div data-elementor-type=\"wp-page\" data-elementor-id=\"3722\" class=\"elementor elementor-3722\" data-elementor-post-type=\"page\">\n\t\t\t\t<div class=\"elementor-element elementor-element-32b7e547 e-con-full e-flex e-con e-parent\" data-id=\"32b7e547\" data-element_type=\"container\" data-settings=\"{&quot;background_background&quot;:&quot;classic&quot;}\">\n\t\t\t\t<div class=\"elementor-element elementor-element-bdc005f elementor-align-left elementor-widget elementor-widget-breadcrumbs\" data-id=\"bdc005f\" data-element_type=\"widget\" data-widget_type=\"breadcrumbs.default\">\n\t\t\t\t\t<p id=\"breadcrumbs\"><span><span><a href=\"https:\/\/www.falkenair.com\/fr\/\">FalkenAir<\/a><\/span><\/span><\/p>\t\t\t\t<\/div>\n\t\t\t\t<\/div>\n\t\t<div class=\"elementor-element elementor-element-7df96c63 e-flex e-con-boxed e-con e-parent\" data-id=\"7df96c63\" data-element_type=\"container\">\n\t\t\t\t\t<div class=\"e-con-inner\">\n\t\t<div class=\"elementor-element elementor-element-4fd71ec5 e-con-full e-flex e-con e-child\" data-id=\"4fd71ec5\" data-element_type=\"container\">\n\t\t\t\t<div class=\"elementor-element elementor-element-47727a8d elementor-widget elementor-widget-heading\" data-id=\"47727a8d\" data-element_type=\"widget\" data-widget_type=\"heading.default\">\n\t\t\t\t\t<h1 class=\"elementor-heading-title elementor-size-default\">Le meilleur du meilleur<\/h1>\t\t\t\t<\/div>\n\t\t\t\t<\/div>\n\t\t<div class=\"elementor-element elementor-element-5a36d3d8 e-con-full e-flex e-con e-child\" data-id=\"5a36d3d8\" data-element_type=\"container\">\n\t\t\t\t<div class=\"elementor-element elementor-element-87e67a4 elementor-widget elementor-widget-text-editor\" data-id=\"87e67a4\" data-element_type=\"widget\" data-widget_type=\"text-editor.default\">\n\t\t\t\t\t\t\t\t\t<p>Notre r\u00e9gion offre une vaste gamme d\u2019activit\u00e9s et d\u2019exp\u00e9riences.<\/p><p>Pour que vous soyez entre de bonnes mains, nous avons compil\u00e9 les meilleures adresses d&#039;h\u00e9bergement, de restauration et d&#039;activit\u00e9s de plein air.<\/p>\t\t\t\t\t\t\t\t<\/div>\n\t\t\t\t<\/div>\n\t\t\t\t\t<\/div>\n\t\t\t\t<\/div>\n\t\t<div class=\"elementor-element elementor-element-255acd1 e-flex e-con-boxed e-con e-parent\" data-id=\"255acd1\" data-element_type=\"container\" data-settings=\"{&quot;background_background&quot;:&quot;classic&quot;}\">\n\t\t\t\t\t<div class=\"e-con-inner\">\n\t\t<div class=\"elementor-element elementor-element-f33dd70 e-con-full e-flex e-con e-child\" data-id=\"f33dd70\" data-element_type=\"container\" data-settings=\"{&quot;background_background&quot;:&quot;classic&quot;}\">\n\t\t\t\t<div class=\"elementor-element elementor-element-9397aaf elementor-widget elementor-widget-image\" data-id=\"9397aaf\" data-element_type=\"widget\" data-widget_type=\"image.default\">\n\t\t\t\t\t\t\t\t\t\t\t\t\t\t\t<img decoding=\"async\" width=\"300\" height=\"122\" src=\"https:\/\/www.falkenair.com\/wp-content\/uploads\/2025\/06\/falkenair-claim-falke-black-72dpi-300x122.jpg\" class=\"attachment-medium size-medium wp-image-7662\" alt=\"\" srcset=\"https:\/\/www.falkenair.com\/wp-content\/uploads\/2025\/06\/falkenair-claim-falke-black-72dpi-300x122.jpg 300w, https:\/\/www.falkenair.com\/wp-content\/uploads\/2025\/06\/falkenair-claim-falke-black-72dpi-18x7.jpg 18w, https:\/\/www.falkenair.com\/wp-content\/uploads\/2025\/06\/falkenair-claim-falke-black-72dpi.jpg 348w\" sizes=\"(max-width: 300px) 100vw, 300px\" \/>\t\t\t\t\t\t\t\t\t\t\t\t\t\t\t<\/div>\n\t\t\t\t<div class=\"elementor-element elementor-element-32ac568 elementor-widget elementor-widget-text-editor\" data-id=\"32ac568\" data-element_type=\"widget\" data-widget_type=\"text-editor.default\">\n\t\t\t\t\t\t\t\t\t<p>Vous \u00eates int\u00e9ress\u00e9 par un partenariat avec de nombreux avantages pour votre entreprise, vos collaborateurs et un service VIP pour vos invit\u00e9s ?<\/p><p>Alors contactez-nous et nous serons heureux de vous envoyer les d\u00e9tails !<br \/><a href=\"mailto:info@falkenair.com\">info@falkenair.com<\/a><\/p>\t\t\t\t\t\t\t\t<\/div>\n\t\t\t\t<\/div>\n\t\t<div class=\"elementor-element elementor-element-1276a74 e-con-full e-flex e-con e-child\" data-id=\"1276a74\" data-element_type=\"container\" data-settings=\"{&quot;background_background&quot;:&quot;classic&quot;}\">\n\t\t\t\t<div class=\"elementor-element elementor-element-22aeb54 elementor-widget elementor-widget-image\" data-id=\"22aeb54\" data-element_type=\"widget\" data-widget_type=\"image.default\">\n\t\t\t\t\t\t\t\t\t\t\t\t\t\t\t<img fetchpriority=\"high\" decoding=\"async\" width=\"300\" height=\"200\" src=\"https:\/\/www.falkenair.com\/wp-content\/uploads\/2025\/06\/hand-mit-allen-karten-kopie-scaled-e1749293745228-300x200.jpg\" class=\"attachment-medium size-medium wp-image-7730\" alt=\"\" srcset=\"https:\/\/www.falkenair.com\/wp-content\/uploads\/2025\/06\/hand-mit-allen-karten-kopie-scaled-e1749293745228-300x200.jpg 300w, https:\/\/www.falkenair.com\/wp-content\/uploads\/2025\/06\/hand-mit-allen-karten-kopie-scaled-e1749293745228-1024x683.jpg 1024w, https:\/\/www.falkenair.com\/wp-content\/uploads\/2025\/06\/hand-mit-allen-karten-kopie-scaled-e1749293745228-768x512.jpg 768w, https:\/\/www.falkenair.com\/wp-content\/uploads\/2025\/06\/hand-mit-allen-karten-kopie-scaled-e1749293745228-1536x1024.jpg 1536w, https:\/\/www.falkenair.com\/wp-content\/uploads\/2025\/06\/hand-mit-allen-karten-kopie-scaled-e1749293745228-18x12.jpg 18w, https:\/\/www.falkenair.com\/wp-content\/uploads\/2025\/06\/hand-mit-allen-karten-kopie-scaled-e1749293745228.jpg 2048w\" sizes=\"(max-width: 300px) 100vw, 300px\" \/>\t\t\t\t\t\t\t\t\t\t\t\t\t\t\t<\/div>\n\t\t\t\t<div class=\"elementor-element elementor-element-35af5f9 elementor-widget elementor-widget-text-editor\" data-id=\"35af5f9\" data-element_type=\"widget\" data-widget_type=\"text-editor.default\">\n\t\t\t\t\t\t\t\t\t<div class=\"elementor-element elementor-element-ca57bde elementor-widget elementor-widget-text-editor\" data-id=\"ca57bde\" data-element_type=\"widget\" data-widget_type=\"text-editor.default\"><div class=\"elementor-widget-container\"><p>Nous sommes partenaires de :<br \/>Carte Hochk\u00f6nig, Carte Saalfelden Leogang, Carte Maishofen, Carte Piesendorf Niedernsill, Carte Viehhofen, Carte Mittersill+ et Carte Bruck Fusch<\/p><p>Avec toutes ces cartes, vous recevrez un <strong>Remise de 10 \u20ac<\/strong> par personne sur le prix du vol. (Ne s&#039;applique pas aux vols en montgolfi\u00e8re)<\/p><\/div><\/div>\t\t\t\t\t\t\t\t<\/div>\n\t\t\t\t<\/div>\n\t\t<div class=\"elementor-element elementor-element-3cfb7f2 e-con-full e-flex e-con e-child\" data-id=\"3cfb7f2\" data-element_type=\"container\" data-settings=\"{&quot;background_background&quot;:&quot;classic&quot;}\">\n\t\t\t\t<div class=\"elementor-element elementor-element-cb015ce elementor-widget elementor-widget-image\" data-id=\"cb015ce\" data-element_type=\"widget\" data-widget_type=\"image.default\">\n\t\t\t\t\t\t\t\t\t\t\t\t\t\t\t<img decoding=\"async\" width=\"197\" height=\"256\" src=\"https:\/\/www.falkenair.com\/wp-content\/uploads\/2024\/04\/tauern-spa.png\" class=\"attachment-medium size-medium wp-image-5070\" alt=\"Logo du spa Tauern\" srcset=\"https:\/\/www.falkenair.com\/wp-content\/uploads\/2024\/04\/tauern-spa.png 197w, https:\/\/www.falkenair.com\/wp-content\/uploads\/2024\/04\/tauern-spa-9x12.png 9w\" sizes=\"(max-width: 197px) 100vw, 197px\" \/>\t\t\t\t\t\t\t\t\t\t\t\t\t\t\t<\/div>\n\t\t\t\t<div class=\"elementor-element elementor-element-324f987 elementor-widget elementor-widget-text-editor\" data-id=\"324f987\" data-element_type=\"widget\" data-widget_type=\"text-editor.default\">\n\t\t\t\t\t\t\t\t\t<p>D\u00e9couvrez \u00e0 quel point il est bon de sentir votre corps et votre esprit en harmonie. Rechargez vos batteries et reconstituez vos r\u00e9serves int\u00e9rieures pour de nouveaux sommets lors de vacances spa dans l&#039;un des h\u00f4tels bien-\u00eatre les plus modernes d&#039;Autriche, au Thermenhotel TAUERN SPA 4*S, un resort VAMED Vitality World.<\/p><p><a href=\"mailto:office@tauernspakaprun.com\">office@tauernspakaprun.com<\/a><br \/>+43 6547 2040<\/p>\t\t\t\t\t\t\t\t<\/div>\n\t\t\t\t<\/div>\n\t\t<div class=\"elementor-element elementor-element-2e18850 e-con-full e-flex e-con e-child\" data-id=\"2e18850\" data-element_type=\"container\" data-settings=\"{&quot;background_background&quot;:&quot;classic&quot;}\">\n\t\t\t\t<div class=\"elementor-element elementor-element-be66f05 elementor-widget elementor-widget-image\" data-id=\"be66f05\" data-element_type=\"widget\" data-widget_type=\"image.default\">\n\t\t\t\t\t\t\t\t\t\t\t\t\t\t\t<img loading=\"lazy\" decoding=\"async\" width=\"215\" height=\"235\" src=\"https:\/\/www.falkenair.com\/wp-content\/uploads\/2024\/02\/alpenhaus.png\" class=\"attachment-medium size-medium wp-image-4161\" alt=\"maison alpine\" srcset=\"https:\/\/www.falkenair.com\/wp-content\/uploads\/2024\/02\/alpenhaus.png 215w, https:\/\/www.falkenair.com\/wp-content\/uploads\/2024\/02\/alpenhaus-11x12.png 11w\" sizes=\"(max-width: 215px) 100vw, 215px\" \/>\t\t\t\t\t\t\t\t\t\t\t\t\t\t\t<\/div>\n\t\t\t\t<div class=\"elementor-element elementor-element-c8e1240 elementor-widget elementor-widget-text-editor\" data-id=\"c8e1240\" data-element_type=\"widget\" data-widget_type=\"text-editor.default\">\n\t\t\t\t\t\t\t\t\t<p>Votre chemin vers les montagnes. Dans l&#039;exp\u00e9rience. Pour la d\u00e9tente, pour le plaisir.<br \/>Il m\u00e8ne directement \u00e0 l&#039;h\u00f4tel 4* ALPENHAUS KAPRUN.<br \/>Vous \u00eates maintenant ici et vos vacances dans le Land de Salzbourg peuvent commencer.<\/p><p><a href=\"mailto:willkommen@alpenhaus-kaprun.at\">bienvenue@alpenhaus-kaprun.at<\/a><br \/>+43 6547 7647<\/p>\t\t\t\t\t\t\t\t<\/div>\n\t\t\t\t<\/div>\n\t\t<div class=\"elementor-element elementor-element-67d3592 e-con-full e-flex e-con e-child\" data-id=\"67d3592\" data-element_type=\"container\" data-settings=\"{&quot;background_background&quot;:&quot;classic&quot;}\">\n\t\t\t\t<div class=\"elementor-element elementor-element-dd1563e elementor-widget elementor-widget-image\" data-id=\"dd1563e\" data-element_type=\"widget\" data-widget_type=\"image.default\">\n\t\t\t\t\t\t\t\t\t\t\t\t\t\t\t<img loading=\"lazy\" decoding=\"async\" width=\"233\" height=\"216\" src=\"https:\/\/www.falkenair.com\/wp-content\/uploads\/2024\/02\/evergruen.png\" class=\"attachment-medium size-medium wp-image-4174\" alt=\"\u00e0 feuilles persistantes\" srcset=\"https:\/\/www.falkenair.com\/wp-content\/uploads\/2024\/02\/evergruen.png 233w, https:\/\/www.falkenair.com\/wp-content\/uploads\/2024\/02\/evergruen-13x12.png 13w\" sizes=\"(max-width: 233px) 100vw, 233px\" \/>\t\t\t\t\t\t\t\t\t\t\t\t\t\t\t<\/div>\n\t\t\t\t<div class=\"elementor-element elementor-element-60db37e elementor-widget elementor-widget-text-editor\" data-id=\"60db37e\" data-element_type=\"widget\" data-widget_type=\"text-editor.default\">\n\t\t\t\t\t\t\t\t\t<p>ever.gr\u00fcn est un concept jeune \u2013 pour les personnes cosmopolites et internationales, les familles actives et les amis d\u00e9tendus qui souhaitent troquer un instant la vie urbaine contre la vie alpine. D\u2019o\u00f9 la devise de notre h\u00f4tel 4 \u00e9toiles \u00e0 Kaprun : \u00ab La vie alpine pour les citadins \u00bb.<\/p><p><a href=\"mailto:willkommen@evergruen.at\">bienvenue@evergruen.at<\/a><br \/>+43 6547 20610<\/p>\t\t\t\t\t\t\t\t<\/div>\n\t\t\t\t<\/div>\n\t\t<div class=\"elementor-element elementor-element-8c0c151 e-con-full e-flex e-con e-child\" data-id=\"8c0c151\" data-element_type=\"container\" data-settings=\"{&quot;background_background&quot;:&quot;classic&quot;}\">\n\t\t\t\t<div class=\"elementor-element elementor-element-8892142 elementor-widget elementor-widget-image\" data-id=\"8892142\" data-element_type=\"widget\" data-widget_type=\"image.default\">\n\t\t\t\t\t\t\t\t\t\t\t\t\t\t\t<img loading=\"lazy\" decoding=\"async\" width=\"300\" height=\"77\" src=\"https:\/\/www.falkenair.com\/wp-content\/uploads\/2024\/02\/alpenblick-300x77.png\" class=\"attachment-medium size-medium wp-image-4160\" alt=\"vue alpine\" srcset=\"https:\/\/www.falkenair.com\/wp-content\/uploads\/2024\/02\/alpenblick-300x77.png 300w, https:\/\/www.falkenair.com\/wp-content\/uploads\/2024\/02\/alpenblick-18x5.png 18w, https:\/\/www.falkenair.com\/wp-content\/uploads\/2024\/02\/alpenblick.png 443w\" sizes=\"(max-width: 300px) 100vw, 300px\" \/>\t\t\t\t\t\t\t\t\t\t\t\t\t\t\t<\/div>\n\t\t\t\t<div class=\"elementor-element elementor-element-041bdbd elementor-widget elementor-widget-text-editor\" data-id=\"041bdbd\" data-element_type=\"widget\" data-widget_type=\"text-editor.default\">\n\t\t\t\t\t\t\t\t\t<p>La station sportive 4 \u00e9toiles sup\u00e9rieure\u00a0<em>Vue alpine<\/em>\u00a0se trouve \u00e0 750 m\u00e8tres d&#039;altitude\u00a0<em>Zell-am-See<\/em>-Kaprun au milieu du magnifique paysage montagneux du SalzburgerLand.<\/p><p>Famille Segl<br \/><a href=\"mailto:hotel@alpenblick.at\">h\u00f4tel@alpenblick.at<\/a><br \/>+43 6542 5433<\/p>\t\t\t\t\t\t\t\t<\/div>\n\t\t\t\t<\/div>\n\t\t<div class=\"elementor-element elementor-element-a30f969 e-con-full e-flex e-con e-child\" data-id=\"a30f969\" data-element_type=\"container\" data-settings=\"{&quot;background_background&quot;:&quot;classic&quot;}\">\n\t\t\t\t<div class=\"elementor-element elementor-element-162aa9b elementor-widget elementor-widget-image\" data-id=\"162aa9b\" data-element_type=\"widget\" data-widget_type=\"image.default\">\n\t\t\t\t\t\t\t\t\t\t\t\t\t\t\t<img loading=\"lazy\" decoding=\"async\" width=\"300\" height=\"138\" src=\"https:\/\/www.falkenair.com\/wp-content\/uploads\/2025\/06\/fishinnzell_logo_gruen-300x138.png\" class=\"attachment-medium size-medium wp-image-7719\" alt=\"\" srcset=\"https:\/\/www.falkenair.com\/wp-content\/uploads\/2025\/06\/fishinnzell_logo_gruen-300x138.png 300w, https:\/\/www.falkenair.com\/wp-content\/uploads\/2025\/06\/fishinnzell_logo_gruen-1024x472.png 1024w, https:\/\/www.falkenair.com\/wp-content\/uploads\/2025\/06\/fishinnzell_logo_gruen-768x354.png 768w, https:\/\/www.falkenair.com\/wp-content\/uploads\/2025\/06\/fishinnzell_logo_gruen-1536x708.png 1536w, https:\/\/www.falkenair.com\/wp-content\/uploads\/2025\/06\/fishinnzell_logo_gruen-18x8.png 18w, https:\/\/www.falkenair.com\/wp-content\/uploads\/2025\/06\/fishinnzell_logo_gruen.png 2000w\" sizes=\"(max-width: 300px) 100vw, 300px\" \/>\t\t\t\t\t\t\t\t\t\t\t\t\t\t\t<\/div>\n\t\t\t\t<div class=\"elementor-element elementor-element-2dfe5ff elementor-widget elementor-widget-text-editor\" data-id=\"2dfe5ff\" data-element_type=\"widget\" data-widget_type=\"text-editor.default\">\n\t\t\t\t\t\t\t\t\t<p>Le meilleur endroit pour plonger \u2013 au c\u0153ur de Zell am See<\/p><p>Que ce soit pour une escapade relaxante \u00e0 deux ou des vacances amusantes en famille, installez-vous dans notre h\u00f4tel r\u00e9cemment r\u00e9nov\u00e9. Profitez d&#039;une ambiance chaleureuse !<\/p><p><a href=\"mailto:book@fishinnzell.com\">book@fishinnzell.com<\/a><br \/>+43 6542 781<\/p>\t\t\t\t\t\t\t\t<\/div>\n\t\t\t\t<\/div>\n\t\t<div class=\"elementor-element elementor-element-eb2c8bf e-con-full e-flex e-con e-child\" data-id=\"eb2c8bf\" data-element_type=\"container\" data-settings=\"{&quot;background_background&quot;:&quot;classic&quot;}\">\n\t\t\t\t<div class=\"elementor-element elementor-element-c13ad91 elementor-widget elementor-widget-image\" data-id=\"c13ad91\" data-element_type=\"widget\" data-widget_type=\"image.default\">\n\t\t\t\t\t\t\t\t\t\t\t\t\t\t\t<img loading=\"lazy\" decoding=\"async\" width=\"224\" height=\"225\" src=\"https:\/\/www.falkenair.com\/wp-content\/uploads\/2024\/02\/alpin.png\" class=\"attachment-medium size-medium wp-image-4157\" alt=\"famille alpine\" srcset=\"https:\/\/www.falkenair.com\/wp-content\/uploads\/2024\/02\/alpin.png 224w, https:\/\/www.falkenair.com\/wp-content\/uploads\/2024\/02\/alpin-150x150.png 150w, https:\/\/www.falkenair.com\/wp-content\/uploads\/2024\/02\/alpin-12x12.png 12w\" sizes=\"(max-width: 224px) 100vw, 224px\" \/>\t\t\t\t\t\t\t\t\t\t\t\t\t\t\t<\/div>\n\t\t\t\t<div class=\"elementor-element elementor-element-1f096ec elementor-widget elementor-widget-text-editor\" data-id=\"1f096ec\" data-element_type=\"widget\" data-widget_type=\"text-editor.default\">\n\t\t\t\t\t\t\t\t\t<p>Chez Alpin Family, vous trouverez des appartements et des chalets de luxe \u00e9l\u00e9gants et situ\u00e9s au centre. Ceux-ci sont parfaitement situ\u00e9s dans des endroits populaires tels que Kaprun, Zell am See, Saalbach, Hinterglemm, Leogang, ...<\/p><p><a href=\"mailto:info@alpinfamily.at\">info@alpinfamily.at<\/a><br \/>+43 6547 20 600<\/p>\t\t\t\t\t\t\t\t<\/div>\n\t\t\t\t<\/div>\n\t\t<div class=\"elementor-element elementor-element-846928d e-con-full e-flex e-con e-child\" data-id=\"846928d\" data-element_type=\"container\" data-settings=\"{&quot;background_background&quot;:&quot;classic&quot;}\">\n\t\t\t\t<div class=\"elementor-element elementor-element-48d5df6 elementor-widget elementor-widget-image\" data-id=\"48d5df6\" data-element_type=\"widget\" data-widget_type=\"image.default\">\n\t\t\t\t\t\t\t\t\t\t\t\t\t\t\t<img loading=\"lazy\" decoding=\"async\" width=\"300\" height=\"86\" src=\"https:\/\/www.falkenair.com\/wp-content\/uploads\/2024\/02\/cs_carpesolem_kapoom_logo_schwarz-mit-pinkem-stern-kopie-300x86.jpg\" class=\"attachment-medium size-medium wp-image-4260\" alt=\"Carpe Solem Kapoom\" srcset=\"https:\/\/www.falkenair.com\/wp-content\/uploads\/2024\/02\/cs_carpesolem_kapoom_logo_schwarz-mit-pinkem-stern-kopie-300x86.jpg 300w, https:\/\/www.falkenair.com\/wp-content\/uploads\/2024\/02\/cs_carpesolem_kapoom_logo_schwarz-mit-pinkem-stern-kopie-1024x293.jpg 1024w, https:\/\/www.falkenair.com\/wp-content\/uploads\/2024\/02\/cs_carpesolem_kapoom_logo_schwarz-mit-pinkem-stern-kopie-768x220.jpg 768w, https:\/\/www.falkenair.com\/wp-content\/uploads\/2024\/02\/cs_carpesolem_kapoom_logo_schwarz-mit-pinkem-stern-kopie-1536x439.jpg 1536w, https:\/\/www.falkenair.com\/wp-content\/uploads\/2024\/02\/cs_carpesolem_kapoom_logo_schwarz-mit-pinkem-stern-kopie-18x5.jpg 18w, https:\/\/www.falkenair.com\/wp-content\/uploads\/2024\/02\/cs_carpesolem_kapoom_logo_schwarz-mit-pinkem-stern-kopie.jpg 1836w\" sizes=\"(max-width: 300px) 100vw, 300px\" \/>\t\t\t\t\t\t\t\t\t\t\t\t\t\t\t<\/div>\n\t\t\t\t<div class=\"elementor-element elementor-element-c93d17d elementor-widget elementor-widget-text-editor\" data-id=\"c93d17d\" data-element_type=\"widget\" data-widget_type=\"text-editor.default\">\n\t\t\t\t\t\t\t\t\t<p>Il est \u00e9l\u00e9gant, color\u00e9 et unique : l&#039;h\u00f4tel \u00e9ph\u00e9m\u00e8re carpe solem KAPOOM* \u00e0 Kaprun ! Attendez-vous \u00e0 des \u0153uvres d&#039;art et de design extraordinaires, \u00e0 des chambres et suites aux couleurs vives et \u00e0 des appartements de marque individuels, \u00e0 un restaurant avec cuisine en direct et \u00e0 un espace bien-\u00eatre avec piscine, saunas et bien plus encore. Si vous souhaitez vivre l&#039;extraordinaire exp\u00e9rience pop-up, ne tardez pas trop, car ce concept n&#039;existe que jusqu&#039;en mars 2026. Il ne nous reste plus que maintenant !<\/p><p>+43 6547 7113<br \/><a href=\"mailto:kapoom@carpesolem.at\">kapoom@carpesolem.at<\/a><\/p>\t\t\t\t\t\t\t\t<\/div>\n\t\t\t\t<\/div>\n\t\t<div class=\"elementor-element elementor-element-8f2bee6 e-con-full e-flex e-con e-child\" data-id=\"8f2bee6\" data-element_type=\"container\" data-settings=\"{&quot;background_background&quot;:&quot;classic&quot;}\">\n\t\t\t\t<div class=\"elementor-element elementor-element-f621186 elementor-widget elementor-widget-image\" data-id=\"f621186\" data-element_type=\"widget\" data-widget_type=\"image.default\">\n\t\t\t\t\t\t\t\t\t\t\t\t\t\t\t<img loading=\"lazy\" decoding=\"async\" width=\"251\" height=\"200\" src=\"https:\/\/www.falkenair.com\/wp-content\/uploads\/2024\/02\/cella.png\" class=\"attachment-medium size-medium wp-image-4171\" alt=\"cellule centrale\" srcset=\"https:\/\/www.falkenair.com\/wp-content\/uploads\/2024\/02\/cella.png 251w, https:\/\/www.falkenair.com\/wp-content\/uploads\/2024\/02\/cella-15x12.png 15w\" sizes=\"(max-width: 251px) 100vw, 251px\" \/>\t\t\t\t\t\t\t\t\t\t\t\t\t\t\t<\/div>\n\t\t\t\t<div class=\"elementor-element elementor-element-7d115e6 elementor-widget elementor-widget-text-editor\" data-id=\"7d115e6\" data-element_type=\"widget\" data-widget_type=\"text-editor.default\">\n\t\t\t\t\t\t\t\t\t<p>Cellule centrale de Zell am See<\/p><p><a href=\"mailto:hotel@cella-central.com\">h\u00f4tel@cella-central.com<\/a><br \/>+43 6542 72 549<\/p>\t\t\t\t\t\t\t\t<\/div>\n\t\t\t\t<\/div>\n\t\t<div class=\"elementor-element elementor-element-9b9425b e-con-full e-flex e-con e-child\" data-id=\"9b9425b\" data-element_type=\"container\" data-settings=\"{&quot;background_background&quot;:&quot;classic&quot;}\">\n\t\t\t\t<div class=\"elementor-element elementor-element-36266e3 elementor-widget elementor-widget-image\" data-id=\"36266e3\" data-element_type=\"widget\" data-widget_type=\"image.default\">\n\t\t\t\t\t\t\t\t\t\t\t\t\t\t\t<img loading=\"lazy\" decoding=\"async\" width=\"225\" height=\"225\" src=\"https:\/\/www.falkenair.com\/wp-content\/uploads\/2025\/03\/post.png\" class=\"attachment-medium size-medium wp-image-7267\" alt=\"\" srcset=\"https:\/\/www.falkenair.com\/wp-content\/uploads\/2025\/03\/post.png 225w, https:\/\/www.falkenair.com\/wp-content\/uploads\/2025\/03\/post-150x150.png 150w, https:\/\/www.falkenair.com\/wp-content\/uploads\/2025\/03\/post-12x12.png 12w\" sizes=\"(max-width: 225px) 100vw, 225px\" \/>\t\t\t\t\t\t\t\t\t\t\t\t\t\t\t<\/div>\n\t\t\t\t<div class=\"elementor-element elementor-element-a89598d elementor-widget elementor-widget-text-editor\" data-id=\"a89598d\" data-element_type=\"widget\" data-widget_type=\"text-editor.default\">\n\t\t\t\t\t\t\t\t\t<p>Votre h\u00f4tel quatre \u00e9toiles Neue Post impressionne par sa combinaison d&#039;\u00e9quipements modernes et de charme traditionnel de Salzbourg. Nous marquons \u00e9galement des points par notre emplacement unique, une oasis de verdure au milieu de la ville et pourtant \u00e0 seulement quelques minutes \u00e0 pied des pistes de ski, du lac et de la gare de Zell am See.<\/p><p><a href=\"mailto:info@neuepost.at\">info@neuepost.at<\/a><br \/>+43 6542 73 773<\/p>\t\t\t\t\t\t\t\t<\/div>\n\t\t\t\t<\/div>\n\t\t<div class=\"elementor-element elementor-element-18534bd e-con-full e-flex e-con e-child\" data-id=\"18534bd\" data-element_type=\"container\" data-settings=\"{&quot;background_background&quot;:&quot;classic&quot;}\">\n\t\t\t\t<div class=\"elementor-element elementor-element-54dae7c elementor-widget elementor-widget-image\" data-id=\"54dae7c\" data-element_type=\"widget\" data-widget_type=\"image.default\">\n\t\t\t\t\t\t\t\t\t\t\t\t\t\t\t<img loading=\"lazy\" decoding=\"async\" width=\"300\" height=\"300\" src=\"https:\/\/www.falkenair.com\/wp-content\/uploads\/2024\/07\/das-falkenstein-logo-original-rgb-4c-300x300.jpg\" class=\"attachment-medium size-medium wp-image-5588\" alt=\"Logo Falkenstein Kaprun\" srcset=\"https:\/\/www.falkenair.com\/wp-content\/uploads\/2024\/07\/das-falkenstein-logo-original-rgb-4c-300x300.jpg 300w, https:\/\/www.falkenair.com\/wp-content\/uploads\/2024\/07\/das-falkenstein-logo-original-rgb-4c-1024x1024.jpg 1024w, https:\/\/www.falkenair.com\/wp-content\/uploads\/2024\/07\/das-falkenstein-logo-original-rgb-4c-150x150.jpg 150w, https:\/\/www.falkenair.com\/wp-content\/uploads\/2024\/07\/das-falkenstein-logo-original-rgb-4c-768x768.jpg 768w, https:\/\/www.falkenair.com\/wp-content\/uploads\/2024\/07\/das-falkenstein-logo-original-rgb-4c-1536x1536.jpg 1536w, https:\/\/www.falkenair.com\/wp-content\/uploads\/2024\/07\/das-falkenstein-logo-original-rgb-4c-12x12.jpg 12w, https:\/\/www.falkenair.com\/wp-content\/uploads\/2024\/07\/das-falkenstein-logo-original-rgb-4c.jpg 1800w\" sizes=\"(max-width: 300px) 100vw, 300px\" \/>\t\t\t\t\t\t\t\t\t\t\t\t\t\t\t<\/div>\n\t\t\t\t<div class=\"elementor-element elementor-element-41672d6 elementor-widget elementor-widget-text-editor\" data-id=\"41672d6\" data-element_type=\"widget\" data-widget_type=\"text-editor.default\">\n\t\t\t\t\t\t\t\t\t<p>L&#039;h\u00f4tel Falkenstein**** \u00e0 Kaprun allie tradition autrichienne et style de vie moderne. Apr\u00e8s une longue journ\u00e9e sur les pistes, une s\u00e9ance de VTT en sueur ou une excursion en parapente avec le patron de la maison, vous pourrez vous d\u00e9tendre dans le sauna ext\u00e9rieur, avec une s\u00e9ance de yoga ou dans le spacieux espace bien-\u00eatre.<\/p><p>Famille Nindl<br \/><a href=\"mailto:sporthotel@falkenstein.at\">sporthotel@falkenstein.at<\/a><br \/>+43 6547 7122<\/p>\t\t\t\t\t\t\t\t<\/div>\n\t\t\t\t<\/div>\n\t\t<div class=\"elementor-element elementor-element-865069e e-con-full e-flex e-con e-child\" data-id=\"865069e\" data-element_type=\"container\" data-settings=\"{&quot;background_background&quot;:&quot;classic&quot;}\">\n\t\t\t\t<div class=\"elementor-element elementor-element-f2243dc elementor-widget elementor-widget-image\" data-id=\"f2243dc\" data-element_type=\"widget\" data-widget_type=\"image.default\">\n\t\t\t\t\t\t\t\t\t\t\t\t\t\t\t<img loading=\"lazy\" decoding=\"async\" width=\"224\" height=\"225\" src=\"https:\/\/www.falkenair.com\/wp-content\/uploads\/2024\/02\/alpin-zell.jpeg\" class=\"attachment-medium size-medium wp-image-4163\" alt=\"alpin\" srcset=\"https:\/\/www.falkenair.com\/wp-content\/uploads\/2024\/02\/alpin-zell.jpeg 224w, https:\/\/www.falkenair.com\/wp-content\/uploads\/2024\/02\/alpin-zell-150x150.jpeg 150w, https:\/\/www.falkenair.com\/wp-content\/uploads\/2024\/02\/alpin-zell-12x12.jpeg 12w\" sizes=\"(max-width: 224px) 100vw, 224px\" \/>\t\t\t\t\t\t\t\t\t\t\t\t\t\t\t<\/div>\n\t\t\t\t<div class=\"elementor-element elementor-element-055f36c elementor-widget elementor-widget-text-editor\" data-id=\"055f36c\" data-element_type=\"widget\" data-widget_type=\"text-editor.default\">\n\t\t\t\t\t\t\t\t\t<p>Votre h\u00f4tel familial \u00e0 Zell am See. Hospitalit\u00e9 avec conviction!<\/p><p><a href=\"mailto:welcome@sporthotelalpin.com\">bienvenue@sporthotelalpin.com<\/a><br \/>+43 6542 769<\/p>\t\t\t\t\t\t\t\t<\/div>\n\t\t\t\t<\/div>\n\t\t<div class=\"elementor-element elementor-element-52e33c9 e-con-full e-flex e-con e-child\" data-id=\"52e33c9\" data-element_type=\"container\" data-settings=\"{&quot;background_background&quot;:&quot;classic&quot;}\">\n\t\t\t\t<div class=\"elementor-element elementor-element-798ab67 elementor-widget elementor-widget-image\" data-id=\"798ab67\" data-element_type=\"widget\" data-widget_type=\"image.default\">\n\t\t\t\t\t\t\t\t\t\t\t\t\t\t\t<img loading=\"lazy\" decoding=\"async\" width=\"300\" height=\"157\" src=\"https:\/\/www.falkenair.com\/wp-content\/uploads\/2024\/02\/mavida-300x157.png\" class=\"attachment-medium size-medium wp-image-4190\" alt=\"Haidvogl\" srcset=\"https:\/\/www.falkenair.com\/wp-content\/uploads\/2024\/02\/mavida-300x157.png 300w, https:\/\/www.falkenair.com\/wp-content\/uploads\/2024\/02\/mavida-18x9.png 18w, https:\/\/www.falkenair.com\/wp-content\/uploads\/2024\/02\/mavida.png 310w\" sizes=\"(max-width: 300px) 100vw, 300px\" \/>\t\t\t\t\t\t\t\t\t\t\t\t\t\t\t<\/div>\n\t\t\t\t<div class=\"elementor-element elementor-element-e8b0260 elementor-widget elementor-widget-text-editor\" data-id=\"e8b0260\" data-element_type=\"widget\" data-widget_type=\"text-editor.default\">\n\t\t\t\t\t\t\t\t\t<p>Le HAIDVOGL MAVIDA Zell am See est situ\u00e9 au milieu du paysage montagneux spectaculaire des Alpes autrichiennes, \u00e0 quelques minutes \u00e0 pied de la station inf\u00e9rieure du domaine skiable et de randonn\u00e9e de Schmittenh\u00f6he et non loin du lac cristallin de Zeller.<\/p><p><a href=\"mailto:info@mavida.at\">info@mavida.at<\/a><br \/>+43 6542 5410<\/p>\t\t\t\t\t\t\t\t<\/div>\n\t\t\t\t<\/div>\n\t\t<div class=\"elementor-element elementor-element-6dce2c6 e-con-full e-flex e-con e-child\" data-id=\"6dce2c6\" data-element_type=\"container\" data-settings=\"{&quot;background_background&quot;:&quot;classic&quot;}\">\n\t\t\t\t<div class=\"elementor-element elementor-element-77a0d41 elementor-widget elementor-widget-image\" data-id=\"77a0d41\" data-element_type=\"widget\" data-widget_type=\"image.default\">\n\t\t\t\t\t\t\t\t\t\t\t\t\t\t\t<img loading=\"lazy\" decoding=\"async\" width=\"300\" height=\"300\" src=\"https:\/\/www.falkenair.com\/wp-content\/uploads\/2025\/03\/gruener-baum-300x300.jpg\" class=\"attachment-medium size-medium wp-image-7257\" alt=\"\" srcset=\"https:\/\/www.falkenair.com\/wp-content\/uploads\/2025\/03\/gruener-baum-300x300.jpg 300w, https:\/\/www.falkenair.com\/wp-content\/uploads\/2025\/03\/gruener-baum-150x150.jpg 150w, https:\/\/www.falkenair.com\/wp-content\/uploads\/2025\/03\/gruener-baum-768x768.jpg 768w, https:\/\/www.falkenair.com\/wp-content\/uploads\/2025\/03\/gruener-baum-12x12.jpg 12w, https:\/\/www.falkenair.com\/wp-content\/uploads\/2025\/03\/gruener-baum.jpg 900w\" sizes=\"(max-width: 300px) 100vw, 300px\" \/>\t\t\t\t\t\t\t\t\t\t\t\t\t\t\t<\/div>\n\t\t\t\t<div class=\"elementor-element elementor-element-49a223f elementor-widget elementor-widget-text-editor\" data-id=\"49a223f\" data-element_type=\"widget\" data-widget_type=\"text-editor.default\">\n\t\t\t\t\t\t\t\t\t<div><p>L&#039;emplacement au sommet de l&#039;Arbre Vert sera \u00e0 votre avantage. Vous vous enregistrez, garez votre voiture dans le garage souterrain et nous retrouvez \u00e0 la r\u00e9ception.<\/p><p>\u00cates-vous pr\u00eat pour des vacances actives, relaxantes et agr\u00e9ables ? Bienvenue chez nous !<\/p><\/div><div><a href=\"mailto:hotel@gruener-baum.at\">hotel@gruener-baum.at<\/a><\/div><div>+43 6542 771<\/div>\t\t\t\t\t\t\t\t<\/div>\n\t\t\t\t<\/div>\n\t\t<div class=\"elementor-element elementor-element-c77be5c e-con-full e-flex e-con e-child\" data-id=\"c77be5c\" data-element_type=\"container\" data-settings=\"{&quot;background_background&quot;:&quot;classic&quot;}\">\n\t\t\t\t<div class=\"elementor-element elementor-element-37f1cd1 elementor-widget elementor-widget-image\" data-id=\"37f1cd1\" data-element_type=\"widget\" data-widget_type=\"image.default\">\n\t\t\t\t\t\t\t\t\t\t\t\t\t\t\t<img loading=\"lazy\" decoding=\"async\" width=\"300\" height=\"117\" src=\"https:\/\/www.falkenair.com\/wp-content\/uploads\/2024\/05\/thumbnail_817386_746x466-latini-300x117.jpeg\" class=\"attachment-medium size-medium wp-image-5155\" alt=\"Latine\" srcset=\"https:\/\/www.falkenair.com\/wp-content\/uploads\/2024\/05\/thumbnail_817386_746x466-latini-300x117.jpeg 300w, https:\/\/www.falkenair.com\/wp-content\/uploads\/2024\/05\/thumbnail_817386_746x466-latini-18x7.jpeg 18w, https:\/\/www.falkenair.com\/wp-content\/uploads\/2024\/05\/thumbnail_817386_746x466-latini.jpeg 746w\" sizes=\"(max-width: 300px) 100vw, 300px\" \/>\t\t\t\t\t\t\t\t\t\t\t\t\t\t\t<\/div>\n\t\t\t\t<div class=\"elementor-element elementor-element-024946d elementor-widget elementor-widget-text-editor\" data-id=\"024946d\" data-element_type=\"widget\" data-widget_type=\"text-editor.default\">\n\t\t\t\t\t\t\t\t\t<p>Notre \u00e9l\u00e9gant h\u00f4tel 4* Latini vous accueille dans le petit quartier de Sch\u00fcttdorf, entour\u00e9 des sommets \u00e0 couper le souffle du Hohe Tauern et du lac Zell. Apr\u00e8s seulement cinq minutes de marche, vous arriverez \u00e0 la station de remont\u00e9e areitXpress et apr\u00e8s 15 minutes, vous atteindrez la plage de Seespitz. Vous voyez, l&#039;H\u00f4tel Latini**** est le point de d\u00e9part id\u00e9al pour des exp\u00e9riences extraordinaires \u00e0 tout moment de l&#039;ann\u00e9e.<\/p><p>Nous rendons votre s\u00e9jour inoubliable, nous vous chouchoutons, nous vous mettons le sourire !<\/p><p><a href=\"mailto:office@latini.at\">bureau@latini.at<\/a><br \/>+43 6542 5425<\/p>\t\t\t\t\t\t\t\t<\/div>\n\t\t\t\t<\/div>\n\t\t<div class=\"elementor-element elementor-element-5c852de e-con-full e-flex e-con e-child\" data-id=\"5c852de\" data-element_type=\"container\" data-settings=\"{&quot;background_background&quot;:&quot;classic&quot;}\">\n\t\t\t\t<div class=\"elementor-element elementor-element-039a93e elementor-widget elementor-widget-image\" data-id=\"039a93e\" data-element_type=\"widget\" data-widget_type=\"image.default\">\n\t\t\t\t\t\t\t\t\t\t\t\t\t\t\t<img loading=\"lazy\" decoding=\"async\" width=\"300\" height=\"139\" src=\"https:\/\/www.falkenair.com\/wp-content\/uploads\/2025\/05\/felben_logo_positiv_rgb-300x139.jpg\" class=\"attachment-medium size-medium wp-image-7369\" alt=\"h\u00f4tel Felben\" srcset=\"https:\/\/www.falkenair.com\/wp-content\/uploads\/2025\/05\/felben_logo_positiv_rgb-300x139.jpg 300w, https:\/\/www.falkenair.com\/wp-content\/uploads\/2025\/05\/felben_logo_positiv_rgb-1024x474.jpg 1024w, https:\/\/www.falkenair.com\/wp-content\/uploads\/2025\/05\/felben_logo_positiv_rgb-768x355.jpg 768w, https:\/\/www.falkenair.com\/wp-content\/uploads\/2025\/05\/felben_logo_positiv_rgb-1536x710.jpg 1536w, https:\/\/www.falkenair.com\/wp-content\/uploads\/2025\/05\/felben_logo_positiv_rgb-scaled.jpg 2048w, https:\/\/www.falkenair.com\/wp-content\/uploads\/2025\/05\/felben_logo_positiv_rgb-18x8.jpg 18w\" sizes=\"(max-width: 300px) 100vw, 300px\" \/>\t\t\t\t\t\t\t\t\t\t\t\t\t\t\t<\/div>\n\t\t\t\t<div class=\"elementor-element elementor-element-a1bf7c7 elementor-widget elementor-widget-text-editor\" data-id=\"a1bf7c7\" data-element_type=\"widget\" data-widget_type=\"text-editor.default\">\n\t\t\t\t\t\t\t\t\t<p>Le Kinderhotel Felben \u00e0 Mittersill est l&#039;endroit id\u00e9al pour des vacances en famille avec c\u0153ur.<\/p><p>Une aire de jeux d&#039;aventure de 8 000 m\u00b2, dix aires de jeux int\u00e9rieures cr\u00e9atives et notre propre ferme biologique avec zoo pour enfants, promenades \u00e0 poney et notre propre \u00e9cole d&#039;\u00e9quitation font battre plus fort le c\u0153ur des familles.<\/p><p>La piscine int\u00e9rieure de 500 m\u00b2 avec un toboggan tubulaire de 56 m offre du plaisir pour tous les \u00e2ges, quelle que soit la m\u00e9t\u00e9o.<\/p><p>Avec une restauration tout compris, l&#039;h\u00f4tel propose \u00e9galement une exp\u00e9rience culinaire qui garantit une sensation de vacances sans limites.<\/p><p><a href=\"mailto:info@felben.at\">info@felben.at<\/a><br \/>+43 6562 4407<\/p>\t\t\t\t\t\t\t\t<\/div>\n\t\t\t\t<\/div>\n\t\t<div class=\"elementor-element elementor-element-34a77d4 e-con-full e-flex e-con e-child\" data-id=\"34a77d4\" data-element_type=\"container\" data-settings=\"{&quot;background_background&quot;:&quot;classic&quot;}\">\n\t\t\t\t<div class=\"elementor-element elementor-element-03ffba0 elementor-widget elementor-widget-image\" data-id=\"03ffba0\" data-element_type=\"widget\" data-widget_type=\"image.default\">\n\t\t\t\t\t\t\t\t\t\t\t\t\t\t\t<img loading=\"lazy\" decoding=\"async\" width=\"271\" height=\"186\" src=\"https:\/\/www.falkenair.com\/wp-content\/uploads\/2024\/02\/freiberg.png\" class=\"attachment-medium size-medium wp-image-4175\" alt=\"Friberg\" srcset=\"https:\/\/www.falkenair.com\/wp-content\/uploads\/2024\/02\/freiberg.png 271w, https:\/\/www.falkenair.com\/wp-content\/uploads\/2024\/02\/freiberg-18x12.png 18w\" sizes=\"(max-width: 271px) 100vw, 271px\" \/>\t\t\t\t\t\t\t\t\t\t\t\t\t\t\t<\/div>\n\t\t\t\t<div class=\"elementor-element elementor-element-bec934f elementor-widget elementor-widget-text-editor\" data-id=\"bec934f\" data-element_type=\"widget\" data-widget_type=\"text-editor.default\">\n\t\t\t\t\t\t\t\t\t<p>Villa Seevilla Freiberg Zell am See<\/p><p><a href=\"mailto:info@seevilla-freiberg.at\">info@seevilla-freiberg.at<\/a><br \/>+43 6542 72 643<\/p>\t\t\t\t\t\t\t\t<\/div>\n\t\t\t\t<\/div>\n\t\t<div class=\"elementor-element elementor-element-351e81d e-con-full e-flex e-con e-child\" data-id=\"351e81d\" data-element_type=\"container\" data-settings=\"{&quot;background_background&quot;:&quot;classic&quot;}\">\n\t\t\t\t<div class=\"elementor-element elementor-element-ad4fdb5 elementor-widget elementor-widget-image\" data-id=\"ad4fdb5\" data-element_type=\"widget\" data-widget_type=\"image.default\">\n\t\t\t\t\t\t\t\t\t\t\t\t\t\t\t<img loading=\"lazy\" decoding=\"async\" width=\"154\" height=\"155\" src=\"https:\/\/www.falkenair.com\/wp-content\/uploads\/2024\/02\/logo_signet-tirolerhof.svg\" class=\"attachment-medium size-medium wp-image-4180\" alt=\"Tirolerhof\" \/>\t\t\t\t\t\t\t\t\t\t\t\t\t\t\t<\/div>\n\t\t\t\t<div class=\"elementor-element elementor-element-9080721 elementor-widget elementor-widget-heading\" data-id=\"9080721\" data-element_type=\"widget\" data-widget_type=\"heading.default\">\n\t\t\t\t\t<h3 class=\"elementor-heading-title elementor-size-default\">Tirolerhof ****Sup\u00e9rieur<\/h3>\t\t\t\t<\/div>\n\t\t\t\t<div class=\"elementor-element elementor-element-86c3e37 elementor-widget elementor-widget-text-editor\" data-id=\"86c3e37\" data-element_type=\"widget\" data-widget_type=\"text-editor.default\">\n\t\t\t\t\t\t\t\t\t<div id=\"c56\" class=\"csc-default\"><div class=\"csc-header csc-header-n1\"><p>C&#039;est vraiment un endroit pour se sentir bien et profiter, l&#039;h\u00f4tel Tirolerhof 4 \u00e9toiles sup\u00e9rieur au centre de Zell am See. Avec son m\u00e9lange r\u00e9ussi de tradition, d&#039;ambiance \u00e9l\u00e9gante et une gamme compl\u00e8te d&#039;options de plaisir et de bien-\u00eatre, l&#039;h\u00f4tel Tirolerhof \u00e0 Zell am See, Salzbourg est l&#039;adresse de choix pour les vacanciers aux exigences sophistiqu\u00e9es.<\/p><\/div><\/div><p>Famille Posch<br \/><a href=\"mailto:welcome@tirolerhof.co.at\">bienvenue@tirolerhof.co.at<\/a><br \/>+43 6542 7720<\/p>\t\t\t\t\t\t\t\t<\/div>\n\t\t\t\t<\/div>\n\t\t<div class=\"elementor-element elementor-element-7013ec4 e-con-full e-flex e-con e-child\" data-id=\"7013ec4\" data-element_type=\"container\" data-settings=\"{&quot;background_background&quot;:&quot;classic&quot;}\">\n\t\t\t\t<div class=\"elementor-element elementor-element-dea9690 elementor-widget elementor-widget-image\" data-id=\"dea9690\" data-element_type=\"widget\" data-widget_type=\"image.default\">\n\t\t\t\t\t\t\t\t\t\t\t\t\t\t\t<img loading=\"lazy\" decoding=\"async\" width=\"300\" height=\"273\" src=\"https:\/\/www.falkenair.com\/wp-content\/uploads\/2024\/05\/ph_weiss-logo-neu-m-002-1-300x273.png\" class=\"attachment-medium size-medium wp-image-5135\" alt=\"Ferme de poneys\" srcset=\"https:\/\/www.falkenair.com\/wp-content\/uploads\/2024\/05\/ph_weiss-logo-neu-m-002-1-300x273.png 300w, https:\/\/www.falkenair.com\/wp-content\/uploads\/2024\/05\/ph_weiss-logo-neu-m-002-1-1024x931.png 1024w, https:\/\/www.falkenair.com\/wp-content\/uploads\/2024\/05\/ph_weiss-logo-neu-m-002-1-768x698.png 768w, https:\/\/www.falkenair.com\/wp-content\/uploads\/2024\/05\/ph_weiss-logo-neu-m-002-1-1536x1397.png 1536w, https:\/\/www.falkenair.com\/wp-content\/uploads\/2024\/05\/ph_weiss-logo-neu-m-002-1-13x12.png 13w, https:\/\/www.falkenair.com\/wp-content\/uploads\/2024\/05\/ph_weiss-logo-neu-m-002-1.png 1978w\" sizes=\"(max-width: 300px) 100vw, 300px\" \/>\t\t\t\t\t\t\t\t\t\t\t\t\t\t\t<\/div>\n\t\t\t\t<div class=\"elementor-element elementor-element-c998c9b elementor-widget elementor-widget-text-editor\" data-id=\"c998c9b\" data-element_type=\"widget\" data-widget_type=\"text-editor.default\">\n\t\t\t\t\t\t\t\t\t<p>Notre village de vacances est situ\u00e9 au pied du Gro\u00dfglockner, au c\u0153ur des Alpes de Salzbourg. Nous avons quelque chose pour toute la famille.<\/p><p>Apr\u00e8s une journ\u00e9e bien remplie, les adultes pourront se d\u00e9tendre dans l&#039;espace bien-\u00eatre exclusif.<\/p><p>Nos petits h\u00f4tes jouent dans l&#039;une de nos salles de jeux ou passent du temps avec les animaux.<\/p><p><a href=\"mailto:info@feriendorf-ponyhof.com\">info@feriendorf-ponyhof.com<\/a><br \/>+43 6546 68 10<\/p>\t\t\t\t\t\t\t\t<\/div>\n\t\t\t\t<\/div>\n\t\t<div class=\"elementor-element elementor-element-8599f94 e-con-full e-flex e-con e-child\" data-id=\"8599f94\" data-element_type=\"container\" data-settings=\"{&quot;background_background&quot;:&quot;classic&quot;}\">\n\t\t\t\t<div class=\"elementor-element elementor-element-1ab8ab7 elementor-widget elementor-widget-image\" data-id=\"1ab8ab7\" data-element_type=\"widget\" data-widget_type=\"image.default\">\n\t\t\t\t\t\t\t\t\t\t\t\t\t\t\t<img loading=\"lazy\" decoding=\"async\" width=\"300\" height=\"243\" src=\"https:\/\/www.falkenair.com\/wp-content\/uploads\/2024\/02\/logo-hotel-300x243.png\" class=\"attachment-medium size-medium wp-image-4185\" alt=\"dieux\" srcset=\"https:\/\/www.falkenair.com\/wp-content\/uploads\/2024\/02\/logo-hotel-300x243.png 300w, https:\/\/www.falkenair.com\/wp-content\/uploads\/2024\/02\/logo-hotel-1024x831.png 1024w, https:\/\/www.falkenair.com\/wp-content\/uploads\/2024\/02\/logo-hotel-768x623.png 768w, https:\/\/www.falkenair.com\/wp-content\/uploads\/2024\/02\/logo-hotel-15x12.png 15w, https:\/\/www.falkenair.com\/wp-content\/uploads\/2024\/02\/logo-hotel.png 1262w\" sizes=\"(max-width: 300px) 100vw, 300px\" \/>\t\t\t\t\t\t\t\t\t\t\t\t\t\t\t<\/div>\n\t\t\t\t<div class=\"elementor-element elementor-element-cde3c85 elementor-widget elementor-widget-text-editor\" data-id=\"cde3c85\" data-element_type=\"widget\" data-widget_type=\"text-editor.default\">\n\t\t\t\t\t\t\t\t\t<p>Au V\u00f6tter&#039;s Hotel, vous pouvez passer vos vacances dans un endroit absolument paisible. Parall\u00e8lement, de nombreuses activit\u00e9s et moments de plaisir formidables et vari\u00e9s vous attendent \u00e0 proximit\u00e9 imm\u00e9diate.<\/p><p>Famille Votter<br \/><a href=\"mailto:hotel@voetterskaprun.com\">h\u00f4tel@voetterskaprun.com<\/a><br \/>+43 6547 71 340<\/p>\t\t\t\t\t\t\t\t<\/div>\n\t\t\t\t<\/div>\n\t\t<div class=\"elementor-element elementor-element-4f2c490 e-con-full e-flex e-con e-child\" data-id=\"4f2c490\" data-element_type=\"container\" data-settings=\"{&quot;background_background&quot;:&quot;classic&quot;}\">\n\t\t\t\t<div class=\"elementor-element elementor-element-9ba5c94 elementor-widget elementor-widget-image\" data-id=\"9ba5c94\" data-element_type=\"widget\" data-widget_type=\"image.default\">\n\t\t\t\t\t\t\t\t\t\t\t\t\t\t\t<img loading=\"lazy\" decoding=\"async\" width=\"300\" height=\"106\" src=\"https:\/\/www.falkenair.com\/wp-content\/uploads\/2024\/05\/schuet_1-300x106.png\" class=\"attachment-medium size-medium wp-image-5156\" alt=\"Sch\u00fctthof\" srcset=\"https:\/\/www.falkenair.com\/wp-content\/uploads\/2024\/05\/schuet_1-300x106.png 300w, https:\/\/www.falkenair.com\/wp-content\/uploads\/2024\/05\/schuet_1-768x272.png 768w, https:\/\/www.falkenair.com\/wp-content\/uploads\/2024\/05\/schuet_1-18x6.png 18w, https:\/\/www.falkenair.com\/wp-content\/uploads\/2024\/05\/schuet_1.png 859w\" sizes=\"(max-width: 300px) 100vw, 300px\" \/>\t\t\t\t\t\t\t\t\t\t\t\t\t\t\t<\/div>\n\t\t\t\t<div class=\"elementor-element elementor-element-6051cd4 elementor-widget elementor-widget-text-editor\" data-id=\"6051cd4\" data-element_type=\"widget\" data-widget_type=\"text-editor.default\">\n\t\t\t\t\t\t\t\t\t<p>Nous sommes impatients de vous accueillir \u00e0 Zell am See avec le charme autrichien, l&#039;hospitalit\u00e9 chaleureuse et toutes les commodit\u00e9s d&#039;un h\u00f4tel confortable et traditionnel. Profitez d&#039;une cuisine d\u00e9licieuse, d&#039;un service amical et d&#039;une vie agr\u00e9able dans un emplacement privil\u00e9gi\u00e9 \u00e0 proximit\u00e9 de la ville, du lac et des montagnes.<\/p><p>Avec nous, vous pourrez passer des journ\u00e9es de d\u00e9tente au spa Vulcano, dans la magnifique nature autour du lac de Zell ou en pratiquant des activit\u00e9s sportives comme le ski, le v\u00e9lo, le golf, la randonn\u00e9e et bien plus encore.<\/p><p>Vous verrez : tout cela fait de l\u2019H\u00f4tel Der Sch\u00fctthof votre adresse de vacances id\u00e9ale. Laissez-nous vous chouchouter !<\/p><p><a href=\"mailto:schuetthof@latini.at\">schuetthof@latini.at<\/a><br \/>+43 6542 5422<\/p>\t\t\t\t\t\t\t\t<\/div>\n\t\t\t\t<\/div>\n\t\t<div class=\"elementor-element elementor-element-e67e5d9 e-con-full e-flex e-con e-child\" data-id=\"e67e5d9\" data-element_type=\"container\" data-settings=\"{&quot;background_background&quot;:&quot;classic&quot;}\">\n\t\t\t\t<div class=\"elementor-element elementor-element-0de656b elementor-widget elementor-widget-image\" data-id=\"0de656b\" data-element_type=\"widget\" data-widget_type=\"image.default\">\n\t\t\t\t\t\t\t\t\t\t\t\t\t\t\t<img loading=\"lazy\" decoding=\"async\" width=\"225\" height=\"225\" src=\"https:\/\/www.falkenair.com\/wp-content\/uploads\/2024\/05\/images.jpg\" class=\"attachment-medium size-medium wp-image-5145\" alt=\"Waldhof Zell\" srcset=\"https:\/\/www.falkenair.com\/wp-content\/uploads\/2024\/05\/images.jpg 225w, https:\/\/www.falkenair.com\/wp-content\/uploads\/2024\/05\/images-150x150.jpg 150w, https:\/\/www.falkenair.com\/wp-content\/uploads\/2024\/05\/images-12x12.jpg 12w\" sizes=\"(max-width: 225px) 100vw, 225px\" \/>\t\t\t\t\t\t\t\t\t\t\t\t\t\t\t<\/div>\n\t\t\t\t<div class=\"elementor-element elementor-element-f09a2c2 elementor-widget elementor-widget-text-editor\" data-id=\"f09a2c2\" data-element_type=\"widget\" data-widget_type=\"text-editor.default\">\n\t\t\t\t\t\t\t\t\t<p>Bienvenue \u00e0 l&#039;h\u00f4tel Der Waldhof dans la belle ville de Zell am See.\u00a0<\/p><p>Dans l&#039;h\u00f4tel familial de Zell am See, vous pourrez profiter d&#039;un confort original dans une atmosph\u00e8re chaleureuse, combin\u00e9 au confort d&#039;un h\u00f4tel 4 \u00e9toiles. Les soins personnels passent avant tout.<\/p><p><a href=\"mailto:info@derwaldhof.at\">info@derwaldhof.at<\/a><br \/>+43 6542 775<\/p>\t\t\t\t\t\t\t\t<\/div>\n\t\t\t\t<\/div>\n\t\t<div class=\"elementor-element elementor-element-1dfe82c e-con-full e-flex e-con e-child\" data-id=\"1dfe82c\" data-element_type=\"container\" data-settings=\"{&quot;background_background&quot;:&quot;classic&quot;}\">\n\t\t\t\t<div class=\"elementor-element elementor-element-22fc123 elementor-widget elementor-widget-image\" data-id=\"22fc123\" data-element_type=\"widget\" data-widget_type=\"image.default\">\n\t\t\t\t\t\t\t\t\t\t\t\t\t\t\t<img loading=\"lazy\" decoding=\"async\" width=\"300\" height=\"111\" src=\"https:\/\/www.falkenair.com\/wp-content\/uploads\/2024\/02\/logo-peopleshotel-rgb-300x111.jpg\" class=\"attachment-medium size-medium wp-image-4187\" alt=\"personnes\" srcset=\"https:\/\/www.falkenair.com\/wp-content\/uploads\/2024\/02\/logo-peopleshotel-rgb-300x111.jpg 300w, https:\/\/www.falkenair.com\/wp-content\/uploads\/2024\/02\/logo-peopleshotel-rgb-1024x379.jpg 1024w, https:\/\/www.falkenair.com\/wp-content\/uploads\/2024\/02\/logo-peopleshotel-rgb-768x284.jpg 768w, https:\/\/www.falkenair.com\/wp-content\/uploads\/2024\/02\/logo-peopleshotel-rgb-1536x568.jpg 1536w, https:\/\/www.falkenair.com\/wp-content\/uploads\/2024\/02\/logo-peopleshotel-rgb-18x7.jpg 18w, https:\/\/www.falkenair.com\/wp-content\/uploads\/2024\/02\/logo-peopleshotel-rgb.jpg 1813w\" sizes=\"(max-width: 300px) 100vw, 300px\" \/>\t\t\t\t\t\t\t\t\t\t\t\t\t\t\t<\/div>\n\t\t\t\t<div class=\"elementor-element elementor-element-79e7ba2 elementor-widget elementor-widget-text-editor\" data-id=\"79e7ba2\" data-element_type=\"widget\" data-widget_type=\"text-editor.default\">\n\t\t\t\t\t\t\t\t\t<p>Des traditions, autrefois librement pens\u00e9es. Quelque chose de compl\u00e8tement diff\u00e9rent, mais toujours familier.<\/p><p>Le moment id\u00e9al pour cela, c\u2019est MAINTENANT\u00a0! Parce que rien n\u2019a plus de pouvoir que le moment pr\u00e9sent. C&#039;est pourquoi NOUS cr\u00e9ons un lieu d&#039;enthousiasme et de rencontre pour des personnes partageant les m\u00eames id\u00e9es chez Here &amp; Now.<\/p><p><a href=\"mailto:info@peopleshotel.at\">info@peopleshotel.at<\/a><br \/>+43 6547 7240<\/p>\t\t\t\t\t\t\t\t<\/div>\n\t\t\t\t<\/div>\n\t\t<div class=\"elementor-element elementor-element-dfddf70 e-con-full e-flex e-con e-child\" data-id=\"dfddf70\" data-element_type=\"container\" data-settings=\"{&quot;background_background&quot;:&quot;classic&quot;}\">\n\t\t\t\t<div class=\"elementor-element elementor-element-47e01af elementor-widget elementor-widget-image\" data-id=\"47e01af\" data-element_type=\"widget\" data-widget_type=\"image.default\">\n\t\t\t\t\t\t\t\t\t\t\t\t\t\t\t<img loading=\"lazy\" decoding=\"async\" width=\"300\" height=\"127\" src=\"https:\/\/www.falkenair.com\/wp-content\/uploads\/2024\/02\/woferl-300x127.jpeg\" class=\"attachment-medium size-medium wp-image-4211\" alt=\"bien\" srcset=\"https:\/\/www.falkenair.com\/wp-content\/uploads\/2024\/02\/woferl-300x127.jpeg 300w, https:\/\/www.falkenair.com\/wp-content\/uploads\/2024\/02\/woferl-18x8.jpeg 18w, https:\/\/www.falkenair.com\/wp-content\/uploads\/2024\/02\/woferl.jpeg 344w\" sizes=\"(max-width: 300px) 100vw, 300px\" \/>\t\t\t\t\t\t\t\t\t\t\t\t\t\t\t<\/div>\n\t\t\t\t<div class=\"elementor-element elementor-element-82e92ee elementor-widget elementor-widget-text-editor\" data-id=\"82e92ee\" data-element_type=\"widget\" data-widget_type=\"text-editor.default\">\n\t\t\t\t\t\t\t\t\t<p>Les campeurs aiment l&#039;ind\u00e9pendance et l&#039;excellente qualit\u00e9. Dans notre camping 5 \u00e9toiles prim\u00e9, vous pourrez profiter \u00e9t\u00e9 comme hiver de vacances en pleine nature, avec vue sur le Kitzsteinhorn enneig\u00e9 et les extras des services inclus.<\/p><p>+43 6545 730 30<br \/><a href=\"mailto:info@sportcamp.at\">info@sportcamp.at<\/a><\/p>\t\t\t\t\t\t\t\t<\/div>\n\t\t\t\t<\/div>\n\t\t<div class=\"elementor-element elementor-element-7ccee4a e-con-full e-flex e-con e-child\" data-id=\"7ccee4a\" data-element_type=\"container\" data-settings=\"{&quot;background_background&quot;:&quot;classic&quot;}\">\n\t\t\t\t<div class=\"elementor-element elementor-element-f4bc1af elementor-widget elementor-widget-image\" data-id=\"f4bc1af\" data-element_type=\"widget\" data-widget_type=\"image.default\">\n\t\t\t\t\t\t\t\t\t\t\t\t\t\t\t<img loading=\"lazy\" decoding=\"async\" width=\"300\" height=\"300\" src=\"https:\/\/www.falkenair.com\/wp-content\/uploads\/2024\/02\/mh_logo_luis_black_neu-300x300.png\" class=\"attachment-medium size-medium wp-image-4191\" alt=\"h\u00f4tel luis\" srcset=\"https:\/\/www.falkenair.com\/wp-content\/uploads\/2024\/02\/mh_logo_luis_black_neu-300x300.png 300w, https:\/\/www.falkenair.com\/wp-content\/uploads\/2024\/02\/mh_logo_luis_black_neu-1024x1024.png 1024w, https:\/\/www.falkenair.com\/wp-content\/uploads\/2024\/02\/mh_logo_luis_black_neu-150x150.png 150w, https:\/\/www.falkenair.com\/wp-content\/uploads\/2024\/02\/mh_logo_luis_black_neu-768x768.png 768w, https:\/\/www.falkenair.com\/wp-content\/uploads\/2024\/02\/mh_logo_luis_black_neu-1536x1536.png 1536w, https:\/\/www.falkenair.com\/wp-content\/uploads\/2024\/02\/mh_logo_luis_black_neu.png 2048w, https:\/\/www.falkenair.com\/wp-content\/uploads\/2024\/02\/mh_logo_luis_black_neu-12x12.png 12w\" sizes=\"(max-width: 300px) 100vw, 300px\" \/>\t\t\t\t\t\t\t\t\t\t\t\t\t\t\t<\/div>\n\t\t\t\t<div class=\"elementor-element elementor-element-3c78348 elementor-widget elementor-widget-text-editor\" data-id=\"3c78348\" data-element_type=\"widget\" data-widget_type=\"text-editor.default\">\n\t\t\t\t\t\t\t\t\t<p>Salut AMOUREUX DE LA MONTAGNE\u00a0! \u00cates-vous un de ces passionn\u00e9s de plein air comme nous ? Alors vous \u00eates au bon endroit au MOUNTAIN HOTEL LUIS \u00e0 Kaprun. Nous combinons un style de vie d\u00e9contract\u00e9 et alpin avec confort et qualit\u00e9. Nos appartements avec sommier \u00e0 ressorts, coin d\u00e9tente et machine \u00e0 caf\u00e9 sont votre r\u00e9sidence temporaire. Vous pourrez vous d\u00e9tendre dans l&#039;espace bien-\u00eatre dot\u00e9 d&#039;une piscine ext\u00e9rieure chauff\u00e9e et nos classiques culinaires frais du restaurant Luis&#039; Gardens vous donneront un regain d&#039;\u00e9nergie.<\/p><p><a href=\"mailto:luis@mountain-hotels.com\">luis@mountain-hotels.com<\/a><br \/>+43 6547 20630<\/p>\t\t\t\t\t\t\t\t<\/div>\n\t\t\t\t<\/div>\n\t\t<div class=\"elementor-element elementor-element-8868e76 e-con-full e-flex e-con e-child\" data-id=\"8868e76\" data-element_type=\"container\" data-settings=\"{&quot;background_background&quot;:&quot;classic&quot;}\">\n\t\t\t\t<div class=\"elementor-element elementor-element-1b72c79 elementor-widget elementor-widget-image\" data-id=\"1b72c79\" data-element_type=\"widget\" data-widget_type=\"image.default\">\n\t\t\t\t\t\t\t\t\t\t\t\t\t\t\t<img loading=\"lazy\" decoding=\"async\" width=\"225\" height=\"225\" src=\"https:\/\/www.falkenair.com\/wp-content\/uploads\/2024\/02\/bellevue.png\" class=\"attachment-medium size-medium wp-image-4167\" alt=\"Bellevue\" srcset=\"https:\/\/www.falkenair.com\/wp-content\/uploads\/2024\/02\/bellevue.png 225w, https:\/\/www.falkenair.com\/wp-content\/uploads\/2024\/02\/bellevue-150x150.png 150w, https:\/\/www.falkenair.com\/wp-content\/uploads\/2024\/02\/bellevue-12x12.png 12w\" sizes=\"(max-width: 225px) 100vw, 225px\" \/>\t\t\t\t\t\t\t\t\t\t\t\t\t\t\t<\/div>\n\t\t\t\t<div class=\"elementor-element elementor-element-d95042e elementor-widget elementor-widget-text-editor\" data-id=\"d95042e\" data-element_type=\"widget\" data-widget_type=\"text-editor.default\">\n\t\t\t\t\t\t\t\t\t<p>H\u00f4tel du Lac Bellevue<\/p><p><a href=\"mailto:info@seehotel-bellevue.at\">info@seehotel-bellevue.at<\/a><br \/>+43 6542 21 828<\/p>\t\t\t\t\t\t\t\t<\/div>\n\t\t\t\t<\/div>\n\t\t<div class=\"elementor-element elementor-element-1e4a029 e-con-full e-flex e-con e-child\" data-id=\"1e4a029\" data-element_type=\"container\" data-settings=\"{&quot;background_background&quot;:&quot;classic&quot;}\">\n\t\t\t\t<div class=\"elementor-element elementor-element-98afe71 elementor-widget elementor-widget-image\" data-id=\"98afe71\" data-element_type=\"widget\" data-widget_type=\"image.default\">\n\t\t\t\t\t\t\t\t\t\t\t\t\t\t\t<img loading=\"lazy\" decoding=\"async\" width=\"300\" height=\"90\" src=\"https:\/\/www.falkenair.com\/wp-content\/uploads\/2024\/02\/logo_margarethenst2022-300x90.jpg\" class=\"attachment-medium size-medium wp-image-4179\" alt=\"margarethenstein\" srcset=\"https:\/\/www.falkenair.com\/wp-content\/uploads\/2024\/02\/logo_margarethenst2022-300x90.jpg 300w, https:\/\/www.falkenair.com\/wp-content\/uploads\/2024\/02\/logo_margarethenst2022-1024x307.jpg 1024w, https:\/\/www.falkenair.com\/wp-content\/uploads\/2024\/02\/logo_margarethenst2022-768x231.jpg 768w, https:\/\/www.falkenair.com\/wp-content\/uploads\/2024\/02\/logo_margarethenst2022-1536x461.jpg 1536w, https:\/\/www.falkenair.com\/wp-content\/uploads\/2024\/02\/logo_margarethenst2022-scaled.jpg 2048w, https:\/\/www.falkenair.com\/wp-content\/uploads\/2024\/02\/logo_margarethenst2022-18x5.jpg 18w\" sizes=\"(max-width: 300px) 100vw, 300px\" \/>\t\t\t\t\t\t\t\t\t\t\t\t\t\t\t<\/div>\n\t\t\t\t<div class=\"elementor-element elementor-element-cb8879c elementor-widget elementor-widget-text-editor\" data-id=\"cb8879c\" data-element_type=\"widget\" data-widget_type=\"text-editor.default\">\n\t\t\t\t\t\t\t\t\t<p>Chaleureux \u2013 personnel \u2013 familier et \u00e9l\u00e9gant \u2013 c&#039;est ainsi que l&#039;on peut d\u00e9crire notre h\u00f4tel-boutique alpin Margarethenstein. Nous n&#039;inspirons pas seulement par une petite et belle retraite au milieu de montagnes impressionnantes, mais nous impressionnons surtout par ce qui est probablement l&#039;endroit le plus extraordinaire de tout Zell am See - Kaprun. Curieux?<\/p><p><a href=\"mailto:info@margarethenstein.at\">info@margarethenstein.at<\/a><br \/>+43 660 677 32 11<\/p>\t\t\t\t\t\t\t\t<\/div>\n\t\t\t\t<\/div>\n\t\t<div class=\"elementor-element elementor-element-461b882 e-con-full e-flex e-con e-child\" data-id=\"461b882\" data-element_type=\"container\" data-settings=\"{&quot;background_background&quot;:&quot;classic&quot;}\">\n\t\t\t\t<div class=\"elementor-element elementor-element-e8c9fd4 elementor-widget elementor-widget-image\" data-id=\"e8c9fd4\" data-element_type=\"widget\" data-widget_type=\"image.default\">\n\t\t\t\t\t\t\t\t\t\t\t\t\t\t\t<img loading=\"lazy\" decoding=\"async\" width=\"300\" height=\"84\" src=\"https:\/\/www.falkenair.com\/wp-content\/uploads\/2024\/02\/download-zell-kaprun-300x84.png\" class=\"attachment-medium size-medium wp-image-4210\" alt=\"Logo Zell-Kaprun\" srcset=\"https:\/\/www.falkenair.com\/wp-content\/uploads\/2024\/02\/download-zell-kaprun-300x84.png 300w, https:\/\/www.falkenair.com\/wp-content\/uploads\/2024\/02\/download-zell-kaprun-18x5.png 18w, https:\/\/www.falkenair.com\/wp-content\/uploads\/2024\/02\/download-zell-kaprun.png 423w\" sizes=\"(max-width: 300px) 100vw, 300px\" \/>\t\t\t\t\t\t\t\t\t\t\t\t\t\t\t<\/div>\n\t\t\t\t<div class=\"elementor-element elementor-element-4993326 elementor-widget elementor-widget-text-editor\" data-id=\"4993326\" data-element_type=\"widget\" data-widget_type=\"text-editor.default\">\n\t\t\t\t\t\t\t\t\t<p>Informations sur toutes les questions concernant vos vacances.<\/p><p><a href=\"mailto:welcome@zellamsee-kaprun.com\">bienvenue@zellamsee-kaprun.com<\/a><br \/>+43 6542 770<\/p>\t\t\t\t\t\t\t\t<\/div>\n\t\t\t\t<\/div>\n\t\t<div class=\"elementor-element elementor-element-b3ca2f2 e-con-full e-flex e-con e-child\" data-id=\"b3ca2f2\" data-element_type=\"container\" data-settings=\"{&quot;background_background&quot;:&quot;classic&quot;}\">\n\t\t\t\t<div class=\"elementor-element elementor-element-4aa400c elementor-widget elementor-widget-image\" data-id=\"4aa400c\" data-element_type=\"widget\" data-widget_type=\"image.default\">\n\t\t\t\t\t\t\t\t\t\t\t\t\t\t\t<img loading=\"lazy\" decoding=\"async\" width=\"240\" height=\"210\" src=\"https:\/\/www.falkenair.com\/wp-content\/uploads\/2024\/02\/bergfuehrer.png\" class=\"attachment-medium size-medium wp-image-4168\" alt=\"guide de montagne\" srcset=\"https:\/\/www.falkenair.com\/wp-content\/uploads\/2024\/02\/bergfuehrer.png 240w, https:\/\/www.falkenair.com\/wp-content\/uploads\/2024\/02\/bergfuehrer-14x12.png 14w\" sizes=\"(max-width: 240px) 100vw, 240px\" \/>\t\t\t\t\t\t\t\t\t\t\t\t\t\t\t<\/div>\n\t\t\t\t<div class=\"elementor-element elementor-element-6333bbf elementor-widget elementor-widget-text-editor\" data-id=\"6333bbf\" data-element_type=\"widget\" data-widget_type=\"text-editor.default\">\n\t\t\t\t\t\t\t\t\t<p><span class=\"s3\">Vos experts pour des randonn\u00e9es individuelles en montagne :\u00a0<\/span><span class=\"s3\">Tours alpins, escalade, via ferratas et randonn\u00e9es avec des guides de montagne<\/span><\/p><p><span class=\"s8\">+43 664 7500 76 28<\/span><span class=\"s8\">\u00a0(Andr\u00e9)<br \/><\/span><span class=\"s8\">+43 664 4308 795<\/span><span class=\"s8\">\u00a0(G\u00e9rald)<br \/><\/span><span class=\"s8\">+43 664 750 523 51<\/span><span class=\"s8\">\u00a0(Marque)<br \/><\/span><a href=\"mailto:info@bergfuehrer-zellkaprun.at\"><span class=\"s8\">info@bergfuehrer-zellkaprun.at<\/span><\/a><\/p>\t\t\t\t\t\t\t\t<\/div>\n\t\t\t\t<\/div>\n\t\t<div class=\"elementor-element elementor-element-e379051 e-con-full e-flex e-con e-child\" data-id=\"e379051\" data-element_type=\"container\" data-settings=\"{&quot;background_background&quot;:&quot;classic&quot;}\">\n\t\t\t\t<div class=\"elementor-element elementor-element-4655adc elementor-widget elementor-widget-image\" data-id=\"4655adc\" data-element_type=\"widget\" data-widget_type=\"image.default\">\n\t\t\t\t\t\t\t\t\t\t\t\t\t\t\t<img loading=\"lazy\" decoding=\"async\" width=\"225\" height=\"225\" src=\"https:\/\/www.falkenair.com\/wp-content\/uploads\/2024\/02\/baumbar.png\" class=\"attachment-medium size-medium wp-image-4166\" alt=\"arborable\" srcset=\"https:\/\/www.falkenair.com\/wp-content\/uploads\/2024\/02\/baumbar.png 225w, https:\/\/www.falkenair.com\/wp-content\/uploads\/2024\/02\/baumbar-150x150.png 150w, https:\/\/www.falkenair.com\/wp-content\/uploads\/2024\/02\/baumbar-12x12.png 12w\" sizes=\"(max-width: 225px) 100vw, 225px\" \/>\t\t\t\t\t\t\t\t\t\t\t\t\t\t\t<\/div>\n\t\t\t\t<div class=\"elementor-element elementor-element-5a406f0 elementor-widget elementor-widget-text-editor\" data-id=\"5a406f0\" data-element_type=\"widget\" data-widget_type=\"text-editor.default\">\n\t\t\t\t\t\t\t\t\t<p>La \u00ab nouvelle \u00bb barre d&#039;arbre ne laisse rien \u00e0 d\u00e9sirer \u2013 la qualit\u00e9 habituelle dans un nouveau style. Le m\u00e9lange de tradition vivante et d&#039;\u00e9l\u00e9ments modernes dans nos 7 diff\u00e9rentes salles promet des exp\u00e9riences culinaires de premier ordre.<\/p><p><a href=\"mailto:seeyou@baumbar.at\">\u00e0 bient\u00f4t@baumbar.at<\/a><br \/>+43 6547 8216<\/p>\t\t\t\t\t\t\t\t<\/div>\n\t\t\t\t<\/div>\n\t\t<div class=\"elementor-element elementor-element-135bff6 e-con-full e-flex e-con e-child\" data-id=\"135bff6\" data-element_type=\"container\" data-settings=\"{&quot;background_background&quot;:&quot;classic&quot;}\">\n\t\t\t\t<div class=\"elementor-element elementor-element-fafe391 elementor-widget elementor-widget-image\" data-id=\"fafe391\" data-element_type=\"widget\" data-widget_type=\"image.default\">\n\t\t\t\t\t\t\t\t\t\t\t\t\t\t\t<img loading=\"lazy\" decoding=\"async\" width=\"300\" height=\"183\" src=\"https:\/\/www.falkenair.com\/wp-content\/uploads\/2024\/02\/bruendl-sports-logojpg-300x183.webp\" class=\"attachment-medium size-medium wp-image-4170\" alt=\"Brundl\" srcset=\"https:\/\/www.falkenair.com\/wp-content\/uploads\/2024\/02\/bruendl-sports-logojpg-300x183.webp 300w, https:\/\/www.falkenair.com\/wp-content\/uploads\/2024\/02\/bruendl-sports-logojpg-18x12.webp 18w, https:\/\/www.falkenair.com\/wp-content\/uploads\/2024\/02\/bruendl-sports-logojpg.webp 336w\" sizes=\"(max-width: 300px) 100vw, 300px\" \/>\t\t\t\t\t\t\t\t\t\t\t\t\t\t\t<\/div>\n\t\t\t\t<div class=\"elementor-element elementor-element-5e361c3 elementor-widget elementor-widget-text-editor\" data-id=\"5e361c3\" data-element_type=\"widget\" data-widget_type=\"text-editor.default\">\n\t\t\t\t\t\t\t\t\t<p>Partenaire comp\u00e9tent \u00e9t\u00e9 comme hiver. Impressionne par sa gamme compl\u00e8te et offre \u00e0 nos clients le meilleur \u00e9quipement partout et o\u00f9 que ce soit !<\/p><p>Location de skis et snowboards, location de v\u00e9los, magasin de planches<br \/>+43 6547 8388<br \/><a href=\"mailto:contact@bruendl.at\">contact@bruendl.at<\/a><\/p>\t\t\t\t\t\t\t\t<\/div>\n\t\t\t\t<\/div>\n\t\t<div class=\"elementor-element elementor-element-a16c1ef e-con-full e-flex e-con e-child\" data-id=\"a16c1ef\" data-element_type=\"container\" data-settings=\"{&quot;background_background&quot;:&quot;classic&quot;}\">\n\t\t\t\t<div class=\"elementor-element elementor-element-e0ccdbf elementor-widget elementor-widget-image\" data-id=\"e0ccdbf\" data-element_type=\"widget\" data-widget_type=\"image.default\">\n\t\t\t\t\t\t\t\t\t\t\t\t\t\t\t<img loading=\"lazy\" decoding=\"async\" width=\"300\" height=\"212\" src=\"https:\/\/www.falkenair.com\/wp-content\/uploads\/2024\/02\/220321_xxl-300x212.jpg\" class=\"attachment-medium size-medium wp-image-4158\" alt=\"vitrier\" srcset=\"https:\/\/www.falkenair.com\/wp-content\/uploads\/2024\/02\/220321_xxl-300x212.jpg 300w, https:\/\/www.falkenair.com\/wp-content\/uploads\/2024\/02\/220321_xxl-1024x723.jpg 1024w, https:\/\/www.falkenair.com\/wp-content\/uploads\/2024\/02\/220321_xxl-768x542.jpg 768w, https:\/\/www.falkenair.com\/wp-content\/uploads\/2024\/02\/220321_xxl-1536x1085.jpg 1536w, https:\/\/www.falkenair.com\/wp-content\/uploads\/2024\/02\/220321_xxl-18x12.jpg 18w, https:\/\/www.falkenair.com\/wp-content\/uploads\/2024\/02\/220321_xxl.jpg 2048w\" sizes=\"(max-width: 300px) 100vw, 300px\" \/>\t\t\t\t\t\t\t\t\t\t\t\t\t\t\t<\/div>\n\t\t\t\t<div class=\"elementor-element elementor-element-67a832b elementor-widget elementor-widget-text-editor\" data-id=\"67a832b\" data-element_type=\"widget\" data-widget_type=\"text-editor.default\">\n\t\t\t\t\t\t\t\t\t<p>Une entreprise familiale au savoir-faire sans \u00e9gal ! La devise est : \u00ab\u00a0La qualit\u00e9 plut\u00f4t que la quantit\u00e9\u00a0\u00bb<\/p><p>Location de skis et snowboards, location de v\u00e9los, magasin de planches<\/p><p>+43 6547 8392<br \/><a href=\"mailto:info@sportglaser.at\">info@sportglaser.at<\/a><\/p>\t\t\t\t\t\t\t\t<\/div>\n\t\t\t\t<\/div>\n\t\t<div class=\"elementor-element elementor-element-c2f9cd6 e-con-full e-flex e-con e-child\" data-id=\"c2f9cd6\" data-element_type=\"container\" data-settings=\"{&quot;background_background&quot;:&quot;classic&quot;}\">\n\t\t\t\t<div class=\"elementor-element elementor-element-e5f7f66 elementor-widget elementor-widget-image\" data-id=\"e5f7f66\" data-element_type=\"widget\" data-widget_type=\"image.default\">\n\t\t\t\t\t\t\t\t\t\t\t\t\t\t\t<img loading=\"lazy\" decoding=\"async\" width=\"300\" height=\"52\" src=\"https:\/\/www.falkenair.com\/wp-content\/uploads\/2024\/01\/logo-oberschneider-300x52-1.jpg\" class=\"attachment-medium size-medium wp-image-3724\" alt=\"\" srcset=\"https:\/\/www.falkenair.com\/wp-content\/uploads\/2024\/01\/logo-oberschneider-300x52-1.jpg 300w, https:\/\/www.falkenair.com\/wp-content\/uploads\/2024\/01\/logo-oberschneider-300x52-1-18x3.jpg 18w\" sizes=\"(max-width: 300px) 100vw, 300px\" \/>\t\t\t\t\t\t\t\t\t\t\t\t\t\t\t<\/div>\n\t\t\t\t<div class=\"elementor-element elementor-element-40a5efe elementor-widget elementor-widget-text-editor\" data-id=\"40a5efe\" data-element_type=\"widget\" data-widget_type=\"text-editor.default\">\n\t\t\t\t\t\t\t\t\t<p>Ecole de ski et snowboard, location de ski et snowboard, magasin, \u00e9cole de ski pour enfants<\/p><p>+43 6547 8232<br \/><a href=\"mailto:office@ski-kaprun.com\">bureau@ski-kaprun.com<\/a><\/p>\t\t\t\t\t\t\t\t<\/div>\n\t\t\t\t<\/div>\n\t\t<div class=\"elementor-element elementor-element-cde4424 e-con-full e-flex e-con e-child\" data-id=\"cde4424\" data-element_type=\"container\" data-settings=\"{&quot;background_background&quot;:&quot;classic&quot;}\">\n\t\t\t\t<div class=\"elementor-element elementor-element-5693e67 elementor-widget elementor-widget-image\" data-id=\"5693e67\" data-element_type=\"widget\" data-widget_type=\"image.default\">\n\t\t\t\t\t\t\t\t\t\t\t\t\t\t\t<img loading=\"lazy\" decoding=\"async\" width=\"300\" height=\"94\" src=\"https:\/\/www.falkenair.com\/wp-content\/uploads\/2024\/02\/diele-300x94.png\" class=\"attachment-medium size-medium wp-image-4172\" alt=\"couloir\" srcset=\"https:\/\/www.falkenair.com\/wp-content\/uploads\/2024\/02\/diele-300x94.png 300w, https:\/\/www.falkenair.com\/wp-content\/uploads\/2024\/02\/diele-18x6.png 18w, https:\/\/www.falkenair.com\/wp-content\/uploads\/2024\/02\/diele.png 401w\" sizes=\"(max-width: 300px) 100vw, 300px\" \/>\t\t\t\t\t\t\t\t\t\t\t\t\t\t\t<\/div>\n\t\t\t\t<div class=\"elementor-element elementor-element-677cb9d elementor-widget elementor-widget-text-editor\" data-id=\"677cb9d\" data-element_type=\"widget\" data-widget_type=\"text-editor.default\">\n\t\t\t\t\t\t\t\t\t<p>Transformez la nuit en jour avec nous ! Nous faisons vraiment chauffer l&#039;ambiance pour vous dans notre bar apr\u00e8s-ski avec discoth\u00e8que et espace restaurant. Que ce soit en discoth\u00e8que en hiver ou sur la terrasse panoramique en \u00e9t\u00e9, il se passe beaucoup de choses toute l&#039;ann\u00e9e. Nous proposons \u00e0 nos h\u00f4tes un large choix de pizzas, de plats de p\u00e2tes et de burgers, de la bonne musique et des boissons maison !<\/p><p><a href=\"mailto:hirschi.diele@gmail.com\">hirschi.diele@gmail.com<\/a><br \/>+43 664 537 2497<\/p>\t\t\t\t\t\t\t\t<\/div>\n\t\t\t\t<\/div>\n\t\t<div class=\"elementor-element elementor-element-b154a25 e-con-full e-flex e-con e-child\" data-id=\"b154a25\" data-element_type=\"container\" data-settings=\"{&quot;background_background&quot;:&quot;classic&quot;}\">\n\t\t\t\t<div class=\"elementor-element elementor-element-49bf4de elementor-widget elementor-widget-image\" data-id=\"49bf4de\" data-element_type=\"widget\" data-widget_type=\"image.default\">\n\t\t\t\t\t\t\t\t\t\t\t\t\t\t\t<img loading=\"lazy\" decoding=\"async\" width=\"225\" height=\"225\" src=\"https:\/\/www.falkenair.com\/wp-content\/uploads\/2024\/02\/download-skischule.png\" class=\"attachment-medium size-medium wp-image-4173\" alt=\"pr\u00e9ghenella 2\" srcset=\"https:\/\/www.falkenair.com\/wp-content\/uploads\/2024\/02\/download-skischule.png 225w, https:\/\/www.falkenair.com\/wp-content\/uploads\/2024\/02\/download-skischule-150x150.png 150w, https:\/\/www.falkenair.com\/wp-content\/uploads\/2024\/02\/download-skischule-12x12.png 12w\" sizes=\"(max-width: 225px) 100vw, 225px\" \/>\t\t\t\t\t\t\t\t\t\t\t\t\t\t\t<\/div>\n\t\t\t\t<div class=\"elementor-element elementor-element-ee41a1d elementor-widget elementor-widget-text-editor\" data-id=\"ee41a1d\" data-element_type=\"widget\" data-widget_type=\"text-editor.default\">\n\t\t\t\t\t\t\t\t\t<p>L&#039;\u00e9cole de ski et de snowboard de Kaprun, fond\u00e9e en 1952, est situ\u00e9e au c\u0153ur du Hohe Tauern. Notre \u00e9quipe internationale compos\u00e9e de 50 moniteurs de ski et de snowboard transmet la fascination des sports d&#039;hiver avec beaucoup de joie et de comp\u00e9tence.\u00a0<\/p><p>+43 6547 8070<br \/><a href=\"mailto:skischool@kaprun.at\">skischool@kaprun.at<\/a><\/p>\t\t\t\t\t\t\t\t<\/div>\n\t\t\t\t<\/div>\n\t\t<div class=\"elementor-element elementor-element-89e55ab e-con-full e-flex e-con e-child\" data-id=\"89e55ab\" data-element_type=\"container\" data-settings=\"{&quot;background_background&quot;:&quot;classic&quot;}\">\n\t\t\t\t<div class=\"elementor-element elementor-element-dd9c04e elementor-widget elementor-widget-image\" data-id=\"dd9c04e\" data-element_type=\"widget\" data-widget_type=\"image.default\">\n\t\t\t\t\t\t\t\t\t\t\t\t\t\t\t<img loading=\"lazy\" decoding=\"async\" width=\"192\" height=\"129\" src=\"https:\/\/www.falkenair.com\/wp-content\/uploads\/2024\/02\/gugg.png\" class=\"attachment-medium size-medium wp-image-4176\" alt=\"guggenbichl\" srcset=\"https:\/\/www.falkenair.com\/wp-content\/uploads\/2024\/02\/gugg.png 192w, https:\/\/www.falkenair.com\/wp-content\/uploads\/2024\/02\/gugg-18x12.png 18w\" sizes=\"(max-width: 192px) 100vw, 192px\" \/>\t\t\t\t\t\t\t\t\t\t\t\t\t\t\t<\/div>\n\t\t\t\t<div class=\"elementor-element elementor-element-e8234e0 elementor-widget elementor-widget-text-editor\" data-id=\"e8234e0\" data-element_type=\"widget\" data-widget_type=\"text-editor.default\">\n\t\t\t\t\t\t\t\t\t<p>Maison de vacances panoramique Guggenbichl Kaprun<\/p><p><a href=\"mailto:welcome@guggenbichl.at\">bienvenue@guggenbichl.at<\/a><br \/>+43 699 131 75 600<\/p>\t\t\t\t\t\t\t\t<\/div>\n\t\t\t\t<\/div>\n\t\t<div class=\"elementor-element elementor-element-8e2b729 e-con-full e-flex e-con e-child\" data-id=\"8e2b729\" data-element_type=\"container\" data-settings=\"{&quot;background_background&quot;:&quot;classic&quot;}\">\n\t\t\t\t<div class=\"elementor-element elementor-element-7341ce7 elementor-widget elementor-widget-image\" data-id=\"7341ce7\" data-element_type=\"widget\" data-widget_type=\"image.default\">\n\t\t\t\t\t\t\t\t\t\t\t\t\t\t\t<img loading=\"lazy\" decoding=\"async\" width=\"300\" height=\"268\" src=\"https:\/\/www.falkenair.com\/wp-content\/uploads\/2024\/02\/logo_alina_yoga-300x268.png\" class=\"attachment-medium size-medium wp-image-4177\" alt=\"alina\" srcset=\"https:\/\/www.falkenair.com\/wp-content\/uploads\/2024\/02\/logo_alina_yoga-300x268.png 300w, https:\/\/www.falkenair.com\/wp-content\/uploads\/2024\/02\/logo_alina_yoga-1024x915.png 1024w, https:\/\/www.falkenair.com\/wp-content\/uploads\/2024\/02\/logo_alina_yoga-768x686.png 768w, https:\/\/www.falkenair.com\/wp-content\/uploads\/2024\/02\/logo_alina_yoga-13x12.png 13w, https:\/\/www.falkenair.com\/wp-content\/uploads\/2024\/02\/logo_alina_yoga.png 1222w\" sizes=\"(max-width: 300px) 100vw, 300px\" \/>\t\t\t\t\t\t\t\t\t\t\t\t\t\t\t<\/div>\n\t\t\t\t<div class=\"elementor-element elementor-element-d05eefb elementor-widget elementor-widget-text-editor\" data-id=\"d05eefb\" data-element_type=\"widget\" data-widget_type=\"text-editor.default\">\n\t\t\t\t\t\t\t\t\t<p>Professeur de yoga \u00e0 Pinzgau. Rechargez vos batteries \u2013 trouvez l\u2019\u00e9quilibre \u2013 d\u00e9tendez-vous. Vinyasa Flow Yoga, Yin Yoga ou cours de yoga priv\u00e9\u00a0: profitez du temps pass\u00e9 sur le tapis en faisant du yoga avec Alina.<\/p><p><a href=\"mailto:hallo@alinathelm.com\">bonjour@alinathelm.com<\/a><br \/>+49 171 4873024<\/p>\t\t\t\t\t\t\t\t<\/div>\n\t\t\t\t<\/div>\n\t\t<div class=\"elementor-element elementor-element-be8fb98 e-con-full e-flex e-con e-child\" data-id=\"be8fb98\" data-element_type=\"container\" data-settings=\"{&quot;background_background&quot;:&quot;classic&quot;}\">\n\t\t\t\t<div class=\"elementor-element elementor-element-0b9ec08 elementor-widget elementor-widget-image\" data-id=\"0b9ec08\" data-element_type=\"widget\" data-widget_type=\"image.default\">\n\t\t\t\t\t\t\t\t\t\t\t\t\t\t\t<img loading=\"lazy\" decoding=\"async\" width=\"300\" height=\"95\" src=\"https:\/\/www.falkenair.com\/wp-content\/uploads\/2025\/12\/appetit-logo-black.svg\" class=\"attachment-medium size-medium wp-image-8829\" alt=\"Restaurant Appetit Zell am See\" \/>\t\t\t\t\t\t\t\t\t\t\t\t\t\t\t<\/div>\n\t\t\t\t<div class=\"elementor-element elementor-element-bedf0ce elementor-widget elementor-widget-text-editor\" data-id=\"bedf0ce\" data-element_type=\"widget\" data-widget_type=\"text-editor.default\">\n\t\t\t\t\t\t\t\t\t<p>Pr\u00e9parez-vous \u00e0 vivre des exp\u00e9riences culinaires uniques, alliant influences internationales et produits r\u00e9gionaux. Notre \u00e9quipe en cuisine sublime les saveurs et la qualit\u00e9 de nos plats, servis dans une ambiance d\u00e9contract\u00e9e. Rendez-nous visite \u00e0 Zell am See et savourez des moments de pur plaisir !<\/p><p><a href=\"mailto:info@restaurantappetit.at\">info@restaurantappetit.at<\/a><br \/>+43 660 516 32 98<\/p>\t\t\t\t\t\t\t\t<\/div>\n\t\t\t\t<\/div>\n\t\t<div class=\"elementor-element elementor-element-71e0b63 e-con-full e-flex e-con e-child\" data-id=\"71e0b63\" data-element_type=\"container\" data-settings=\"{&quot;background_background&quot;:&quot;classic&quot;}\">\n\t\t\t\t<div class=\"elementor-element elementor-element-706e88c elementor-widget elementor-widget-image\" data-id=\"706e88c\" data-element_type=\"widget\" data-widget_type=\"image.default\">\n\t\t\t\t\t\t\t\t\t\t\t\t\t\t\t<img loading=\"lazy\" decoding=\"async\" width=\"300\" height=\"109\" src=\"https:\/\/www.falkenair.com\/wp-content\/uploads\/2024\/02\/logo_claim-300x109.png\" class=\"attachment-medium size-medium wp-image-4178\" alt=\"camp de base\" srcset=\"https:\/\/www.falkenair.com\/wp-content\/uploads\/2024\/02\/logo_claim-300x109.png 300w, https:\/\/www.falkenair.com\/wp-content\/uploads\/2024\/02\/logo_claim-768x279.png 768w, https:\/\/www.falkenair.com\/wp-content\/uploads\/2024\/02\/logo_claim-18x7.png 18w, https:\/\/www.falkenair.com\/wp-content\/uploads\/2024\/02\/logo_claim.png 1002w\" sizes=\"(max-width: 300px) 100vw, 300px\" \/>\t\t\t\t\t\t\t\t\t\t\t\t\t\t\t<\/div>\n\t\t\t\t<div class=\"elementor-element elementor-element-6249442 elementor-widget elementor-widget-text-editor\" data-id=\"6249442\" data-element_type=\"widget\" data-widget_type=\"text-editor.default\">\n\t\t\t\t\t\t\t\t\t<div><p>Avec l&#039;\u00e9quipe de Base Camp, vous ferez l&#039;exp\u00e9rience de la nature pure avec une touche sportive !<\/p><\/div><div><p>Rafting, canyoning, riverbug, cano\u00eb, SUP fluvial et bien plus encore !<br \/>Souhaitez-vous d\u00e9couvrir avec nous la nature du Saalachtal de Salzbourg et exp\u00e9rimenter les joies des sports de plein air ? Alors faites-le-moi savoir !!<\/p><\/div><p><span class=\"s3\">+43 6588 723 53<br \/><\/span><a href=\"mailto:office@base-camp.at\"><span class=\"s3\">bureau@base-camp.at<\/span><\/a><\/p>\t\t\t\t\t\t\t\t<\/div>\n\t\t\t\t<\/div>\n\t\t<div class=\"elementor-element elementor-element-6107ee8 e-con-full e-flex e-con e-child\" data-id=\"6107ee8\" data-element_type=\"container\" data-settings=\"{&quot;background_background&quot;:&quot;classic&quot;}\">\n\t\t\t\t<div class=\"elementor-element elementor-element-1ac1ba2 elementor-widget elementor-widget-image\" data-id=\"1ac1ba2\" data-element_type=\"widget\" data-widget_type=\"image.default\">\n\t\t\t\t\t\t\t\t\t\t\t\t\t\t\t<img loading=\"lazy\" decoding=\"async\" width=\"300\" height=\"99\" src=\"https:\/\/www.falkenair.com\/wp-content\/uploads\/2024\/01\/activ-ski-300x99-1.png\" class=\"attachment-medium size-medium wp-image-3725\" alt=\"\" srcset=\"https:\/\/www.falkenair.com\/wp-content\/uploads\/2024\/01\/activ-ski-300x99-1.png 300w, https:\/\/www.falkenair.com\/wp-content\/uploads\/2024\/01\/activ-ski-300x99-1-18x6.png 18w\" sizes=\"(max-width: 300px) 100vw, 300px\" \/>\t\t\t\t\t\t\t\t\t\t\t\t\t\t\t<\/div>\n\t\t\t\t<div class=\"elementor-element elementor-element-ffb4e50 elementor-widget elementor-widget-heading\" data-id=\"ffb4e50\" data-element_type=\"widget\" data-widget_type=\"heading.default\">\n\t\t\t\t\t<h3 class=\"elementor-heading-title elementor-size-default\">Ecole de ski et sports nautiques<\/h3>\t\t\t\t<\/div>\n\t\t\t\t<div class=\"elementor-element elementor-element-ccdd525 elementor-widget elementor-widget-text-editor\" data-id=\"ccdd525\" data-element_type=\"widget\" data-widget_type=\"text-editor.default\">\n\t\t\t\t\t\t\t\t\t<p>Ecole de ski et snowboard, location de ski et snowboard, magasin, \u00e9cole de ski pour enfants, sports nautiques<\/p><p>Famille Riedlsperger<br \/>+43 6541 7233<br \/>+43 676 840 802 200<br \/><a href=\"mailto:office@ski-kaprun.com\">info@skischule-activ.at<\/a><\/p>\t\t\t\t\t\t\t\t<\/div>\n\t\t\t\t<\/div>\n\t\t<div class=\"elementor-element elementor-element-bc5214a e-con-full e-flex e-con e-child\" data-id=\"bc5214a\" data-element_type=\"container\" data-settings=\"{&quot;background_background&quot;:&quot;classic&quot;}\">\n\t\t\t\t<div class=\"elementor-element elementor-element-65dd7dd elementor-widget elementor-widget-image\" data-id=\"65dd7dd\" data-element_type=\"widget\" data-widget_type=\"image.default\">\n\t\t\t\t\t\t\t\t\t\t\t\t\t\t\t<img loading=\"lazy\" decoding=\"async\" width=\"300\" height=\"280\" src=\"https:\/\/www.falkenair.com\/wp-content\/uploads\/2024\/02\/logo_simonesplatzerl_final-300x280.png\" class=\"attachment-medium size-medium wp-image-4181\" alt=\"Chez Simone\" srcset=\"https:\/\/www.falkenair.com\/wp-content\/uploads\/2024\/02\/logo_simonesplatzerl_final-300x280.png 300w, https:\/\/www.falkenair.com\/wp-content\/uploads\/2024\/02\/logo_simonesplatzerl_final-1024x955.png 1024w, https:\/\/www.falkenair.com\/wp-content\/uploads\/2024\/02\/logo_simonesplatzerl_final-768x716.png 768w, https:\/\/www.falkenair.com\/wp-content\/uploads\/2024\/02\/logo_simonesplatzerl_final-1536x1433.png 1536w, https:\/\/www.falkenair.com\/wp-content\/uploads\/2024\/02\/logo_simonesplatzerl_final.png 2048w, https:\/\/www.falkenair.com\/wp-content\/uploads\/2024\/02\/logo_simonesplatzerl_final-13x12.png 13w\" sizes=\"(max-width: 300px) 100vw, 300px\" \/>\t\t\t\t\t\t\t\t\t\t\t\t\t\t\t<\/div>\n\t\t\t\t<div class=\"elementor-element elementor-element-8d4de8a elementor-widget elementor-widget-text-editor\" data-id=\"8d4de8a\" data-element_type=\"widget\" data-widget_type=\"text-editor.default\">\n\t\t\t\t\t\t\t\t\t<p>On se sent comme \u00e0 la maison... Vacances au Simone&#039;s Platzerl\/Pension St. Georg avec entr\u00e9e au spa Tauern \u00e0 proximit\u00e9<\/p><p>L&#039;organiste Simone<br \/><a href=\"mailto:info@kaprun-stgeorg.at\">info@kaprun-stgeorg.at<\/a><br \/>+43 650 571 0603<\/p>\t\t\t\t\t\t\t\t<\/div>\n\t\t\t\t<\/div>\n\t\t<div class=\"elementor-element elementor-element-ec81bce e-con-full e-flex e-con e-child\" data-id=\"ec81bce\" data-element_type=\"container\" data-settings=\"{&quot;background_background&quot;:&quot;classic&quot;}\">\n\t\t\t\t<div class=\"elementor-element elementor-element-e285821 elementor-widget elementor-widget-image\" data-id=\"e285821\" data-element_type=\"widget\" data-widget_type=\"image.default\">\n\t\t\t\t\t\t\t\t\t\t\t\t\t\t\t<img loading=\"lazy\" decoding=\"async\" width=\"300\" height=\"71\" src=\"https:\/\/www.falkenair.com\/wp-content\/uploads\/2024\/02\/logo-adventure--300x71.png\" class=\"attachment-medium size-medium wp-image-4182\" alt=\"service d&#039;aventure en plein air\" srcset=\"https:\/\/www.falkenair.com\/wp-content\/uploads\/2024\/02\/logo-adventure--300x71.png 300w, https:\/\/www.falkenair.com\/wp-content\/uploads\/2024\/02\/logo-adventure--18x4.png 18w, https:\/\/www.falkenair.com\/wp-content\/uploads\/2024\/02\/logo-adventure-.png 649w\" sizes=\"(max-width: 300px) 100vw, 300px\" \/>\t\t\t\t\t\t\t\t\t\t\t\t\t\t\t<\/div>\n\t\t\t\t<div class=\"elementor-element elementor-element-0c527e0 elementor-widget elementor-widget-text-editor\" data-id=\"0c527e0\" data-element_type=\"widget\" data-widget_type=\"text-editor.default\">\n\t\t\t\t\t\t\t\t\t<p>Rafting, canyoning, location de v\u00e9los, Segway<\/p><p>+43 664 505 9920<br \/><a href=\"mailto:adventure@sbg.at\">aventure@sbg.at<\/a><\/p>\t\t\t\t\t\t\t\t<\/div>\n\t\t\t\t<\/div>\n\t\t<div class=\"elementor-element elementor-element-896dbb3 e-con-full e-flex e-con e-child\" data-id=\"896dbb3\" data-element_type=\"container\" data-settings=\"{&quot;background_background&quot;:&quot;classic&quot;}\">\n\t\t\t\t<div class=\"elementor-element elementor-element-2878a02 elementor-widget elementor-widget-image\" data-id=\"2878a02\" data-element_type=\"widget\" data-widget_type=\"image.default\">\n\t\t\t\t\t\t\t\t\t\t\t\t\t\t\t<img loading=\"lazy\" decoding=\"async\" width=\"250\" height=\"208\" src=\"https:\/\/www.falkenair.com\/wp-content\/uploads\/2024\/02\/logo-chalet-georg-kaprun-jpg.jpg\" class=\"attachment-medium size-medium wp-image-4183\" alt=\"Chalet Georges\" srcset=\"https:\/\/www.falkenair.com\/wp-content\/uploads\/2024\/02\/logo-chalet-georg-kaprun-jpg.jpg 250w, https:\/\/www.falkenair.com\/wp-content\/uploads\/2024\/02\/logo-chalet-georg-kaprun-jpg-14x12.jpg 14w\" sizes=\"(max-width: 250px) 100vw, 250px\" \/>\t\t\t\t\t\t\t\t\t\t\t\t\t\t\t<\/div>\n\t\t\t\t<div class=\"elementor-element elementor-element-003320f elementor-widget elementor-widget-text-editor\" data-id=\"003320f\" data-element_type=\"widget\" data-widget_type=\"text-editor.default\">\n\t\t\t\t\t\t\t\t\t<p>Offrez-vous une pause dans le stress du quotidien. Dans notre confortable maison de vacances Chalet Georg, au milieu des montagnes de Salzbourg, vous trouverez le charme alpin combin\u00e9 \u00e0 une touche l\u00e9g\u00e8rement m\u00e9diterran\u00e9enne.<\/p><p><a href=\"mailto:agricola@kaprun.at\">agricola@kaprun.at<\/a><br \/>+43 6547 8550<\/p>\t\t\t\t\t\t\t\t<\/div>\n\t\t\t\t<\/div>\n\t\t<div class=\"elementor-element elementor-element-bb58c72 e-con-full e-flex e-con e-child\" data-id=\"bb58c72\" data-element_type=\"container\" data-settings=\"{&quot;background_background&quot;:&quot;classic&quot;}\">\n\t\t\t\t<div class=\"elementor-element elementor-element-5ea335f elementor-widget elementor-widget-image\" data-id=\"5ea335f\" data-element_type=\"widget\" data-widget_type=\"image.default\">\n\t\t\t\t\t\t\t\t\t\t\t\t\t\t\t<img loading=\"lazy\" decoding=\"async\" width=\"180\" height=\"98\" src=\"https:\/\/www.falkenair.com\/wp-content\/uploads\/2024\/02\/logo-dunkel.svg\" class=\"attachment-medium size-medium wp-image-4184\" alt=\"Schmitten\" \/>\t\t\t\t\t\t\t\t\t\t\t\t\t\t\t<\/div>\n\t\t\t\t<div class=\"elementor-element elementor-element-c7b7f79 elementor-widget elementor-widget-text-editor\" data-id=\"c7b7f79\" data-element_type=\"widget\" data-widget_type=\"text-editor.default\">\n\t\t\t\t\t\t\t\t\t<p>Le Schmittenh\u00f6he \u2013 notre fantastique montagne volante et l&#039;une des plus belles montagnes panoramiques d&#039;Autriche<\/p><p><a href=\"mailto:schmitten@schmitten.at\">schmitten@schmitten.at<\/a><br \/>+43 6542 789<\/p>\t\t\t\t\t\t\t\t<\/div>\n\t\t\t\t<\/div>\n\t\t<div class=\"elementor-element elementor-element-fa7c9ac e-con-full e-flex e-con e-child\" data-id=\"fa7c9ac\" data-element_type=\"container\" data-settings=\"{&quot;background_background&quot;:&quot;classic&quot;}\">\n\t\t\t\t<div class=\"elementor-element elementor-element-2441304 elementor-widget elementor-widget-image\" data-id=\"2441304\" data-element_type=\"widget\" data-widget_type=\"image.default\">\n\t\t\t\t\t\t\t\t\t\t\t\t\t\t\t<img loading=\"lazy\" decoding=\"async\" width=\"210\" height=\"130\" src=\"https:\/\/www.falkenair.com\/wp-content\/uploads\/2024\/02\/maisiflitzer-logo-rbg-highres.webp\" class=\"attachment-medium size-medium wp-image-4188\" alt=\"maisi speedster\" srcset=\"https:\/\/www.falkenair.com\/wp-content\/uploads\/2024\/02\/maisiflitzer-logo-rbg-highres.webp 210w, https:\/\/www.falkenair.com\/wp-content\/uploads\/2024\/02\/maisiflitzer-logo-rbg-highres-18x12.webp 18w\" sizes=\"(max-width: 210px) 100vw, 210px\" \/>\t\t\t\t\t\t\t\t\t\t\t\t\t\t\t<\/div>\n\t\t\t\t<div class=\"elementor-element elementor-element-937c408 elementor-widget elementor-widget-text-editor\" data-id=\"937c408\" data-element_type=\"widget\" data-widget_type=\"text-editor.default\">\n\t\t\t\t\t\t\t\t\t<p>Toute la famille peut descendre rapidement dans la vall\u00e9e sur les premi\u00e8res montagnes russes alpines du Salzbourg ! Guid\u00e9 en toute s\u00e9curit\u00e9 sur des rails, vous d\u00e9valez les pentes \u00e0 bord des biplaces verts \u00e0 des vitesses allant jusqu&#039;\u00e0 40 km\/h.<\/p><p>+43 6547 8700<br \/><a href=\"mailto:office@kitzsteinhorn.at\">bureau@kitzsteinhorn.at<\/a><\/p>\t\t\t\t\t\t\t\t<\/div>\n\t\t\t\t<\/div>\n\t\t<div class=\"elementor-element elementor-element-d88c2f3 e-con-full e-flex e-con e-child\" data-id=\"d88c2f3\" data-element_type=\"container\" data-settings=\"{&quot;background_background&quot;:&quot;classic&quot;}\">\n\t\t\t\t<div class=\"elementor-element elementor-element-6a69edc elementor-widget elementor-widget-image\" data-id=\"6a69edc\" data-element_type=\"widget\" data-widget_type=\"image.default\">\n\t\t\t\t\t\t\t\t\t\t\t\t\t\t\t<img loading=\"lazy\" decoding=\"async\" width=\"300\" height=\"166\" src=\"https:\/\/www.falkenair.com\/wp-content\/uploads\/2024\/02\/martha-300x166.png\" class=\"attachment-medium size-medium wp-image-4189\" alt=\"marthe\" srcset=\"https:\/\/www.falkenair.com\/wp-content\/uploads\/2024\/02\/martha-300x166.png 300w, https:\/\/www.falkenair.com\/wp-content\/uploads\/2024\/02\/martha-18x10.png 18w, https:\/\/www.falkenair.com\/wp-content\/uploads\/2024\/02\/martha.png 302w\" sizes=\"(max-width: 300px) 100vw, 300px\" \/>\t\t\t\t\t\t\t\t\t\t\t\t\t\t\t<\/div>\n\t\t\t\t<div class=\"elementor-element elementor-element-492f92f elementor-widget elementor-widget-text-editor\" data-id=\"492f92f\" data-element_type=\"widget\" data-widget_type=\"text-editor.default\">\n\t\t\t\t\t\t\t\t\t<p>H\u00f4tel de campagne Martha Zell am See<\/p><p>Mail:\u00a0<a href=\"mailto:info@hotel-martha.at\">info@hotel-martha.at<\/a><br \/>T\u00e9l : +43 6542 72 123<\/p>\t\t\t\t\t\t\t\t<\/div>\n\t\t\t\t<\/div>\n\t\t<div class=\"elementor-element elementor-element-1a8f0f4 e-con-full e-flex e-con e-child\" data-id=\"1a8f0f4\" data-element_type=\"container\" data-settings=\"{&quot;background_background&quot;:&quot;classic&quot;}\">\n\t\t\t\t<div class=\"elementor-element elementor-element-71faf32 elementor-widget elementor-widget-image\" data-id=\"71faf32\" data-element_type=\"widget\" data-widget_type=\"image.default\">\n\t\t\t\t\t\t\t\t\t\t\t\t\t\t\t<img loading=\"lazy\" decoding=\"async\" width=\"300\" height=\"177\" src=\"https:\/\/www.falkenair.com\/wp-content\/uploads\/2024\/02\/muehle.png\" class=\"attachment-medium size-medium wp-image-4192\" alt=\"moulin\" srcset=\"https:\/\/www.falkenair.com\/wp-content\/uploads\/2024\/02\/muehle.png 300w, https:\/\/www.falkenair.com\/wp-content\/uploads\/2024\/02\/muehle-18x12.png 18w\" sizes=\"(max-width: 300px) 100vw, 300px\" \/>\t\t\t\t\t\t\t\t\t\t\t\t\t\t\t<\/div>\n\t\t\t\t<div class=\"elementor-element elementor-element-21ad0ae elementor-widget elementor-widget-text-editor\" data-id=\"21ad0ae\" data-element_type=\"widget\" data-widget_type=\"text-editor.default\">\n\t\t\t\t\t\t\t\t\t<p>Si votre estomac gargouille apr\u00e8s avoir vol\u00e9 : allons au moulin. Ici, les h\u00f4tes vous g\u00e2teront avec des sp\u00e9cialit\u00e9s locales.<\/p><p>Famille Nindl Monika<br \/><a href=\"mailto:muehle@kaprun.at\">muehle@kaprun.at<\/a><br \/>+43 6547 8254<\/p>\t\t\t\t\t\t\t\t<\/div>\n\t\t\t\t<\/div>\n\t\t<div class=\"elementor-element elementor-element-25a2a98 e-con-full e-flex e-con e-child\" data-id=\"25a2a98\" data-element_type=\"container\" data-settings=\"{&quot;background_background&quot;:&quot;classic&quot;}\">\n\t\t\t\t<div class=\"elementor-element elementor-element-5d1ee70 elementor-widget elementor-widget-image\" data-id=\"5d1ee70\" data-element_type=\"widget\" data-widget_type=\"image.default\">\n\t\t\t\t\t\t\t\t\t\t\t\t\t\t\t<img loading=\"lazy\" decoding=\"async\" width=\"300\" height=\"134\" src=\"https:\/\/www.falkenair.com\/wp-content\/uploads\/2024\/02\/alpinresortkaprun-removebg-preview-300x134.png\" class=\"attachment-medium size-medium wp-image-4164\" alt=\"station alpine\" srcset=\"https:\/\/www.falkenair.com\/wp-content\/uploads\/2024\/02\/alpinresortkaprun-removebg-preview-300x134.png 300w, https:\/\/www.falkenair.com\/wp-content\/uploads\/2024\/02\/alpinresortkaprun-removebg-preview-18x8.png 18w, https:\/\/www.falkenair.com\/wp-content\/uploads\/2024\/02\/alpinresortkaprun-removebg-preview.png 663w\" sizes=\"(max-width: 300px) 100vw, 300px\" \/>\t\t\t\t\t\t\t\t\t\t\t\t\t\t\t<\/div>\n\t\t\t\t<div class=\"elementor-element elementor-element-a43cba4 elementor-widget elementor-widget-text-editor\" data-id=\"a43cba4\" data-element_type=\"widget\" data-widget_type=\"text-editor.default\">\n\t\t\t\t\t\t\t\t\t<p>Station alpine de Kaprun<\/p><p><a href=\"mailto:marcel@connect73.com\">marcel@connect73.com<\/a><br \/>+31 629013501<\/p>\t\t\t\t\t\t\t\t<\/div>\n\t\t\t\t<\/div>\n\t\t<div class=\"elementor-element elementor-element-67da7a9 e-con-full e-flex e-con e-child\" data-id=\"67da7a9\" data-element_type=\"container\" data-settings=\"{&quot;background_background&quot;:&quot;classic&quot;}\">\n\t\t\t\t<div class=\"elementor-element elementor-element-32f1fbf elementor-widget elementor-widget-image\" data-id=\"32f1fbf\" data-element_type=\"widget\" data-widget_type=\"image.default\">\n\t\t\t\t\t\t\t\t\t\t\t\t\t\t\t<img loading=\"lazy\" decoding=\"async\" width=\"225\" height=\"225\" src=\"https:\/\/www.falkenair.com\/wp-content\/uploads\/2024\/02\/aparthotel-maiskogelblick.png\" class=\"attachment-medium size-medium wp-image-4165\" alt=\"vue sur le maiskogel\" srcset=\"https:\/\/www.falkenair.com\/wp-content\/uploads\/2024\/02\/aparthotel-maiskogelblick.png 225w, https:\/\/www.falkenair.com\/wp-content\/uploads\/2024\/02\/aparthotel-maiskogelblick-150x150.png 150w, https:\/\/www.falkenair.com\/wp-content\/uploads\/2024\/02\/aparthotel-maiskogelblick-12x12.png 12w\" sizes=\"(max-width: 225px) 100vw, 225px\" \/>\t\t\t\t\t\t\t\t\t\t\t\t\t\t\t<\/div>\n\t\t\t\t<div class=\"elementor-element elementor-element-7153837 elementor-widget elementor-widget-text-editor\" data-id=\"7153837\" data-element_type=\"widget\" data-widget_type=\"text-editor.default\">\n\t\t\t\t\t\t\t\t\t<p>Appart&#039;h\u00f4tel Maiskogelblick \u00e0 Piesendorf<\/p><p><a href=\"mailto:maiskogelblick@outlook.com\">maiskogelblick@outlook.com<\/a><br \/>+43 650 98 47 200<\/p>\t\t\t\t\t\t\t\t<\/div>\n\t\t\t\t<\/div>\n\t\t<div class=\"elementor-element elementor-element-d5e4f85 e-con-full e-flex e-con e-child\" data-id=\"d5e4f85\" data-element_type=\"container\" data-settings=\"{&quot;background_background&quot;:&quot;classic&quot;}\">\n\t\t\t\t<div class=\"elementor-element elementor-element-f6658df elementor-widget elementor-widget-image\" data-id=\"f6658df\" data-element_type=\"widget\" data-widget_type=\"image.default\">\n\t\t\t\t\t\t\t\t\t\t\t\t\t\t\t<img loading=\"lazy\" decoding=\"async\" width=\"300\" height=\"111\" src=\"https:\/\/www.falkenair.com\/wp-content\/uploads\/2024\/02\/outdo_sw_zellamsee-300x111.jpeg\" class=\"attachment-medium size-medium wp-image-4193\" alt=\"surpasser\" srcset=\"https:\/\/www.falkenair.com\/wp-content\/uploads\/2024\/02\/outdo_sw_zellamsee-300x111.jpeg 300w, https:\/\/www.falkenair.com\/wp-content\/uploads\/2024\/02\/outdo_sw_zellamsee-1024x380.jpeg 1024w, https:\/\/www.falkenair.com\/wp-content\/uploads\/2024\/02\/outdo_sw_zellamsee-768x285.jpeg 768w, https:\/\/www.falkenair.com\/wp-content\/uploads\/2024\/02\/outdo_sw_zellamsee-18x7.jpeg 18w, https:\/\/www.falkenair.com\/wp-content\/uploads\/2024\/02\/outdo_sw_zellamsee.jpeg 1280w\" sizes=\"(max-width: 300px) 100vw, 300px\" \/>\t\t\t\t\t\t\t\t\t\t\t\t\t\t\t<\/div>\n\t\t\t\t<div class=\"elementor-element elementor-element-5d2667a elementor-widget elementor-widget-text-editor\" data-id=\"5d2667a\" data-element_type=\"widget\" data-widget_type=\"text-editor.default\">\n\t\t\t\t\t\t\t\t\t<p><span class=\"s3\">L&#039;entreprise de sports de plein air \u00e0 Zell am See avec\u00a0<\/span><span class=\"s3\">l&#039;eau sauvage<\/span><span class=\"s3\">\u00a0Le rafting aussi\u00a0<\/span>Ecole de ski et de snowboard<\/p><p>Michael Andersen<br \/><span class=\"s3\">+43 664 89 53 342<br \/><\/span><a href=\"mailto:outdo@sbg.at\"><span class=\"s3\">outdo@sbg.at<\/span><\/a><\/p>\t\t\t\t\t\t\t\t<\/div>\n\t\t\t\t<\/div>\n\t\t<div class=\"elementor-element elementor-element-8e64d46 e-con-full e-flex e-con e-child\" data-id=\"8e64d46\" data-element_type=\"container\" data-settings=\"{&quot;background_background&quot;:&quot;classic&quot;}\">\n\t\t\t\t<div class=\"elementor-element elementor-element-c23e341 elementor-widget elementor-widget-image\" data-id=\"c23e341\" data-element_type=\"widget\" data-widget_type=\"image.default\">\n\t\t\t\t\t\t\t\t\t\t\t\t\t\t\t<img loading=\"lazy\" decoding=\"async\" width=\"300\" height=\"110\" src=\"https:\/\/www.falkenair.com\/wp-content\/uploads\/2024\/02\/panorama-300x110.png\" class=\"attachment-medium size-medium wp-image-4194\" alt=\"camp panoramique\" srcset=\"https:\/\/www.falkenair.com\/wp-content\/uploads\/2024\/02\/panorama-300x110.png 300w, https:\/\/www.falkenair.com\/wp-content\/uploads\/2024\/02\/panorama-18x7.png 18w, https:\/\/www.falkenair.com\/wp-content\/uploads\/2024\/02\/panorama.png 371w\" sizes=\"(max-width: 300px) 100vw, 300px\" \/>\t\t\t\t\t\t\t\t\t\t\t\t\t\t\t<\/div>\n\t\t\t\t<div class=\"elementor-element elementor-element-d234a61 elementor-widget elementor-widget-text-editor\" data-id=\"d234a61\" data-element_type=\"widget\" data-widget_type=\"text-editor.default\">\n\t\t\t\t\t\t\t\t\t<p>Camp panoramique Zell am See<\/p><p><a href=\"mailto:info@panoramacamp.at\">info@panoramacamp.at<\/a><br \/>+43 6542 56 228<\/p>\t\t\t\t\t\t\t\t<\/div>\n\t\t\t\t<\/div>\n\t\t<div class=\"elementor-element elementor-element-8eaa83d e-con-full e-flex e-con e-child\" data-id=\"8eaa83d\" data-element_type=\"container\" data-settings=\"{&quot;background_background&quot;:&quot;classic&quot;}\">\n\t\t\t\t<div class=\"elementor-element elementor-element-de9a59b elementor-widget elementor-widget-image\" data-id=\"de9a59b\" data-element_type=\"widget\" data-widget_type=\"image.default\">\n\t\t\t\t\t\t\t\t\t\t\t\t\t\t\t<img loading=\"lazy\" decoding=\"async\" width=\"274\" height=\"161\" src=\"https:\/\/www.falkenair.com\/wp-content\/uploads\/2024\/02\/sbghof.png\" class=\"attachment-medium size-medium wp-image-4196\" alt=\"salzburgerhof\" srcset=\"https:\/\/www.falkenair.com\/wp-content\/uploads\/2024\/02\/sbghof.png 274w, https:\/\/www.falkenair.com\/wp-content\/uploads\/2024\/02\/sbghof-18x12.png 18w\" sizes=\"(max-width: 274px) 100vw, 274px\" \/>\t\t\t\t\t\t\t\t\t\t\t\t\t\t\t<\/div>\n\t\t\t\t<div class=\"elementor-element elementor-element-f74e46a elementor-widget elementor-widget-text-editor\" data-id=\"f74e46a\" data-element_type=\"widget\" data-widget_type=\"text-editor.default\">\n\t\t\t\t\t\t\t\t\t<p>D\u00e8s que vous entrez pour la premi\u00e8re fois et que vous dites bonjour, vous sentirez que le Salzburgerhof \u00e0 Zell am See est un monde \u00e0 part. Ici, vous pourrez d\u00e9couvrir l&#039;hospitalit\u00e9 et la g\u00e9n\u00e9rosit\u00e9 des jours nobles d&#039;une mani\u00e8re classique et \u00e9l\u00e9gante - et la joie que la famille Holleis et son \u00e9quipe partagent avec leurs invit\u00e9s.<\/p><p><a href=\"mailto:5sterne@salzburgerhof.at\">5sterne@salzburgerhof.at<\/a><br \/>+43 6542 76 50<\/p>\t\t\t\t\t\t\t\t<\/div>\n\t\t\t\t<\/div>\n\t\t<div class=\"elementor-element elementor-element-2ac18c7 e-con-full e-flex e-con e-child\" data-id=\"2ac18c7\" data-element_type=\"container\" data-settings=\"{&quot;background_background&quot;:&quot;classic&quot;}\">\n\t\t\t\t<div class=\"elementor-element elementor-element-818d3c1 elementor-widget elementor-widget-image\" data-id=\"818d3c1\" data-element_type=\"widget\" data-widget_type=\"image.default\">\n\t\t\t\t\t\t\t\t\t\t\t\t\t\t\t<img loading=\"lazy\" decoding=\"async\" width=\"225\" height=\"225\" src=\"https:\/\/www.falkenair.com\/wp-content\/uploads\/2024\/02\/schmittenhof.png\" class=\"attachment-medium size-medium wp-image-4197\" alt=\"Schmittenhof\" srcset=\"https:\/\/www.falkenair.com\/wp-content\/uploads\/2024\/02\/schmittenhof.png 225w, https:\/\/www.falkenair.com\/wp-content\/uploads\/2024\/02\/schmittenhof-150x150.png 150w, https:\/\/www.falkenair.com\/wp-content\/uploads\/2024\/02\/schmittenhof-12x12.png 12w\" sizes=\"(max-width: 225px) 100vw, 225px\" \/>\t\t\t\t\t\t\t\t\t\t\t\t\t\t\t<\/div>\n\t\t\t\t<div class=\"elementor-element elementor-element-6a6f0d1 elementor-widget elementor-widget-text-editor\" data-id=\"6a6f0d1\" data-element_type=\"widget\" data-widget_type=\"text-editor.default\">\n\t\t\t\t\t\t\t\t\t<p>Schmittenhof Zell am See<\/p><p>Mail:\u00a0<a href=\"mailto:info@schmittenhof.at\">info@schmittenhof.at<\/a><br \/>T\u00e9l : +43 6542 703 64<\/p>\t\t\t\t\t\t\t\t<\/div>\n\t\t\t\t<\/div>\n\t\t<div class=\"elementor-element elementor-element-dbd6da6 e-con-full e-flex e-con e-child\" data-id=\"dbd6da6\" data-element_type=\"container\" data-settings=\"{&quot;background_background&quot;:&quot;classic&quot;}\">\n\t\t\t\t<div class=\"elementor-element elementor-element-b887da8 elementor-widget elementor-widget-image\" data-id=\"b887da8\" data-element_type=\"widget\" data-widget_type=\"image.default\">\n\t\t\t\t\t\t\t\t\t\t\t\t\t\t\t<img loading=\"lazy\" decoding=\"async\" width=\"300\" height=\"184\" src=\"https:\/\/www.falkenair.com\/wp-content\/uploads\/2024\/02\/segel_surfschule_logo_bgd-300x184.png\" class=\"attachment-medium size-medium wp-image-4198\" alt=\"voile\" srcset=\"https:\/\/www.falkenair.com\/wp-content\/uploads\/2024\/02\/segel_surfschule_logo_bgd-300x184.png 300w, https:\/\/www.falkenair.com\/wp-content\/uploads\/2024\/02\/segel_surfschule_logo_bgd-18x12.png 18w, https:\/\/www.falkenair.com\/wp-content\/uploads\/2024\/02\/segel_surfschule_logo_bgd.png 323w\" sizes=\"(max-width: 300px) 100vw, 300px\" \/>\t\t\t\t\t\t\t\t\t\t\t\t\t\t\t<\/div>\n\t\t\t\t<div class=\"elementor-element elementor-element-2c5defd elementor-widget elementor-widget-text-editor\" data-id=\"2c5defd\" data-element_type=\"widget\" data-widget_type=\"text-editor.default\">\n\t\t\t\t\t\t\t\t\t<p>Ecole de voile et de surf Zell am See Harry Vettermann<br \/>Cours de voile et de surf, planche \u00e0 voile, location de bateaux<\/p><p>+43 664 9329367<br \/><a href=\"mailto:segel-surfschule.zellamsee@sbg.at\">segel-surfschule.zellamsee@sbg.at<\/a><\/p>\t\t\t\t\t\t\t\t<\/div>\n\t\t\t\t<\/div>\n\t\t<div class=\"elementor-element elementor-element-8330153 e-con-full e-flex e-con e-child\" data-id=\"8330153\" data-element_type=\"container\" data-settings=\"{&quot;background_background&quot;:&quot;classic&quot;}\">\n\t\t\t\t<div class=\"elementor-element elementor-element-1018487 elementor-widget elementor-widget-image\" data-id=\"1018487\" data-element_type=\"widget\" data-widget_type=\"image.default\">\n\t\t\t\t\t\t\t\t\t\t\t\t\t\t\t<img loading=\"lazy\" decoding=\"async\" width=\"225\" height=\"225\" src=\"https:\/\/www.falkenair.com\/wp-content\/uploads\/2024\/02\/unbenannt.png\" class=\"attachment-medium size-medium wp-image-4202\" alt=\"villa agricole\" srcset=\"https:\/\/www.falkenair.com\/wp-content\/uploads\/2024\/02\/unbenannt.png 225w, https:\/\/www.falkenair.com\/wp-content\/uploads\/2024\/02\/unbenannt-150x150.png 150w, https:\/\/www.falkenair.com\/wp-content\/uploads\/2024\/02\/unbenannt-12x12.png 12w\" sizes=\"(max-width: 225px) 100vw, 225px\" \/>\t\t\t\t\t\t\t\t\t\t\t\t\t\t\t<\/div>\n\t\t\t\t<div class=\"elementor-element elementor-element-6cbc6bd elementor-widget elementor-widget-text-editor\" data-id=\"6cbc6bd\" data-element_type=\"widget\" data-widget_type=\"text-editor.default\">\n\t\t\t\t\t\t\t\t\t<p>Passez vos prochaines vacances dans l&#039;un de nos appartements de vacances \u00e0 la Villa Agricola. Un emplacement id\u00e9al, des installations de premi\u00e8re classe et un mobilier confortable vous attendent, entre autres, lorsque vous passez vos vacances chez nous.<\/p><p><a href=\"mailto:agricola@kaprun.at\">agricola@kaprun.at<\/a><br \/>+43 6547 8550<\/p>\t\t\t\t\t\t\t\t<\/div>\n\t\t\t\t<\/div>\n\t\t<div class=\"elementor-element elementor-element-0deb21a e-con-full e-flex e-con e-child\" data-id=\"0deb21a\" data-element_type=\"container\" data-settings=\"{&quot;background_background&quot;:&quot;classic&quot;}\">\n\t\t\t\t<div class=\"elementor-element elementor-element-ce015f9 elementor-widget elementor-widget-image\" data-id=\"ce015f9\" data-element_type=\"widget\" data-widget_type=\"image.default\">\n\t\t\t\t\t\t\t\t\t\t\t\t\t\t\t<img loading=\"lazy\" decoding=\"async\" width=\"300\" height=\"150\" src=\"https:\/\/www.falkenair.com\/wp-content\/uploads\/2024\/02\/sonnenheim-fd3f3ddf-300x150.png\" class=\"attachment-medium size-medium wp-image-4200\" alt=\"sonnenheim\" srcset=\"https:\/\/www.falkenair.com\/wp-content\/uploads\/2024\/02\/sonnenheim-fd3f3ddf-300x150.png 300w, https:\/\/www.falkenair.com\/wp-content\/uploads\/2024\/02\/sonnenheim-fd3f3ddf-18x9.png 18w, https:\/\/www.falkenair.com\/wp-content\/uploads\/2024\/02\/sonnenheim-fd3f3ddf.png 600w\" sizes=\"(max-width: 300px) 100vw, 300px\" \/>\t\t\t\t\t\t\t\t\t\t\t\t\t\t\t<\/div>\n\t\t\t\t<div class=\"elementor-element elementor-element-2ff0022 elementor-widget elementor-widget-text-editor\" data-id=\"2ff0022\" data-element_type=\"widget\" data-widget_type=\"text-editor.default\">\n\t\t\t\t\t\t\t\t\t<p>Appartements Sonnenheim Zell am See<\/p><p>Astrid Thurner<br \/><a href=\"mailto:appartement-sonnenheim@sbg.at\">appartement-sonnenheim@sbg.at<\/a><br \/>+43 664 316 24 87<\/p>\t\t\t\t\t\t\t\t<\/div>\n\t\t\t\t<\/div>\n\t\t<div class=\"elementor-element elementor-element-b11960d e-con-full e-flex e-con e-child\" data-id=\"b11960d\" data-element_type=\"container\" data-settings=\"{&quot;background_background&quot;:&quot;classic&quot;}\">\n\t\t\t\t<div class=\"elementor-element elementor-element-3611c69 elementor-widget elementor-widget-image\" data-id=\"3611c69\" data-element_type=\"widget\" data-widget_type=\"image.default\">\n\t\t\t\t\t\t\t\t\t\t\t\t\t\t\t<img loading=\"lazy\" decoding=\"async\" width=\"180\" height=\"180\" src=\"https:\/\/www.falkenair.com\/wp-content\/uploads\/2024\/02\/traube.jpg\" class=\"attachment-medium size-medium wp-image-4201\" alt=\"raisin\" srcset=\"https:\/\/www.falkenair.com\/wp-content\/uploads\/2024\/02\/traube.jpg 180w, https:\/\/www.falkenair.com\/wp-content\/uploads\/2024\/02\/traube-150x150.jpg 150w, https:\/\/www.falkenair.com\/wp-content\/uploads\/2024\/02\/traube-12x12.jpg 12w\" sizes=\"(max-width: 180px) 100vw, 180px\" \/>\t\t\t\t\t\t\t\t\t\t\t\t\t\t\t<\/div>\n\t\t\t\t<div class=\"elementor-element elementor-element-8e416e1 elementor-widget elementor-widget-heading\" data-id=\"8e416e1\" data-element_type=\"widget\" data-widget_type=\"heading.default\">\n\t\t\t\t\t<h3 class=\"elementor-heading-title elementor-size-default\">H\u00f4tel-Restaurant Traube<\/h3>\t\t\t\t<\/div>\n\t\t\t\t<div class=\"elementor-element elementor-element-88d1126 elementor-widget elementor-widget-text-editor\" data-id=\"88d1126\" data-element_type=\"widget\" data-widget_type=\"text-editor.default\">\n\t\t\t\t\t\t\t\t\t<p>H\u00f4tel Traube Zell am See<\/p><p><a href=\"mailto:zell@hotel-traube.com\">zell@hotel-traube.com<\/a><br \/>+43 6542 72 368<\/p>\t\t\t\t\t\t\t\t<\/div>\n\t\t\t\t<\/div>\n\t\t<div class=\"elementor-element elementor-element-efca45e e-con-full e-flex e-con e-child\" data-id=\"efca45e\" data-element_type=\"container\" data-settings=\"{&quot;background_background&quot;:&quot;classic&quot;}\">\n\t\t\t\t<div class=\"elementor-element elementor-element-96a2e2b elementor-widget elementor-widget-image\" data-id=\"96a2e2b\" data-element_type=\"widget\" data-widget_type=\"image.default\">\n\t\t\t\t\t\t\t\t\t\t\t\t\t\t\t<img loading=\"lazy\" decoding=\"async\" width=\"225\" height=\"225\" src=\"https:\/\/www.falkenair.com\/wp-content\/uploads\/2024\/02\/unknown.png\" class=\"attachment-medium size-medium wp-image-4203\" alt=\"hors route\" srcset=\"https:\/\/www.falkenair.com\/wp-content\/uploads\/2024\/02\/unknown.png 225w, https:\/\/www.falkenair.com\/wp-content\/uploads\/2024\/02\/unknown-150x150.png 150w, https:\/\/www.falkenair.com\/wp-content\/uploads\/2024\/02\/unknown-12x12.png 12w\" sizes=\"(max-width: 225px) 100vw, 225px\" \/>\t\t\t\t\t\t\t\t\t\t\t\t\t\t\t<\/div>\n\t\t\t\t<div class=\"elementor-element elementor-element-e0d6828 elementor-widget elementor-widget-text-editor\" data-id=\"e0d6828\" data-element_type=\"widget\" data-widget_type=\"text-editor.default\">\n\t\t\t\t\t\t\t\t\t<p>Le terrain de jeu des fans de tout-terrain !<br \/>Quads, motocross et plus encore \u2013 \u00e9t\u00e9 comme hiver !<\/p><p>+43 664 370 96 85<br \/><a href=\"mailto:office@glemmy.at\">bureau@glemmy.at<\/a><\/p>\t\t\t\t\t\t\t\t<\/div>\n\t\t\t\t<\/div>\n\t\t<div class=\"elementor-element elementor-element-c1d395a e-con-full e-flex e-con e-child\" data-id=\"c1d395a\" data-element_type=\"container\" data-settings=\"{&quot;background_background&quot;:&quot;classic&quot;}\">\n\t\t\t\t<div class=\"elementor-element elementor-element-2efdb91 elementor-widget elementor-widget-image\" data-id=\"2efdb91\" data-element_type=\"widget\" data-widget_type=\"image.default\">\n\t\t\t\t\t\t\t\t\t\t\t\t\t\t\t<img loading=\"lazy\" decoding=\"async\" width=\"226\" height=\"107\" src=\"https:\/\/www.falkenair.com\/wp-content\/uploads\/2024\/02\/unknownaa.png\" class=\"attachment-medium size-medium wp-image-4204\" alt=\"v\u00e9lo et voiture\" srcset=\"https:\/\/www.falkenair.com\/wp-content\/uploads\/2024\/02\/unknownaa.png 226w, https:\/\/www.falkenair.com\/wp-content\/uploads\/2024\/02\/unknownaa-18x9.png 18w\" sizes=\"(max-width: 226px) 100vw, 226px\" \/>\t\t\t\t\t\t\t\t\t\t\t\t\t\t\t<\/div>\n\t\t\t\t<div class=\"elementor-element elementor-element-dff1bfd elementor-widget elementor-widget-text-editor\" data-id=\"dff1bfd\" data-element_type=\"widget\" data-widget_type=\"text-editor.default\">\n\t\t\t\t\t\t\t\t\t<p>Location de v\u00e9los \u00e9lectriques, Vespas, motos et voitures<\/p><p>+43 664 886 679 31<br \/><a href=\"mailto:office@bike-car.at\">bureau@bike-car.at<\/a><\/p>\t\t\t\t\t\t\t\t<\/div>\n\t\t\t\t<\/div>\n\t\t<div class=\"elementor-element elementor-element-2e34b4f e-con-full e-flex e-con e-child\" data-id=\"2e34b4f\" data-element_type=\"container\" data-settings=\"{&quot;background_background&quot;:&quot;classic&quot;}\">\n\t\t\t\t<div class=\"elementor-element elementor-element-77d8c78 elementor-widget elementor-widget-image\" data-id=\"77d8c78\" data-element_type=\"widget\" data-widget_type=\"image.default\">\n\t\t\t\t\t\t\t\t\t\t\t\t\t\t\t<img loading=\"lazy\" decoding=\"async\" width=\"226\" height=\"223\" src=\"https:\/\/www.falkenair.com\/wp-content\/uploads\/2024\/02\/unknownfr.jpg\" class=\"attachment-medium size-medium wp-image-4205\" alt=\"gel\" srcset=\"https:\/\/www.falkenair.com\/wp-content\/uploads\/2024\/02\/unknownfr.jpg 226w, https:\/\/www.falkenair.com\/wp-content\/uploads\/2024\/02\/unknownfr-12x12.jpg 12w\" sizes=\"(max-width: 226px) 100vw, 226px\" \/>\t\t\t\t\t\t\t\t\t\t\t\t\t\t\t<\/div>\n\t\t\t\t<div class=\"elementor-element elementor-element-cdeb191 elementor-widget elementor-widget-text-editor\" data-id=\"cdeb191\" data-element_type=\"widget\" data-widget_type=\"text-editor.default\">\n\t\t\t\t\t\t\t\t\t<p>\u00c9t\u00e9\u00a0: excursions de rafting et de canyoning guid\u00e9es par des professionnels et en toute s\u00e9curit\u00e9<br \/>Hiver : Cours de ski priv\u00e9s pour enfants et adultes, randonn\u00e9es \u00e0 ski et randonn\u00e9es freeride de plusieurs heures.<\/p><p>+43 660 4730666<br \/><a href=\"mailto:info@skifrost.at\">info@skifrost.at<\/a><\/p>\t\t\t\t\t\t\t\t<\/div>\n\t\t\t\t<\/div>\n\t\t<div class=\"elementor-element elementor-element-748e221 e-con-full e-flex e-con e-child\" data-id=\"748e221\" data-element_type=\"container\" data-settings=\"{&quot;background_background&quot;:&quot;classic&quot;}\">\n\t\t\t\t<div class=\"elementor-element elementor-element-7f06780 elementor-widget elementor-widget-image\" data-id=\"7f06780\" data-element_type=\"widget\" data-widget_type=\"image.default\">\n\t\t\t\t\t\t\t\t\t\t\t\t\t\t\t<img loading=\"lazy\" decoding=\"async\" width=\"300\" height=\"125\" src=\"https:\/\/www.falkenair.com\/wp-content\/uploads\/2024\/02\/unknownraf-300x125.png\" class=\"attachment-medium size-medium wp-image-4206\" alt=\"centre de rafting\" srcset=\"https:\/\/www.falkenair.com\/wp-content\/uploads\/2024\/02\/unknownraf-300x125.png 300w, https:\/\/www.falkenair.com\/wp-content\/uploads\/2024\/02\/unknownraf-18x8.png 18w, https:\/\/www.falkenair.com\/wp-content\/uploads\/2024\/02\/unknownraf.png 348w\" sizes=\"(max-width: 300px) 100vw, 300px\" \/>\t\t\t\t\t\t\t\t\t\t\t\t\t\t\t<\/div>\n\t\t\t\t<div class=\"elementor-element elementor-element-c192713 elementor-widget elementor-widget-text-editor\" data-id=\"c192713\" data-element_type=\"widget\" data-widget_type=\"text-editor.default\">\n\t\t\t\t\t\t\t\t\t<p>Centre de rafting Taxenbach<br \/>Rafting, canyoning, location de v\u00e9los \u00e9lectriques, snowbike<\/p><p>+43 664 402 51 49<br \/><a href=\"mailto:info@raftingcenter.com\">info@raftingcenter.com<\/a><\/p>\t\t\t\t\t\t\t\t<\/div>\n\t\t\t\t<\/div>\n\t\t<div class=\"elementor-element elementor-element-90e6a13 e-con-full e-flex e-con e-child\" data-id=\"90e6a13\" data-element_type=\"container\" data-settings=\"{&quot;background_background&quot;:&quot;classic&quot;}\">\n\t\t\t\t<div class=\"elementor-element elementor-element-fc52b96 elementor-widget elementor-widget-image\" data-id=\"fc52b96\" data-element_type=\"widget\" data-widget_type=\"image.default\">\n\t\t\t\t\t\t\t\t\t\t\t\t\t\t\t<img loading=\"lazy\" decoding=\"async\" width=\"300\" height=\"188\" src=\"https:\/\/www.falkenair.com\/wp-content\/uploads\/2024\/02\/w555-300x188.jpg\" class=\"attachment-medium size-medium wp-image-4207\" alt=\"Hartweger\" srcset=\"https:\/\/www.falkenair.com\/wp-content\/uploads\/2024\/02\/w555-300x188.jpg 300w, https:\/\/www.falkenair.com\/wp-content\/uploads\/2024\/02\/w555-18x12.jpg 18w, https:\/\/www.falkenair.com\/wp-content\/uploads\/2024\/02\/w555.jpg 450w\" sizes=\"(max-width: 300px) 100vw, 300px\" \/>\t\t\t\t\t\t\t\t\t\t\t\t\t\t\t<\/div>\n\t\t\t\t<div class=\"elementor-element elementor-element-ab78d75 elementor-widget elementor-widget-text-editor\" data-id=\"ab78d75\" data-element_type=\"widget\" data-widget_type=\"text-editor.default\">\n\t\t\t\t\t\t\t\t\t<p>Ecole de ski et de snowboard \u00e0 Kaprun<\/p><p>+43 664 3381582<br \/><a href=\"mailto:ski@snowboard-kaprun.at\">ski@snowboard-kaprun.at<\/a><\/p>\t\t\t\t\t\t\t\t<\/div>\n\t\t\t\t<\/div>\n\t\t<div class=\"elementor-element elementor-element-8debb4a e-con-full e-flex e-con e-child\" data-id=\"8debb4a\" data-element_type=\"container\" data-settings=\"{&quot;background_background&quot;:&quot;classic&quot;}\">\n\t\t\t\t<div class=\"elementor-element elementor-element-9dcd10d elementor-widget elementor-widget-image\" data-id=\"9dcd10d\" data-element_type=\"widget\" data-widget_type=\"image.default\">\n\t\t\t\t\t\t\t\t\t\t\t\t\t\t\t<img loading=\"lazy\" decoding=\"async\" width=\"300\" height=\"60\" src=\"https:\/\/www.falkenair.com\/wp-content\/uploads\/2024\/02\/werent-300x60.png\" class=\"attachment-medium size-medium wp-image-4208\" alt=\"nous louons\" srcset=\"https:\/\/www.falkenair.com\/wp-content\/uploads\/2024\/02\/werent-300x60.png 300w, https:\/\/www.falkenair.com\/wp-content\/uploads\/2024\/02\/werent-18x4.png 18w, https:\/\/www.falkenair.com\/wp-content\/uploads\/2024\/02\/werent.png 580w\" sizes=\"(max-width: 300px) 100vw, 300px\" \/>\t\t\t\t\t\t\t\t\t\t\t\t\t\t\t<\/div>\n\t\t\t\t<div class=\"elementor-element elementor-element-2a78f47 elementor-widget elementor-widget-heading\" data-id=\"2a78f47\" data-element_type=\"widget\" data-widget_type=\"heading.default\">\n\t\t\t\t\t<h3 class=\"elementor-heading-title elementor-size-default\">Appartements &amp; Chalets<\/h3>\t\t\t\t<\/div>\n\t\t\t\t<div class=\"elementor-element elementor-element-34ede70 elementor-widget elementor-widget-text-editor\" data-id=\"34ede70\" data-element_type=\"widget\" data-widget_type=\"text-editor.default\">\n\t\t\t\t\t\t\t\t\t<p>Chez We Rent, vous trouverez le plus grand choix d&#039;appartements et de maisons de vacances \u00e0 Zell am See-Kaprun. Passez vos journ\u00e9es de r\u00eave dans le Land de Salzbourg.<\/p><p>Mail:\u00a0<a href=\"mailto:we@we-rent-apartments.com\">we@we-rent-apartments.com<\/a><br \/>T\u00e9l : +43 664 635 8787<\/p>\t\t\t\t\t\t\t\t<\/div>\n\t\t\t\t<\/div>\n\t\t<div class=\"elementor-element elementor-element-2e0f3e5 e-con-full e-flex e-con e-child\" data-id=\"2e0f3e5\" data-element_type=\"container\" data-settings=\"{&quot;background_background&quot;:&quot;classic&quot;}\">\n\t\t\t\t<div class=\"elementor-element elementor-element-654e630 elementor-widget elementor-widget-image\" data-id=\"654e630\" data-element_type=\"widget\" data-widget_type=\"image.default\">\n\t\t\t\t\t\t\t\t\t\t\t\t\t\t\t<img loading=\"lazy\" decoding=\"async\" width=\"291\" height=\"96\" src=\"https:\/\/www.falkenair.com\/wp-content\/uploads\/2024\/02\/alpenrose_logo_rot.png\" class=\"attachment-medium size-medium wp-image-4162\" alt=\"rose alpine\" srcset=\"https:\/\/www.falkenair.com\/wp-content\/uploads\/2024\/02\/alpenrose_logo_rot.png 291w, https:\/\/www.falkenair.com\/wp-content\/uploads\/2024\/02\/alpenrose_logo_rot-18x6.png 18w\" sizes=\"(max-width: 291px) 100vw, 291px\" \/>\t\t\t\t\t\t\t\t\t\t\t\t\t\t\t<\/div>\n\t\t\t\t<div class=\"elementor-element elementor-element-2f5058b elementor-widget elementor-widget-text-editor\" data-id=\"2f5058b\" data-element_type=\"widget\" data-widget_type=\"text-editor.default\">\n\t\t\t\t\t\t\t\t\t<p>Pension Alpenrose Zell am See<\/p><p>Annie Gruber<br \/><a href=\"mailto:info@pension-alpenrose.at\">info@pension-alpenrose.at<\/a><br \/>+43 6542 72540<\/p>\t\t\t\t\t\t\t\t<\/div>\n\t\t\t\t<\/div>\n\t\t<div class=\"elementor-element elementor-element-d0a8b18 e-con-full e-flex e-con e-child\" data-id=\"d0a8b18\" data-element_type=\"container\" data-settings=\"{&quot;background_background&quot;:&quot;classic&quot;}\">\n\t\t\t\t<div class=\"elementor-element elementor-element-c743211 elementor-widget elementor-widget-image\" data-id=\"c743211\" data-element_type=\"widget\" data-widget_type=\"image.default\">\n\t\t\t\t\t\t\t\t\t\t\t\t\t\t\t<img loading=\"lazy\" decoding=\"async\" width=\"300\" height=\"300\" src=\"https:\/\/www.falkenair.com\/wp-content\/uploads\/2024\/02\/logo-finishjpg-300x300.png\" class=\"attachment-medium size-medium wp-image-4259\" alt=\"Village de vacances Oberreit\" srcset=\"https:\/\/www.falkenair.com\/wp-content\/uploads\/2024\/02\/logo-finishjpg-300x300.png 300w, https:\/\/www.falkenair.com\/wp-content\/uploads\/2024\/02\/logo-finishjpg-1024x1024.png 1024w, https:\/\/www.falkenair.com\/wp-content\/uploads\/2024\/02\/logo-finishjpg-150x150.png 150w, https:\/\/www.falkenair.com\/wp-content\/uploads\/2024\/02\/logo-finishjpg-768x768.png 768w, https:\/\/www.falkenair.com\/wp-content\/uploads\/2024\/02\/logo-finishjpg-1536x1536.png 1536w, https:\/\/www.falkenair.com\/wp-content\/uploads\/2024\/02\/logo-finishjpg.png 2048w, https:\/\/www.falkenair.com\/wp-content\/uploads\/2024\/02\/logo-finishjpg-12x12.png 12w\" sizes=\"(max-width: 300px) 100vw, 300px\" \/>\t\t\t\t\t\t\t\t\t\t\t\t\t\t\t<\/div>\n\t\t\t\t<div class=\"elementor-element elementor-element-e61d382 elementor-widget elementor-widget-text-editor\" data-id=\"e61d382\" data-element_type=\"widget\" data-widget_type=\"text-editor.default\">\n\t\t\t\t\t\t\t\t\t<p>Profitez de vos vacances dans le village de vacances Oberreit, situ\u00e9 directement aux limites de la ville de Zell am See.<br \/>Le lac de Zell est accessible en quelques minutes \u00e0 pied via notre aire de jeux priv\u00e9e pour enfants. Nous sommes situ\u00e9s au milieu des domaines skiables Saalbach-Hinterglemm-Leogang-Fieberbrunn, Zell am See - Schmittenh\u00f6he et Kaprun - Kitzsteinhorn.<\/p><p><a href=\"mailto:office@ferienhaus-zellamsee.com\">office@ferienhaus-zellamsee.com<\/a><br \/>+43 676 641 05 20<\/p>\t\t\t\t\t\t\t\t<\/div>\n\t\t\t\t<\/div>\n\t\t<div class=\"elementor-element elementor-element-0654ef6 e-con-full e-flex e-con e-child\" data-id=\"0654ef6\" data-element_type=\"container\" data-settings=\"{&quot;background_background&quot;:&quot;classic&quot;}\">\n\t\t\t\t<div class=\"elementor-element elementor-element-6145626 elementor-widget elementor-widget-image\" data-id=\"6145626\" data-element_type=\"widget\" data-widget_type=\"image.default\">\n\t\t\t\t\t\t\t\t\t\t\t\t\t\t\t<img loading=\"lazy\" decoding=\"async\" width=\"200\" height=\"150\" src=\"https:\/\/www.falkenair.com\/wp-content\/uploads\/2024\/02\/logo-header_village-appartements.png\" class=\"attachment-medium size-medium wp-image-4602\" alt=\"Dahoam par Sarina Appartements\" srcset=\"https:\/\/www.falkenair.com\/wp-content\/uploads\/2024\/02\/logo-header_village-appartements.png 200w, https:\/\/www.falkenair.com\/wp-content\/uploads\/2024\/02\/logo-header_village-appartements-16x12.png 16w\" sizes=\"(max-width: 200px) 100vw, 200px\" \/>\t\t\t\t\t\t\t\t\t\t\t\t\t\t\t<\/div>\n\t\t\t\t<div class=\"elementor-element elementor-element-07c819e elementor-widget elementor-widget-text-editor\" data-id=\"07c819e\" data-element_type=\"widget\" data-widget_type=\"text-editor.default\">\n\t\t\t\t\t\t\t\t\t<p>Nos appartements, que nous avons r\u00e9nov\u00e9s avec amour, sont situ\u00e9s au centre de la Kitzsteinhornstrasse, \u00e0 seulement quelques centaines de m\u00e8tres du b\u00e2timent principal. Au rez-de-chauss\u00e9e du b\u00e2timent vous trouverez notre Village Kitchen \u2013 Restaurant &amp; Lounge ainsi qu\u2019un jardin.<\/p><p><a href=\"mailto:hotel@holiday-zellamsee.com\">h\u00f4tel@holiday-zellamsee.com<\/a><br \/>+43 660 213 52 38<\/p>\t\t\t\t\t\t\t\t<\/div>\n\t\t\t\t<\/div>\n\t\t<div class=\"elementor-element elementor-element-2b6efca e-con-full e-flex e-con e-child\" data-id=\"2b6efca\" data-element_type=\"container\" data-settings=\"{&quot;background_background&quot;:&quot;classic&quot;}\">\n\t\t\t\t<div class=\"elementor-element elementor-element-5f446c2 elementor-widget elementor-widget-image\" data-id=\"5f446c2\" data-element_type=\"widget\" data-widget_type=\"image.default\">\n\t\t\t\t\t\t\t\t\t\t\t\t\t\t\t<img loading=\"lazy\" decoding=\"async\" width=\"300\" height=\"70\" src=\"https:\/\/www.falkenair.com\/wp-content\/uploads\/2024\/05\/bildschirmfoto-2024-05-11-um-102411-300x70.png\" class=\"attachment-medium size-medium wp-image-5126\" alt=\"Absolument immobilier\" srcset=\"https:\/\/www.falkenair.com\/wp-content\/uploads\/2024\/05\/bildschirmfoto-2024-05-11-um-102411-300x70.png 300w, https:\/\/www.falkenair.com\/wp-content\/uploads\/2024\/05\/bildschirmfoto-2024-05-11-um-102411-18x4.png 18w, https:\/\/www.falkenair.com\/wp-content\/uploads\/2024\/05\/bildschirmfoto-2024-05-11-um-102411.png 620w\" sizes=\"(max-width: 300px) 100vw, 300px\" \/>\t\t\t\t\t\t\t\t\t\t\t\t\t\t\t<\/div>\n\t\t\t\t<div class=\"elementor-element elementor-element-17f98a3 elementor-widget elementor-widget-text-editor\" data-id=\"17f98a3\" data-element_type=\"widget\" data-widget_type=\"text-editor.default\">\n\t\t\t\t\t\t\t\t\t<p>L&#039;\u00e9quipe de la \u00ab R\u00e9sidence Sch\u00f6nblick \u00bb vous accueille chaleureusement. Vous recherchez des vacances et de la d\u00e9tente dans l&#039;une des plus belles r\u00e9gions d&#039;Autriche, dans le Land de Salzbourg ? Alors vous \u00eates au bon endroit !<br \/><br \/>Nous organisons et louons des appartements de vacances de haut niveau et confortables dans le lieu exclusif de Zell am See.<\/p><p><a href=\"mailto:info@absolut-apartments.com\" target=\"_blank\" rel=\"noopener\">info@absolut-apartments.com<\/a><br \/>+43 664 124 61 11<\/p>\t\t\t\t\t\t\t\t<\/div>\n\t\t\t\t<\/div>\n\t\t<div class=\"elementor-element elementor-element-437916a e-con-full e-flex e-con e-child\" data-id=\"437916a\" data-element_type=\"container\" data-settings=\"{&quot;background_background&quot;:&quot;classic&quot;}\">\n\t\t\t\t<div class=\"elementor-element elementor-element-a9efe0a elementor-widget elementor-widget-image\" data-id=\"a9efe0a\" data-element_type=\"widget\" data-widget_type=\"image.default\">\n\t\t\t\t\t\t\t\t\t\t\t\t\t\t\t<img loading=\"lazy\" decoding=\"async\" width=\"300\" height=\"60\" src=\"https:\/\/www.falkenair.com\/wp-content\/uploads\/2024\/05\/image007-300x60.png\" class=\"attachment-medium size-medium wp-image-5167\" alt=\"Centre d&#039;aventure Kaprun\" srcset=\"https:\/\/www.falkenair.com\/wp-content\/uploads\/2024\/05\/image007-300x60.png 300w, https:\/\/www.falkenair.com\/wp-content\/uploads\/2024\/05\/image007-18x4.png 18w, https:\/\/www.falkenair.com\/wp-content\/uploads\/2024\/05\/image007.png 320w\" sizes=\"(max-width: 300px) 100vw, 300px\" \/>\t\t\t\t\t\t\t\t\t\t\t\t\t\t\t<\/div>\n\t\t\t\t<div class=\"elementor-element elementor-element-aaa4b5a elementor-widget elementor-widget-text-editor\" data-id=\"aaa4b5a\" data-element_type=\"widget\" data-widget_type=\"text-editor.default\">\n\t\t\t\t\t\t\t\t\t<div>Votre centre d&#039;aventure \u00e0 Kaprun, avec notre \u00e9quipe, vous d\u00e9couvrirez les plus belles gorges, parois rocheuses, sentiers de descente et itin\u00e9raires de v\u00e9lo \u00e9lectrique de la vall\u00e9e de Kaprun. Canyoning, escalade sportive, rappel, descente VTT, randonn\u00e9es \/ location de v\u00e9los \u00e9lectriques.<\/div><div>\u00a0<\/div><div><a href=\"mailto:info@adventurecenter-kaprun.at\">info@adventurecenter-kaprun.at<\/a><\/div><div>+43 660 3522242<\/div>\t\t\t\t\t\t\t\t<\/div>\n\t\t\t\t<\/div>\n\t\t<div class=\"elementor-element elementor-element-41aed4e e-con-full e-flex e-con e-child\" data-id=\"41aed4e\" data-element_type=\"container\" data-settings=\"{&quot;background_background&quot;:&quot;classic&quot;}\">\n\t\t\t\t<div class=\"elementor-element elementor-element-dbeee71 elementor-widget elementor-widget-image\" data-id=\"dbeee71\" data-element_type=\"widget\" data-widget_type=\"image.default\">\n\t\t\t\t\t\t\t\t\t\t\t\t\t\t\t<img loading=\"lazy\" decoding=\"async\" width=\"300\" height=\"156\" src=\"https:\/\/www.falkenair.com\/wp-content\/uploads\/2024\/05\/logo_edelsteinpark_niedernsill_cmyk_neu-300x156.jpg\" class=\"attachment-medium size-medium wp-image-5183\" alt=\"Parc aux gemmes\" srcset=\"https:\/\/www.falkenair.com\/wp-content\/uploads\/2024\/05\/logo_edelsteinpark_niedernsill_cmyk_neu-300x156.jpg 300w, https:\/\/www.falkenair.com\/wp-content\/uploads\/2024\/05\/logo_edelsteinpark_niedernsill_cmyk_neu-1024x533.jpg 1024w, https:\/\/www.falkenair.com\/wp-content\/uploads\/2024\/05\/logo_edelsteinpark_niedernsill_cmyk_neu-768x400.jpg 768w, https:\/\/www.falkenair.com\/wp-content\/uploads\/2024\/05\/logo_edelsteinpark_niedernsill_cmyk_neu-1536x800.jpg 1536w, https:\/\/www.falkenair.com\/wp-content\/uploads\/2024\/05\/logo_edelsteinpark_niedernsill_cmyk_neu.jpg 2048w, https:\/\/www.falkenair.com\/wp-content\/uploads\/2024\/05\/logo_edelsteinpark_niedernsill_cmyk_neu-18x9.jpg 18w\" sizes=\"(max-width: 300px) 100vw, 300px\" \/>\t\t\t\t\t\t\t\t\t\t\t\t\t\t\t<\/div>\n\t\t\t\t<div class=\"elementor-element elementor-element-9260035 elementor-widget elementor-widget-text-editor\" data-id=\"9260035\" data-element_type=\"widget\" data-widget_type=\"text-editor.default\">\n\t\t\t\t\t\t\t\t\t<div>Chercher de l&#039;or et creuser des pierres pr\u00e9cieuses \u2013 L&#039;exp\u00e9rience sp\u00e9ciale pour petits et grands !<br \/>Dans le Niedernsill Gemstone Park, les enfants et les adultes peuvent trouver dans diff\u00e9rentes stations plus de 80 pierres pr\u00e9cieuses et semi-pr\u00e9cieuses diff\u00e9rentes du monde entier.<\/div><div>\u00a0<\/div><div><a href=\"mailto:info@edelsteinpark.at\">info@edelsteinpark.at<\/a><\/div><div>+43 699 15090271<\/div>\t\t\t\t\t\t\t\t<\/div>\n\t\t\t\t<\/div>\n\t\t<div class=\"elementor-element elementor-element-bb9b9c8 e-con-full e-flex e-con e-child\" data-id=\"bb9b9c8\" data-element_type=\"container\" data-settings=\"{&quot;background_background&quot;:&quot;classic&quot;}\">\n\t\t\t\t<div class=\"elementor-element elementor-element-91705de elementor-widget elementor-widget-image\" data-id=\"91705de\" data-element_type=\"widget\" data-widget_type=\"image.default\">\n\t\t\t\t\t\t\t\t\t\t\t\t\t\t\t<img loading=\"lazy\" decoding=\"async\" width=\"225\" height=\"225\" src=\"https:\/\/www.falkenair.com\/wp-content\/uploads\/2024\/05\/ferleiten.png\" class=\"attachment-medium size-medium wp-image-5187\" alt=\"Parc animalier de Ferleiten\" srcset=\"https:\/\/www.falkenair.com\/wp-content\/uploads\/2024\/05\/ferleiten.png 225w, https:\/\/www.falkenair.com\/wp-content\/uploads\/2024\/05\/ferleiten-150x150.png 150w, https:\/\/www.falkenair.com\/wp-content\/uploads\/2024\/05\/ferleiten-12x12.png 12w\" sizes=\"(max-width: 225px) 100vw, 225px\" \/>\t\t\t\t\t\t\t\t\t\t\t\t\t\t\t<\/div>\n\t\t\t\t<div class=\"elementor-element elementor-element-3680c71 elementor-widget elementor-widget-text-editor\" data-id=\"3680c71\" data-element_type=\"widget\" data-widget_type=\"text-editor.default\">\n\t\t\t\t\t\t\t\t\t<div>Rencontrez plus de 200 animaux sauvages des Alpes et du monde entier - dans une haute vall\u00e9e sauvage et romantique avec vue sur la plus belle vall\u00e9e d&#039;Autriche. Profitez de la vue depuis le restaurant et savourez des plats savoureux \u00e0 base d&#039;ingr\u00e9dients r\u00e9gionaux de notre cuisine.<\/div><div>\u00a0<\/div><div><a href=\"mailto:info@wildpark-ferleiten.at\">info@wildpark-ferleiten.at<\/a><\/div><div>+43 6546 220<\/div>\t\t\t\t\t\t\t\t<\/div>\n\t\t\t\t<\/div>\n\t\t<div class=\"elementor-element elementor-element-c56588c e-con-full e-flex e-con e-child\" data-id=\"c56588c\" data-element_type=\"container\" data-settings=\"{&quot;background_background&quot;:&quot;classic&quot;}\">\n\t\t\t\t<div class=\"elementor-element elementor-element-beb7639 elementor-widget elementor-widget-image\" data-id=\"beb7639\" data-element_type=\"widget\" data-widget_type=\"image.default\">\n\t\t\t\t\t\t\t\t\t\t\t\t\t\t\t<img loading=\"lazy\" decoding=\"async\" width=\"280\" height=\"179\" src=\"https:\/\/www.falkenair.com\/wp-content\/uploads\/2024\/05\/download.png\" class=\"attachment-medium size-medium wp-image-5194\" alt=\"Temps libre\" srcset=\"https:\/\/www.falkenair.com\/wp-content\/uploads\/2024\/05\/download.png 280w, https:\/\/www.falkenair.com\/wp-content\/uploads\/2024\/05\/download-18x12.png 18w\" sizes=\"(max-width: 280px) 100vw, 280px\" \/>\t\t\t\t\t\t\t\t\t\t\t\t\t\t\t<\/div>\n\t\t\t\t<div class=\"elementor-element elementor-element-39c63fc elementor-widget elementor-widget-text-editor\" data-id=\"39c63fc\" data-element_type=\"widget\" data-widget_type=\"text-editor.default\">\n\t\t\t\t\t\t\t\t\t<div>Du sauna \u00e0 la piscine couverte en passant par les patins \u00e0 glace : tout se trouve sous un m\u00eame toit au centre de loisirs de Zell am See. Et si vous voulez effrayer quelques quilles de temps en temps, vous pouvez le faire tout de suite. Et profitez des plages en \u00e9t\u00e9 !<\/div><div>\u00a0<\/div><div><a href=\"mailto:info@100freizeit.com\">info@100freizeit.com<\/a><\/div><div>+43 6542 7850<\/div>\t\t\t\t\t\t\t\t<\/div>\n\t\t\t\t<\/div>\n\t\t<div class=\"elementor-element elementor-element-3682f94 e-con-full e-flex e-con e-child\" data-id=\"3682f94\" data-element_type=\"container\">\n\t\t\t\t<\/div>\n\t\t<div class=\"elementor-element elementor-element-4a0b537 e-con-full e-flex e-con e-child\" data-id=\"4a0b537\" data-element_type=\"container\">\n\t\t\t\t<\/div>\n\t\t<div class=\"elementor-element elementor-element-b4b77b9 e-con-full e-flex e-con e-child\" data-id=\"b4b77b9\" data-element_type=\"container\">\n\t\t\t\t<\/div>\n\t\t<div class=\"elementor-element elementor-element-33dc6d9 e-con-full e-flex e-con e-child\" data-id=\"33dc6d9\" data-element_type=\"container\">\n\t\t\t\t<\/div>\n\t\t\t\t\t<\/div>\n\t\t\t\t<\/div>\n\t\t\t\t<\/div>","protected":false},"excerpt":{"rendered":"<p>Le meilleur du meilleur. Notre r\u00e9gion offre un vaste choix d&#039;activit\u00e9s et d&#039;exp\u00e9riences. Pour vous garantir un s\u00e9jour de qualit\u00e9, nous avons s\u00e9lectionn\u00e9 les meilleures adresses d&#039;h\u00e9bergement, de restauration et d&#039;activit\u00e9s de plein air. Envie d&#039;un partenariat offrant de nombreux avantages \u00e0 votre entreprise, \u00e0 vos collaborateurs et un service VIP \u00e0 vos invit\u00e9s\u00a0? [...]<\/p>","protected":false},"author":1,"featured_media":0,"parent":0,"menu_order":3,"comment_status":"closed","ping_status":"closed","template":"","meta":{"footnotes":""},"class_list":["post-3722","page","type-page","status-publish","hentry"],"yoast_head":"<!-- This site is optimized with the Yoast SEO plugin v26.1.1 - https:\/\/yoast.com\/wordpress\/plugins\/seo\/ -->\n<title>Partner - Falken Air Tandem Paragliding<\/title>\n<meta name=\"robots\" content=\"index, follow, max-snippet:-1, max-image-preview:large, max-video-preview:-1\" \/>\n<link rel=\"canonical\" href=\"https:\/\/www.falkenair.com\/fr\/partner\/\" \/>\n<meta property=\"og:locale\" content=\"fr_FR\" \/>\n<meta property=\"og:type\" content=\"article\" \/>\n<meta property=\"og:title\" content=\"Partner - Falken Air Tandem Paragliding\" \/>\n<meta property=\"og:description\" content=\"Die Besten der Besten Unsere Region bietet eine riesen Auswahl an Aktivit\u00e4ten und Erlebnissen. Damit du auch in den besten H\u00e4nden landest, haben wir dir hier die besten Adressen im Bereich Unterk\u00fcnfte, Gastronomie und Outdoor zusammengestellt. Lust auf eine Partnerschaft mit vielen Vorteilen f\u00fcr deine Firma, deine Mitarbeiter und einen VIP Service f\u00fcr deine G\u00e4ste? [&hellip;]\" \/>\n<meta property=\"og:url\" content=\"https:\/\/www.falkenair.com\/fr\/partner\/\" \/>\n<meta property=\"og:site_name\" content=\"Falken Air Tandem Paragliding\" \/>\n<meta property=\"article:publisher\" content=\"https:\/\/www.facebook.com\/Falkenair\/\" \/>\n<meta property=\"article:modified_time\" content=\"2026-02-01T05:57:31+00:00\" \/>\n<meta property=\"og:image\" content=\"https:\/\/www.falkenair.com\/wp-content\/uploads\/2025\/06\/falkenair-claim-falke-black-72dpi.jpg\" \/>\n\t<meta property=\"og:image:width\" content=\"348\" \/>\n\t<meta property=\"og:image:height\" content=\"142\" \/>\n\t<meta property=\"og:image:type\" content=\"image\/jpeg\" \/>\n<meta name=\"twitter:card\" content=\"summary_large_image\" \/>\n<meta name=\"twitter:label1\" content=\"Dur\u00e9e de lecture estim\u00e9e\" \/>\n\t<meta name=\"twitter:data1\" content=\"1 minute\" \/>\n<script type=\"application\/ld+json\" class=\"yoast-schema-graph\">{\"@context\":\"https:\/\/schema.org\",\"@graph\":[{\"@type\":\"WebPage\",\"@id\":\"https:\/\/www.falkenair.com\/partner\/\",\"url\":\"https:\/\/www.falkenair.com\/partner\/\",\"name\":\"Partner - Falken Air Tandem Paragliding\",\"isPartOf\":{\"@id\":\"https:\/\/www.falkenair.com\/#website\"},\"primaryImageOfPage\":{\"@id\":\"https:\/\/www.falkenair.com\/partner\/#primaryimage\"},\"image\":{\"@id\":\"https:\/\/www.falkenair.com\/partner\/#primaryimage\"},\"thumbnailUrl\":\"https:\/\/www.falkenair.com\/wp-content\/uploads\/2025\/06\/falkenair-claim-falke-black-72dpi-300x122.jpg\",\"datePublished\":\"2024-01-30T16:10:35+00:00\",\"dateModified\":\"2026-02-01T05:57:31+00:00\",\"breadcrumb\":{\"@id\":\"https:\/\/www.falkenair.com\/partner\/#breadcrumb\"},\"inLanguage\":\"fr-FR\",\"potentialAction\":[{\"@type\":\"ReadAction\",\"target\":[\"https:\/\/www.falkenair.com\/partner\/\"]}]},{\"@type\":\"ImageObject\",\"inLanguage\":\"fr-FR\",\"@id\":\"https:\/\/www.falkenair.com\/partner\/#primaryimage\",\"url\":\"https:\/\/www.falkenair.com\/wp-content\/uploads\/2025\/06\/falkenair-claim-falke-black-72dpi-300x122.jpg\",\"contentUrl\":\"https:\/\/www.falkenair.com\/wp-content\/uploads\/2025\/06\/falkenair-claim-falke-black-72dpi-300x122.jpg\"},{\"@type\":\"BreadcrumbList\",\"@id\":\"https:\/\/www.falkenair.com\/partner\/#breadcrumb\",\"itemListElement\":[{\"@type\":\"ListItem\",\"position\":1,\"name\":\"Falken Air\",\"item\":\"https:\/\/www.falkenair.com\/\"},{\"@type\":\"ListItem\",\"position\":2,\"name\":\"Partner\"}]},{\"@type\":\"WebSite\",\"@id\":\"https:\/\/www.falkenair.com\/#website\",\"url\":\"https:\/\/www.falkenair.com\/\",\"name\":\"Falken Air\",\"description\":\"\",\"publisher\":{\"@id\":\"https:\/\/www.falkenair.com\/#organization\"},\"potentialAction\":[{\"@type\":\"SearchAction\",\"target\":{\"@type\":\"EntryPoint\",\"urlTemplate\":\"https:\/\/www.falkenair.com\/?s={search_term_string}\"},\"query-input\":{\"@type\":\"PropertyValueSpecification\",\"valueRequired\":true,\"valueName\":\"search_term_string\"}}],\"inLanguage\":\"fr-FR\"},{\"@type\":\"Organization\",\"@id\":\"https:\/\/www.falkenair.com\/#organization\",\"name\":\"Falken Air\",\"alternateName\":\"Falken Air Tandem Paragliding\",\"url\":\"https:\/\/www.falkenair.com\/\",\"logo\":{\"@type\":\"ImageObject\",\"inLanguage\":\"fr-FR\",\"@id\":\"https:\/\/www.falkenair.com\/#\/schema\/logo\/image\/\",\"url\":\"https:\/\/www.falkenair.com\/wp-content\/uploads\/2024\/09\/schriftzug-falkenair.svg\",\"contentUrl\":\"https:\/\/www.falkenair.com\/wp-content\/uploads\/2024\/09\/schriftzug-falkenair.svg\",\"width\":585.541,\"height\":91.215,\"caption\":\"Falken Air\"},\"image\":{\"@id\":\"https:\/\/www.falkenair.com\/#\/schema\/logo\/image\/\"},\"sameAs\":[\"https:\/\/www.facebook.com\/Falkenair\/\",\"https:\/\/www.youtube.com\/@falkenair675\",\"https:\/\/www.instagram.com\/falken_air\/\",\"https:\/\/www.tiktok.com\/@falkenair\"]}]}<\/script>\n<!-- \/ Yoast SEO plugin. -->","yoast_head_json":{"title":"Partenaire - Falken Air Tandem Paragliding","robots":{"index":"index","follow":"follow","max-snippet":"max-snippet:-1","max-image-preview":"max-image-preview:large","max-video-preview":"max-video-preview:-1"},"canonical":"https:\/\/www.falkenair.com\/fr\/partner\/","og_locale":"fr_FR","og_type":"article","og_title":"Partner - Falken Air Tandem Paragliding","og_description":"Die Besten der Besten Unsere Region bietet eine riesen Auswahl an Aktivit\u00e4ten und Erlebnissen. Damit du auch in den besten H\u00e4nden landest, haben wir dir hier die besten Adressen im Bereich Unterk\u00fcnfte, Gastronomie und Outdoor zusammengestellt. Lust auf eine Partnerschaft mit vielen Vorteilen f\u00fcr deine Firma, deine Mitarbeiter und einen VIP Service f\u00fcr deine G\u00e4ste? [&hellip;]","og_url":"https:\/\/www.falkenair.com\/fr\/partner\/","og_site_name":"Falken Air Tandem Paragliding","article_publisher":"https:\/\/www.facebook.com\/Falkenair\/","article_modified_time":"2026-02-01T05:57:31+00:00","og_image":[{"width":348,"height":142,"url":"https:\/\/www.falkenair.com\/wp-content\/uploads\/2025\/06\/falkenair-claim-falke-black-72dpi.jpg","type":"image\/jpeg"}],"twitter_card":"summary_large_image","twitter_misc":{"Dur\u00e9e de lecture estim\u00e9e":"1 minute"},"schema":{"@context":"https:\/\/schema.org","@graph":[{"@type":"WebPage","@id":"https:\/\/www.falkenair.com\/partner\/","url":"https:\/\/www.falkenair.com\/partner\/","name":"Partenaire - Falken Air Tandem Paragliding","isPartOf":{"@id":"https:\/\/www.falkenair.com\/#website"},"primaryImageOfPage":{"@id":"https:\/\/www.falkenair.com\/partner\/#primaryimage"},"image":{"@id":"https:\/\/www.falkenair.com\/partner\/#primaryimage"},"thumbnailUrl":"https:\/\/www.falkenair.com\/wp-content\/uploads\/2025\/06\/falkenair-claim-falke-black-72dpi-300x122.jpg","datePublished":"2024-01-30T16:10:35+00:00","dateModified":"2026-02-01T05:57:31+00:00","breadcrumb":{"@id":"https:\/\/www.falkenair.com\/partner\/#breadcrumb"},"inLanguage":"fr-FR","potentialAction":[{"@type":"ReadAction","target":["https:\/\/www.falkenair.com\/partner\/"]}]},{"@type":"ImageObject","inLanguage":"fr-FR","@id":"https:\/\/www.falkenair.com\/partner\/#primaryimage","url":"https:\/\/www.falkenair.com\/wp-content\/uploads\/2025\/06\/falkenair-claim-falke-black-72dpi-300x122.jpg","contentUrl":"https:\/\/www.falkenair.com\/wp-content\/uploads\/2025\/06\/falkenair-claim-falke-black-72dpi-300x122.jpg"},{"@type":"BreadcrumbList","@id":"https:\/\/www.falkenair.com\/partner\/#breadcrumb","itemListElement":[{"@type":"ListItem","position":1,"name":"Falken Air","item":"https:\/\/www.falkenair.com\/"},{"@type":"ListItem","position":2,"name":"Partner"}]},{"@type":"WebSite","@id":"https:\/\/www.falkenair.com\/#website","url":"https:\/\/www.falkenair.com\/","name":"FalkenAir","description":"","publisher":{"@id":"https:\/\/www.falkenair.com\/#organization"},"potentialAction":[{"@type":"SearchAction","target":{"@type":"EntryPoint","urlTemplate":"https:\/\/www.falkenair.com\/?s={search_term_string}"},"query-input":{"@type":"PropertyValueSpecification","valueRequired":true,"valueName":"search_term_string"}}],"inLanguage":"fr-FR"},{"@type":"Organization","@id":"https:\/\/www.falkenair.com\/#organization","name":"FalkenAir","alternateName":"Falken Air Tandem Paragliding","url":"https:\/\/www.falkenair.com\/","logo":{"@type":"ImageObject","inLanguage":"fr-FR","@id":"https:\/\/www.falkenair.com\/#\/schema\/logo\/image\/","url":"https:\/\/www.falkenair.com\/wp-content\/uploads\/2024\/09\/schriftzug-falkenair.svg","contentUrl":"https:\/\/www.falkenair.com\/wp-content\/uploads\/2024\/09\/schriftzug-falkenair.svg","width":585.541,"height":91.215,"caption":"Falken Air"},"image":{"@id":"https:\/\/www.falkenair.com\/#\/schema\/logo\/image\/"},"sameAs":["https:\/\/www.facebook.com\/Falkenair\/","https:\/\/www.youtube.com\/@falkenair675","https:\/\/www.instagram.com\/falken_air\/","https:\/\/www.tiktok.com\/@falkenair"]}]}},"_links":{"self":[{"href":"https:\/\/www.falkenair.com\/fr\/wp-json\/wp\/v2\/pages\/3722","targetHints":{"allow":["GET"]}}],"collection":[{"href":"https:\/\/www.falkenair.com\/fr\/wp-json\/wp\/v2\/pages"}],"about":[{"href":"https:\/\/www.falkenair.com\/fr\/wp-json\/wp\/v2\/types\/page"}],"author":[{"embeddable":true,"href":"https:\/\/www.falkenair.com\/fr\/wp-json\/wp\/v2\/users\/1"}],"replies":[{"embeddable":true,"href":"https:\/\/www.falkenair.com\/fr\/wp-json\/wp\/v2\/comments?post=3722"}],"version-history":[{"count":5,"href":"https:\/\/www.falkenair.com\/fr\/wp-json\/wp\/v2\/pages\/3722\/revisions"}],"predecessor-version":[{"id":9233,"href":"https:\/\/www.falkenair.com\/fr\/wp-json\/wp\/v2\/pages\/3722\/revisions\/9233"}],"wp:attachment":[{"href":"https:\/\/www.falkenair.com\/fr\/wp-json\/wp\/v2\/media?parent=3722"}],"curies":[{"name":"wp","href":"https:\/\/api.w.org\/{rel}","templated":true}]}}